{"id":2612,"date":"2024-07-22T07:30:00","date_gmt":"2024-07-22T05:30:00","guid":{"rendered":"https:\/\/www.ict-toulouse.fr\/?post_type=etudier_a_letranger&#038;p=2612"},"modified":"2025-03-05T09:05:28","modified_gmt":"2025-03-05T08:05:28","slug":"ambition-et-strategie-internationale","status":"publish","type":"etudier_a_letranger","link":"https:\/\/www.ict-toulouse.fr\/en\/etudier-a-linternational\/ambition-et-strategie-internationale\/","title":{"rendered":"Ambition et strat\u00e9gie internationale"},"content":{"rendered":"\t\t<div data-elementor-type=\"wp-post\" data-elementor-id=\"2612\" class=\"elementor elementor-2612\">\n\t\t\t\t<div class=\"elementor-element elementor-element-9028bd2 e-flex e-con-boxed e-con e-parent\" data-id=\"9028bd2\" data-element_type=\"container\" data-e-type=\"container\">\n\t\t\t\t\t<div class=\"e-con-inner\">\n\t\t\t\t<div class=\"elementor-element elementor-element-295a5ce section-inner-spacer elementor-widget elementor-widget-spacer\" data-id=\"295a5ce\" data-element_type=\"widget\" data-e-type=\"widget\" data-widget_type=\"spacer.default\">\n\t\t\t\t<div class=\"elementor-widget-container\">\n\t\t\t\t\t\t\t<div class=\"elementor-spacer\">\n\t\t\t<div class=\"elementor-spacer-inner\"><\/div>\n\t\t<\/div>\n\t\t\t\t\t\t<\/div>\n\t\t\t\t<\/div>\n\t\t<div class=\"elementor-element elementor-element-2e8f0d2 e-con-full e-flex e-con e-child\" data-id=\"2e8f0d2\" data-element_type=\"container\" data-e-type=\"container\">\n\t\t<div class=\"elementor-element elementor-element-9d15fb3 e-con-full e-flex e-con e-child\" data-id=\"9d15fb3\" data-element_type=\"container\" data-e-type=\"container\">\n\t\t<div class=\"elementor-element elementor-element-572275c e-con-full e-flex e-con e-child\" data-id=\"572275c\" data-element_type=\"container\" data-e-type=\"container\" data-settings=\"{&quot;background_background&quot;:&quot;classic&quot;}\">\n\t\t\t\t<div class=\"elementor-element elementor-element-a7656ad elementor-widget elementor-widget-heading\" data-id=\"a7656ad\" data-element_type=\"widget\" data-e-type=\"widget\" data-widget_type=\"heading.default\">\n\t\t\t\t<div class=\"elementor-widget-container\">\n\t\t\t\t\t<h2 class=\"elementor-heading-title elementor-size-default\">Une politique internationale active<\/h2>\t\t\t\t<\/div>\n\t\t\t\t<\/div>\n\t\t\t\t<div class=\"elementor-element elementor-element-6e46d73 elementor-widget-divider--view-line elementor-widget elementor-widget-divider\" data-id=\"6e46d73\" data-element_type=\"widget\" data-e-type=\"widget\" data-widget_type=\"divider.default\">\n\t\t\t\t<div class=\"elementor-widget-container\">\n\t\t\t\t\t\t\t<div class=\"elementor-divider\">\n\t\t\t<span class=\"elementor-divider-separator\">\n\t\t\t\t\t\t<\/span>\n\t\t<\/div>\n\t\t\t\t\t\t<\/div>\n\t\t\t\t<\/div>\n\t\t\t\t<div class=\"elementor-element elementor-element-e9af5f2 elementor-widget elementor-widget-text-editor\" data-id=\"e9af5f2\" data-element_type=\"widget\" data-e-type=\"widget\" data-widget_type=\"text-editor.default\">\n\t\t\t\t<div class=\"elementor-widget-container\">\n\t\t\t\t\t\t\t\t\t<p style=\"font-weight: 400;\">Depuis 2010, l\u2019ICT s\u2019est lanc\u00e9 activement dans une politique d\u2019internationalisation en d\u00e9veloppant des partenariats en Europe et dans le monde entier, gr\u00e2ce \u00e0 ses r\u00e9seaux (FUCE, FIUC), et en encourageant les mobilit\u00e9s \u00e9tudiante, enseignante, et du personnel chez les universit\u00e9s partenaires europ\u00e9ennes gr\u00e2ce au Programme Erasmus+.<\/p><p><span style=\"font-weight: 400;\">Les \u00e9tudiants, les enseignants et le personnel peuvent s&#8217;appuyer sur un r\u00e9seau r\u00e9unissant <a href=\"https:\/\/ict-toulouse.fr\/etudier-a-linternational\/nos-partenaires-internationaux\/\">116 partenaires chart\u00e9s Erasmus+ et 80 accords de coop\u00e9ration<\/a>. <\/span><span style=\"font-weight: 400;\">Chart\u00e9 <\/span><a href=\"https:\/\/info.erasmusplus.fr\/\"><span style=\"font-weight: 400;\">Erasmus+<\/span><\/a><span style=\"font-weight: 400;\"> depuis 2008, nous sommes conscients que la mobilit\u00e9 internationale est un atout pour l\u2019\u00e9tablissement et\u00a0 contribue \u00e0 l\u2019attractivit\u00e9 et \u00e0 la visibilit\u00e9 de l\u2019ICT.<\/span><\/p><p><span style=\"font-weight: 400;\">L\u2019ambition de l\u2019ICT est d\u2019impliquer les diff\u00e9rents acteurs\u00a0<\/span>de l\u2019\u00e9tablissement<span style=\"font-weight: 400;\">\u00a0dans l\u2019internationalisation, et de travailler en lien avec les acteurs r\u00e9gionaux (CROUS, Conseil R\u00e9gional Occitanie&#8230;) et nationaux (Minist\u00e8re de l\u2019Enseignement sup\u00e9rieur et de la Recherche, Minist\u00e8re de l\u2019Europe et des Affaires \u00e9trang\u00e8res, Campus France, AUF&#8230;).<\/span><\/p>\t\t\t\t\t\t\t\t<\/div>\n\t\t\t\t<\/div>\n\t\t\t\t<\/div>\n\t\t\t\t<\/div>\n\t\t<div class=\"elementor-element elementor-element-9814f2c e-con-full e-flex e-con e-child\" data-id=\"9814f2c\" data-element_type=\"container\" data-e-type=\"container\">\n\t\t<div class=\"elementor-element elementor-element-20a3e8a e-con-full asset-rb e-flex e-con e-child\" data-id=\"20a3e8a\" data-element_type=\"container\" data-e-type=\"container\">\n\t\t\t\t<div class=\"elementor-element elementor-element-f144329 elementor-widget elementor-widget-image\" data-id=\"f144329\" data-element_type=\"widget\" data-e-type=\"widget\" data-widget_type=\"image.default\">\n\t\t\t\t<div class=\"elementor-widget-container\">\n\t\t\t\t\t\t\t\t\t\t\t\t\t\t\t<img fetchpriority=\"high\" decoding=\"async\" width=\"1257\" height=\"1018\" src=\"https:\/\/www.ict-toulouse.fr\/wp-content\/uploads\/2024\/07\/ICT-2022-jardin-mdx-13-e1723804892725.png\" class=\"attachment-1536x1536 size-1536x1536 wp-image-12695\" alt=\"\" \/>\t\t\t\t\t\t\t\t\t\t\t\t\t\t\t<\/div>\n\t\t\t\t<\/div>\n\t\t\t\t<\/div>\n\t\t\t\t<\/div>\n\t\t\t\t<\/div>\n\t\t\t\t<div class=\"elementor-element elementor-element-c70a822 section-inner-spacer elementor-widget elementor-widget-spacer\" data-id=\"c70a822\" data-element_type=\"widget\" data-e-type=\"widget\" data-widget_type=\"spacer.default\">\n\t\t\t\t<div class=\"elementor-widget-container\">\n\t\t\t\t\t\t\t<div class=\"elementor-spacer\">\n\t\t\t<div class=\"elementor-spacer-inner\"><\/div>\n\t\t<\/div>\n\t\t\t\t\t\t<\/div>\n\t\t\t\t<\/div>\n\t\t\t\t\t<\/div>\n\t\t\t\t<\/div>\n\t\t<div class=\"elementor-element elementor-element-b3233de e-flex e-con-boxed e-con e-parent\" data-id=\"b3233de\" data-element_type=\"container\" data-e-type=\"container\">\n\t\t\t\t\t<div class=\"e-con-inner\">\n\t\t<div class=\"elementor-element elementor-element-b62b85c e-con-full e-flex e-con e-child\" data-id=\"b62b85c\" data-element_type=\"container\" data-e-type=\"container\">\n\t\t<div class=\"elementor-element elementor-element-ee8d3c2 e-con-full e-flex e-con e-child\" data-id=\"ee8d3c2\" data-element_type=\"container\" data-e-type=\"container\">\n\t\t\t\t<div class=\"elementor-element elementor-element-1f4e253 elementor-widget__width-inherit elementor-widget elementor-widget-image\" data-id=\"1f4e253\" data-element_type=\"widget\" data-e-type=\"widget\" data-widget_type=\"image.default\">\n\t\t\t\t<div class=\"elementor-widget-container\">\n\t\t\t\t\t\t\t\t\t\t\t\t\t\t\t<img decoding=\"async\" width=\"276\" height=\"1104\" src=\"https:\/\/www.ict-toulouse.fr\/wp-content\/uploads\/2024\/07\/LOU04348-Avec-accentuation-Bruit-e1724248412548.jpg\" class=\"attachment-full size-full wp-image-2622\" alt=\"\" \/>\t\t\t\t\t\t\t\t\t\t\t\t\t\t\t<\/div>\n\t\t\t\t<\/div>\n\t\t\t\t<\/div>\n\t\t<div class=\"elementor-element elementor-element-09863fa e-con-full e-flex e-con e-child\" data-id=\"09863fa\" data-element_type=\"container\" data-e-type=\"container\">\n\t\t<div class=\"elementor-element elementor-element-4b030e9 e-con-full e-flex e-con e-child\" data-id=\"4b030e9\" data-element_type=\"container\" data-e-type=\"container\" data-settings=\"{&quot;background_background&quot;:&quot;classic&quot;}\">\n\t\t\t\t<div class=\"elementor-element elementor-element-2beaea5 elementor-widget elementor-widget-heading\" data-id=\"2beaea5\" data-element_type=\"widget\" data-e-type=\"widget\" data-widget_type=\"heading.default\">\n\t\t\t\t<div class=\"elementor-widget-container\">\n\t\t\t\t\t<h3 class=\"elementor-heading-title elementor-size-default\">Notre plan d\u2019action \n<\/h3>\t\t\t\t<\/div>\n\t\t\t\t<\/div>\n\t\t\t\t<div class=\"elementor-element elementor-element-7a588f3 elementor-widget-divider--view-line elementor-widget elementor-widget-divider\" data-id=\"7a588f3\" data-element_type=\"widget\" data-e-type=\"widget\" data-widget_type=\"divider.default\">\n\t\t\t\t<div class=\"elementor-widget-container\">\n\t\t\t\t\t\t\t<div class=\"elementor-divider\">\n\t\t\t<span class=\"elementor-divider-separator\">\n\t\t\t\t\t\t<\/span>\n\t\t<\/div>\n\t\t\t\t\t\t<\/div>\n\t\t\t\t<\/div>\n\t\t\t\t<div class=\"elementor-element elementor-element-f2c50b3 elementor-widget elementor-widget-text-editor\" data-id=\"f2c50b3\" data-element_type=\"widget\" data-e-type=\"widget\" data-widget_type=\"text-editor.default\">\n\t\t\t\t<div class=\"elementor-widget-container\">\n\t\t\t\t\t\t\t\t\t<p><span style=\"font-weight: 400;\">Le plan d\u2019action du service Relations internationales 2021-2027, d\u00e9fini dans le cadre de la strat\u00e9gie internationale de l\u2019ICT, s\u2019articule autour de plusieurs<br \/><\/span><span style=\"font-weight: 400;\">axes :<\/span><\/p>\t\t\t\t\t\t\t\t<\/div>\n\t\t\t\t<\/div>\n\t\t\t\t<div class=\"elementor-element elementor-element-e048aab list-type-arrow elementor-widget elementor-widget-text-editor\" data-id=\"e048aab\" data-element_type=\"widget\" data-e-type=\"widget\" data-widget_type=\"text-editor.default\">\n\t\t\t\t<div class=\"elementor-widget-container\">\n\t\t\t\t\t\t\t\t\t<ul><li style=\"font-weight: 400;\" aria-level=\"1\"><span style=\"font-weight: 400;\">Cibler des\u00a0 partenariats internationaux, avec une attention particuli\u00e8re aux projets francophones (Liban, Belgique\u2026)<\/span><\/li><li style=\"font-weight: 400;\" aria-level=\"1\"><span style=\"font-weight: 400;\">Candidater \u00e0 des projets europ\u00e9ens gr\u00e2ce \u00e0 la nouvelle charte Erasmus 2021-27 obtenue fin d\u00e9cembre 2020, avec un score de 100\/100<\/span><\/li><li style=\"font-weight: 400;\" aria-level=\"1\"><span style=\"font-weight: 400;\">Entrer dans le processus de d\u00e9mat\u00e9rialisation du Programme Erasmus+\u00a0 (EWP &#8211; Erasmus without paper)<\/span><\/li><li style=\"font-weight: 400;\" aria-level=\"1\"><span style=\"font-weight: 400;\">Promouvoir le programme Erasmus+ gr\u00e2ce \u00e0 la mobilit\u00e9 \u00e9tudiante et \u00e0 la mobilit\u00e9 du personnel<\/span><\/li><li style=\"font-weight: 400;\" aria-level=\"1\"><span style=\"font-weight: 400;\">Multiplier les\u00a0 cours de sp\u00e9cialit\u00e9 en anglais pour nos \u00e9tudiants et pour les \u00e9tudiants entrants Erasmus+\u00a0<\/span><\/li><li style=\"font-weight: 400;\" aria-level=\"1\"><span style=\"font-weight: 400;\">Mettre en place une politique des langues \u00e9trang\u00e8res (certifications obligatoires, centre d\u2019examen Cambridge, cours vari\u00e9s de langues vivantes (incluant notamment le japonais, le chinois, l\u2019arabe, le russe), politique du Fran\u00e7ais Langue \u00c9trang\u00e8re largement encourag\u00e9e (l\u2019IULCF &#8211; Institut de Langue et Culture Fran\u00e7aises &#8211; est labellis\u00e9 France Education International et est un centre d\u2019examens TCF)<\/span><\/li><li style=\"font-weight: 400;\" aria-level=\"1\"><span style=\"font-weight: 400;\">Accueillir au mieux les \u00e9tudiants et enseignants internationaux, et r\u00e9pondre \u00e0 une d\u00e9marche Qualit\u00e9 (des questionnaires de satisfaction sont donn\u00e9s en fin de mobilit\u00e9)<\/span><\/li><li style=\"font-weight: 400;\" aria-level=\"1\"><span style=\"font-weight: 400;\">Promouvoir l\u2019interculturalit\u00e9 au sein de la vie \u00e9tudiante, du service Relations internationales et de l\u2019IULCF, gr\u00e2ce \u00e0 l\u2019organisation d\u2019\u00e9v\u00e9nements f\u00e9d\u00e9rateurs.\u00a0<\/span><\/li><\/ul>\t\t\t\t\t\t\t\t<\/div>\n\t\t\t\t<\/div>\n\t\t\t\t<\/div>\n\t\t\t\t<\/div>\n\t\t\t\t<\/div>\n\t\t\t\t\t<\/div>\n\t\t\t\t<\/div>\n\t\t<div class=\"elementor-element elementor-element-de25b0f elementor-hidden-mobile e-flex e-con-boxed e-con e-parent\" data-id=\"de25b0f\" data-element_type=\"container\" data-e-type=\"container\">\n\t\t\t\t\t<div class=\"e-con-inner\">\n\t\t\t\t<div class=\"elementor-element elementor-element-2cae540 section-inner-spacer elementor-widget elementor-widget-spacer\" data-id=\"2cae540\" data-element_type=\"widget\" data-e-type=\"widget\" data-widget_type=\"spacer.default\">\n\t\t\t\t<div class=\"elementor-widget-container\">\n\t\t\t\t\t\t\t<div class=\"elementor-spacer\">\n\t\t\t<div class=\"elementor-spacer-inner\"><\/div>\n\t\t<\/div>\n\t\t\t\t\t\t<\/div>\n\t\t\t\t<\/div>\n\t\t\t\t<div class=\"elementor-element elementor-element-c5c338f elementor-widget elementor-widget-heading\" data-id=\"c5c338f\" data-element_type=\"widget\" data-e-type=\"widget\" data-widget_type=\"heading.default\">\n\t\t\t\t<div class=\"elementor-widget-container\">\n\t\t\t\t\t<h2 class=\"elementor-heading-title elementor-size-default\">Nos r\u00e9seaux<\/h2>\t\t\t\t<\/div>\n\t\t\t\t<\/div>\n\t\t\t\t<div class=\"elementor-element elementor-element-6f90ea7 elementor-widget-divider--view-line elementor-widget elementor-widget-divider\" data-id=\"6f90ea7\" data-element_type=\"widget\" data-e-type=\"widget\" data-widget_type=\"divider.default\">\n\t\t\t\t<div class=\"elementor-widget-container\">\n\t\t\t\t\t\t\t<div class=\"elementor-divider\">\n\t\t\t<span class=\"elementor-divider-separator\">\n\t\t\t\t\t\t<\/span>\n\t\t<\/div>\n\t\t\t\t\t\t<\/div>\n\t\t\t\t<\/div>\n\t\t\t\t<div class=\"elementor-element elementor-element-5c7fa34 elementor-widget elementor-widget-text-editor\" data-id=\"5c7fa34\" data-element_type=\"widget\" data-e-type=\"widget\" data-widget_type=\"text-editor.default\">\n\t\t\t\t<div class=\"elementor-widget-container\">\n\t\t\t\t\t\t\t\t\t<p>L\u2019Institut Catholique de Toulouse (ICT) s&#8217;engage activement dans divers r\u00e9seaux nationaux et internationaux d\u00e9di\u00e9s \u00e0 l&#8217;enseignement sup\u00e9rieur et \u00e0 sa promotion \u00e0 l&#8217;\u00e9chelle mondiale.<\/p><p>Gr\u00e2ce \u00e0 ces partenariats, l&#8217;ICT valorise ses formations, son cadre acad\u00e9mique, et prend part \u00e0 des \u00e9v\u00e9nements internationaux, renfor\u00e7ant ainsi sa visibilit\u00e9 sur la sc\u00e8ne \u00e9ducative mondiale.<\/p>\t\t\t\t\t\t\t\t<\/div>\n\t\t\t\t<\/div>\n\t\t\t\t<div class=\"elementor-element elementor-element-d5cdc50 e-n-tabs-mobile elementor-widget elementor-widget-n-tabs\" data-id=\"d5cdc50\" data-element_type=\"widget\" data-e-type=\"widget\" data-settings=\"{&quot;horizontal_scroll&quot;:&quot;disable&quot;}\" data-widget_type=\"nested-tabs.default\">\n\t\t\t\t<div class=\"elementor-widget-container\">\n\t\t\t\t\t\t\t<div class=\"e-n-tabs\" data-widget-number=\"224189520\" aria-label=\"Tabs. Open items with Enter or Space, close with Escape and navigate using the Arrow keys.\">\n\t\t\t<div class=\"e-n-tabs-heading\" role=\"tablist\">\n\t\t\t\t\t<button id=\"e-n-tab-title-2241895201\" data-tab-title-id=\"e-n-tab-title-2241895201\" class=\"e-n-tab-title\" aria-selected=\"true\" data-tab-index=\"1\" role=\"tab\" tabindex=\"0\" aria-controls=\"e-n-tab-content-2241895201\" style=\"--n-tabs-title-order: 1;\">\n\t\t\t\t\t\t<span class=\"e-n-tab-title-text\">\n\t\t\t\tErasmus+\t\t\t<\/span>\n\t\t<\/button>\n\t\t\t\t<button id=\"e-n-tab-title-2241895202\" data-tab-title-id=\"e-n-tab-title-2241895202\" class=\"e-n-tab-title\" aria-selected=\"false\" data-tab-index=\"2\" role=\"tab\" tabindex=\"-1\" aria-controls=\"e-n-tab-content-2241895202\" style=\"--n-tabs-title-order: 2;\">\n\t\t\t\t\t\t<span class=\"e-n-tab-title-text\">\n\t\t\t\tCampus France\t\t\t<\/span>\n\t\t<\/button>\n\t\t\t\t<button id=\"e-n-tab-title-2241895203\" data-tab-title-id=\"e-n-tab-title-2241895203\" class=\"e-n-tab-title\" aria-selected=\"false\" data-tab-index=\"3\" role=\"tab\" tabindex=\"-1\" aria-controls=\"e-n-tab-content-2241895203\" style=\"--n-tabs-title-order: 3;\">\n\t\t\t\t\t\t<span class=\"e-n-tab-title-text\">\n\t\t\t\tAUF\t\t\t<\/span>\n\t\t<\/button>\n\t\t\t\t<button id=\"e-n-tab-title-2241895204\" data-tab-title-id=\"e-n-tab-title-2241895204\" class=\"e-n-tab-title\" aria-selected=\"false\" data-tab-index=\"4\" role=\"tab\" tabindex=\"-1\" aria-controls=\"e-n-tab-content-2241895204\" style=\"--n-tabs-title-order: 4;\">\n\t\t\t\t\t\t<span class=\"e-n-tab-title-text\">\n\t\t\t\tAutres r\u00e9seaux internationaux\t\t\t<\/span>\n\t\t<\/button>\n\t\t\t\t\t<\/div>\n\t\t\t<div class=\"e-n-tabs-content\">\n\t\t\t\t<div id=\"e-n-tab-content-2241895201\" role=\"tabpanel\" aria-labelledby=\"e-n-tab-title-2241895201\" data-tab-index=\"1\" style=\"--n-tabs-title-order: 1;\" class=\"e-active elementor-element elementor-element-46bc514 e-con-full e-flex e-con e-child\" data-id=\"46bc514\" data-element_type=\"container\" data-e-type=\"container\">\n\t\t<div class=\"elementor-element elementor-element-3ce2290 accordian-type-3 e-flex e-con-boxed e-con e-child\" data-id=\"3ce2290\" data-element_type=\"container\" data-e-type=\"container\">\n\t\t\t\t\t<div class=\"e-con-inner\">\n\t\t<div class=\"elementor-element elementor-element-0587fde e-con-full e-flex e-con e-child\" data-id=\"0587fde\" data-element_type=\"container\" data-e-type=\"container\">\n\t\t\t\t<div class=\"elementor-element elementor-element-6edb9f9 elementor-widget elementor-widget-image\" data-id=\"6edb9f9\" data-element_type=\"widget\" data-e-type=\"widget\" data-widget_type=\"image.default\">\n\t\t\t\t<div class=\"elementor-widget-container\">\n\t\t\t\t\t\t\t\t\t\t\t\t\t\t\t<img decoding=\"async\" src=\"https:\/\/ict-toulouse.fr\/wp-content\/uploads\/2024\/07\/ICT-LOGO-ERASMUS.png\" title=\"\" alt=\"\" loading=\"lazy\" \/>\t\t\t\t\t\t\t\t\t\t\t\t\t\t\t<\/div>\n\t\t\t\t<\/div>\n\t\t\t\t<div class=\"elementor-element elementor-element-92f1045 elementor-widget elementor-widget-text-editor\" data-id=\"92f1045\" data-element_type=\"widget\" data-e-type=\"widget\" data-widget_type=\"text-editor.default\">\n\t\t\t\t<div class=\"elementor-widget-container\">\n\t\t\t\t\t\t\t\t\t<p><strong>Agence ERASMUS+France Education Formation<\/strong><\/p><p>L\u2019agence Erasmus+ France \/ Education Formation assure, pour la France, la gestion et la promotion des volets \u00e9ducation et formation du programme europ\u00e9en Erasmus+.<\/p><p>L\u2019ICT candidate chaque ann\u00e9e \u00e0 des projets europ\u00e9ens, comme le Programme erasmus+.<\/p>\t\t\t\t\t\t\t\t<\/div>\n\t\t\t\t<\/div>\n\t\t\t\t<\/div>\n\t\t\t\t\t<\/div>\n\t\t\t\t<\/div>\n\t\t\t\t<\/div>\n\t\t<div id=\"e-n-tab-content-2241895202\" role=\"tabpanel\" aria-labelledby=\"e-n-tab-title-2241895202\" data-tab-index=\"2\" style=\"--n-tabs-title-order: 2;\" class=\" elementor-element elementor-element-1fbd6b1 e-con-full e-flex e-con e-child\" data-id=\"1fbd6b1\" data-element_type=\"container\" data-e-type=\"container\">\n\t\t<div class=\"elementor-element elementor-element-348dabb accordian-type-3 e-flex e-con-boxed e-con e-child\" data-id=\"348dabb\" data-element_type=\"container\" data-e-type=\"container\">\n\t\t\t\t\t<div class=\"e-con-inner\">\n\t\t<div class=\"elementor-element elementor-element-e97647c e-con-full e-flex e-con e-child\" data-id=\"e97647c\" data-element_type=\"container\" data-e-type=\"container\">\n\t\t\t\t<div class=\"elementor-element elementor-element-034645b elementor-widget elementor-widget-image\" data-id=\"034645b\" data-element_type=\"widget\" data-e-type=\"widget\" data-widget_type=\"image.default\">\n\t\t\t\t<div class=\"elementor-widget-container\">\n\t\t\t\t\t\t\t\t\t\t\t\t\t\t\t<img decoding=\"async\" src=\"https:\/\/ict-toulouse.fr\/wp-content\/uploads\/2024\/07\/Logo-campus-France.jpg\" title=\"\" alt=\"Logo campus France\" loading=\"lazy\" \/>\t\t\t\t\t\t\t\t\t\t\t\t\t\t\t<\/div>\n\t\t\t\t<\/div>\n\t\t\t\t<div class=\"elementor-element elementor-element-6aa0070 elementor-widget elementor-widget-text-editor\" data-id=\"6aa0070\" data-element_type=\"widget\" data-e-type=\"widget\" data-widget_type=\"text-editor.default\">\n\t\t\t\t<div class=\"elementor-widget-container\">\n\t\t\t\t\t\t\t\t\t<p><strong>CAMPUSFRANCE\u00a0(Agence de promotion de l\u2019enseignement sup\u00e9rieur fran\u00e7ais \u00e0 l\u2019international)<\/strong><\/p><p><a href=\"https:\/\/www.campusfrance.org\/fr\" target=\"_blank\" rel=\"noreferrer noopener\">https:\/\/www.campusfrance.org\/fr<\/a><\/p><p><a href=\"https:\/\/youtu.be\/OqBHc9RBz3k\" target=\"_blank\" rel=\"noreferrer noopener\">https:\/\/youtu.be\/OqBHc9RBz3k<\/a><\/p><p>Journ\u00e9es Pays Campusfrance\u00a0; Salons \u00e0 l\u2019international<\/p>\t\t\t\t\t\t\t\t<\/div>\n\t\t\t\t<\/div>\n\t\t\t\t<\/div>\n\t\t\t\t\t<\/div>\n\t\t\t\t<\/div>\n\t\t\t\t<\/div>\n\t\t<div id=\"e-n-tab-content-2241895203\" role=\"tabpanel\" aria-labelledby=\"e-n-tab-title-2241895203\" data-tab-index=\"3\" style=\"--n-tabs-title-order: 3;\" class=\" elementor-element elementor-element-c0f1713 e-con-full e-flex e-con e-child\" data-id=\"c0f1713\" data-element_type=\"container\" data-e-type=\"container\">\n\t\t<div class=\"elementor-element elementor-element-a1bc5a3 accordian-type-3 e-flex e-con-boxed e-con e-child\" data-id=\"a1bc5a3\" data-element_type=\"container\" data-e-type=\"container\">\n\t\t\t\t\t<div class=\"e-con-inner\">\n\t\t<div class=\"elementor-element elementor-element-c179c83 e-con-full e-flex e-con e-child\" data-id=\"c179c83\" data-element_type=\"container\" data-e-type=\"container\">\n\t\t\t\t<div class=\"elementor-element elementor-element-6f850e1 elementor-widget elementor-widget-image\" data-id=\"6f850e1\" data-element_type=\"widget\" data-e-type=\"widget\" data-widget_type=\"image.default\">\n\t\t\t\t<div class=\"elementor-widget-container\">\n\t\t\t\t\t\t\t\t\t\t\t\t\t\t\t<img decoding=\"async\" src=\"https:\/\/ict-toulouse.fr\/wp-content\/uploads\/2024\/07\/Logo-AUF.png\" title=\"\" alt=\"Logo AUF\" loading=\"lazy\" \/>\t\t\t\t\t\t\t\t\t\t\t\t\t\t\t<\/div>\n\t\t\t\t<\/div>\n\t\t\t\t<div class=\"elementor-element elementor-element-8dfafa4 elementor-widget elementor-widget-text-editor\" data-id=\"8dfafa4\" data-element_type=\"widget\" data-e-type=\"widget\" data-widget_type=\"text-editor.default\">\n\t\t\t\t<div class=\"elementor-widget-container\">\n\t\t\t\t\t\t\t\t\t<p><strong>AUF (Agence Universitaire de la Francophonie)<\/strong><\/p><p><a href=\"https:\/\/www.auf.org\/\" target=\"_blank\" rel=\"noreferrer noopener\">https:\/\/www.auf.org\/<\/a><\/p><p><a href=\"https:\/\/youtu.be\/pwRcwkQ9W_g\">https:\/\/youtu.be\/pwRcwkQ9W_g<\/a><\/p><p>L\u2019AUF propose des appels d\u2019offre pour des projets ( manifestations scientifiques, missions d\u2019expertise,etc..)<\/p>\t\t\t\t\t\t\t\t<\/div>\n\t\t\t\t<\/div>\n\t\t\t\t<\/div>\n\t\t\t\t\t<\/div>\n\t\t\t\t<\/div>\n\t\t\t\t<\/div>\n\t\t<div id=\"e-n-tab-content-2241895204\" role=\"tabpanel\" aria-labelledby=\"e-n-tab-title-2241895204\" data-tab-index=\"4\" style=\"--n-tabs-title-order: 4;\" class=\" elementor-element elementor-element-27e958c e-con-full e-flex e-con e-child\" data-id=\"27e958c\" data-element_type=\"container\" data-e-type=\"container\">\n\t\t<div class=\"elementor-element elementor-element-fbff4dd accordian-type-3 e-flex e-con-boxed e-con e-child\" data-id=\"fbff4dd\" data-element_type=\"container\" data-e-type=\"container\">\n\t\t\t\t\t<div class=\"e-con-inner\">\n\t\t<div class=\"elementor-element elementor-element-449ed72 e-con-full e-flex e-con e-child\" data-id=\"449ed72\" data-element_type=\"container\" data-e-type=\"container\">\n\t\t\t\t<div class=\"elementor-element elementor-element-2245373 elementor-widget elementor-widget-image\" data-id=\"2245373\" data-element_type=\"widget\" data-e-type=\"widget\" data-widget_type=\"image.default\">\n\t\t\t\t<div class=\"elementor-widget-container\">\n\t\t\t\t\t\t\t\t\t\t\t\t\t\t\t<img decoding=\"async\" src=\"https:\/\/ict-toulouse.fr\/wp-content\/uploads\/2024\/07\/logo-FIUC.png\" title=\"\" alt=\"\" loading=\"lazy\" \/>\t\t\t\t\t\t\t\t\t\t\t\t\t\t\t<\/div>\n\t\t\t\t<\/div>\n\t\t\t\t<div class=\"elementor-element elementor-element-c9fc9d5 elementor-widget elementor-widget-text-editor\" data-id=\"c9fc9d5\" data-element_type=\"widget\" data-e-type=\"widget\" data-widget_type=\"text-editor.default\">\n\t\t\t\t<div class=\"elementor-widget-container\">\n\t\t\t\t\t\t\t\t\t<p><strong>FIUC (F\u00e9d\u00e9ration Internationale des Universit\u00e9s Catholiques)<\/strong><\/p><p>La F\u00e9d\u00e9ration internationale des universit\u00e9s catholiques regroupe 226 universit\u00e9s ou institutions d&#8217;enseignement sup\u00e9rieur.<\/p>\t\t\t\t\t\t\t\t<\/div>\n\t\t\t\t<\/div>\n\t\t\t\t<\/div>\n\t\t<div class=\"elementor-element elementor-element-8f8552c e-con-full e-flex e-con e-child\" data-id=\"8f8552c\" data-element_type=\"container\" data-e-type=\"container\">\n\t\t\t\t<div class=\"elementor-element elementor-element-b95be7f elementor-widget elementor-widget-image\" data-id=\"b95be7f\" data-element_type=\"widget\" data-e-type=\"widget\" data-widget_type=\"image.default\">\n\t\t\t\t<div class=\"elementor-widget-container\">\n\t\t\t\t\t\t\t\t\t\t\t\t\t\t\t<img decoding=\"async\" src=\"https:\/\/ict-toulouse.fr\/wp-content\/uploads\/2024\/07\/LOGO-FUCE.png\" title=\"\" alt=\"\" loading=\"lazy\" \/>\t\t\t\t\t\t\t\t\t\t\t\t\t\t\t<\/div>\n\t\t\t\t<\/div>\n\t\t\t\t<div class=\"elementor-element elementor-element-8ff8497 elementor-widget elementor-widget-text-editor\" data-id=\"8ff8497\" data-element_type=\"widget\" data-e-type=\"widget\" data-widget_type=\"text-editor.default\">\n\t\t\t\t<div class=\"elementor-widget-container\">\n\t\t\t\t\t\t\t\t\t<p><strong>FUCE (F\u00e9d\u00e9ration des Universit\u00e9s Catholiques d\u2019Europe)<\/strong><\/p><p>La FUCE regroupe les universit\u00e9s catholiques d\u2019Europe et du Liban<\/p>\t\t\t\t\t\t\t\t<\/div>\n\t\t\t\t<\/div>\n\t\t\t\t<\/div>\n\t\t<div class=\"elementor-element elementor-element-a23daf2 e-con-full e-flex e-con e-child\" data-id=\"a23daf2\" data-element_type=\"container\" data-e-type=\"container\">\n\t\t\t\t<div class=\"elementor-element elementor-element-5e3e5ce elementor-widget elementor-widget-image\" data-id=\"5e3e5ce\" data-element_type=\"widget\" data-e-type=\"widget\" data-widget_type=\"image.default\">\n\t\t\t\t<div class=\"elementor-widget-container\">\n\t\t\t\t\t\t\t\t\t\t\t\t\t\t\t<img decoding=\"async\" src=\"https:\/\/ict-toulouse.fr\/wp-content\/uploads\/2024\/07\/logo-EAIE.png\" title=\"\" alt=\"\" loading=\"lazy\" \/>\t\t\t\t\t\t\t\t\t\t\t\t\t\t\t<\/div>\n\t\t\t\t<\/div>\n\t\t\t\t<div class=\"elementor-element elementor-element-9e8f46c elementor-widget elementor-widget-text-editor\" data-id=\"9e8f46c\" data-element_type=\"widget\" data-e-type=\"widget\" data-widget_type=\"text-editor.default\">\n\t\t\t\t<div class=\"elementor-widget-container\">\n\t\t\t\t\t\t\t\t\t<p><strong>EAIE (European Association for International Education )<\/strong><\/p><p>Salons internationaux des universit\u00e9s du monde entier<\/p>\t\t\t\t\t\t\t\t<\/div>\n\t\t\t\t<\/div>\n\t\t\t\t<\/div>\n\t\t\t\t\t<\/div>\n\t\t\t\t<\/div>\n\t\t\t\t<\/div>\n\t\t\t\t\t<\/div>\n\t\t<\/div>\n\t\t\t\t\t\t<\/div>\n\t\t\t\t<\/div>\n\t\t\t\t\t<\/div>\n\t\t\t\t<\/div>\n\t\t<div class=\"elementor-element elementor-element-671eed1 elementor-hidden-mobile e-flex e-con-boxed e-con e-parent\" data-id=\"671eed1\" data-element_type=\"container\" data-e-type=\"container\">\n\t\t\t\t\t<div class=\"e-con-inner\">\n\t\t\t\t<div class=\"elementor-element elementor-element-c42f211 section-inner-spacer elementor-widget elementor-widget-spacer\" data-id=\"c42f211\" data-element_type=\"widget\" data-e-type=\"widget\" data-widget_type=\"spacer.default\">\n\t\t\t\t<div class=\"elementor-widget-container\">\n\t\t\t\t\t\t\t<div class=\"elementor-spacer\">\n\t\t\t<div class=\"elementor-spacer-inner\"><\/div>\n\t\t<\/div>\n\t\t\t\t\t\t<\/div>\n\t\t\t\t<\/div>\n\t\t\t\t<div class=\"elementor-element elementor-element-2e47531 elementor-widget elementor-widget-heading\" data-id=\"2e47531\" data-element_type=\"widget\" data-e-type=\"widget\" data-widget_type=\"heading.default\">\n\t\t\t\t<div class=\"elementor-widget-container\">\n\t\t\t\t\t<h2 class=\"elementor-heading-title elementor-size-default\">Notre charte Erasmus+<\/h2>\t\t\t\t<\/div>\n\t\t\t\t<\/div>\n\t\t\t\t<div class=\"elementor-element elementor-element-412c155 elementor-widget-divider--view-line elementor-widget elementor-widget-divider\" data-id=\"412c155\" data-element_type=\"widget\" data-e-type=\"widget\" data-widget_type=\"divider.default\">\n\t\t\t\t<div class=\"elementor-widget-container\">\n\t\t\t\t\t\t\t<div class=\"elementor-divider\">\n\t\t\t<span class=\"elementor-divider-separator\">\n\t\t\t\t\t\t<\/span>\n\t\t<\/div>\n\t\t\t\t\t\t<\/div>\n\t\t\t\t<\/div>\n\t\t\t\t<div class=\"elementor-element elementor-element-48739b3 button-type-1 elementor-widget elementor-widget-button\" data-id=\"48739b3\" data-element_type=\"widget\" data-e-type=\"widget\" data-widget_type=\"button.default\">\n\t\t\t\t<div class=\"elementor-widget-container\">\n\t\t\t\t\t\t\t\t\t<div class=\"elementor-button-wrapper\">\n\t\t\t\t\t<a class=\"elementor-button elementor-button-link elementor-size-sm\" href=\"https:\/\/ict-toulouse.fr\/wp-content\/uploads\/2024\/10\/Charte-Erasmus.pdf\" target=\"_blank\">\n\t\t\t\t\t\t<span class=\"elementor-button-content-wrapper\">\n\t\t\t\t\t\t\t\t\t<span class=\"elementor-button-text\">T\u00e9l\u00e9charger notre charte erasmus+<\/span>\n\t\t\t\t\t<\/span>\n\t\t\t\t\t<\/a>\n\t\t\t\t<\/div>\n\t\t\t\t\t\t\t\t<\/div>\n\t\t\t\t<\/div>\n\t\t\t\t\t<\/div>\n\t\t\t\t<\/div>\n\t\t<div class=\"elementor-element elementor-element-7e4a43c elementor-hidden-mobile e-flex e-con-boxed e-con e-parent\" data-id=\"7e4a43c\" data-element_type=\"container\" data-e-type=\"container\">\n\t\t\t\t\t<div class=\"e-con-inner\">\n\t\t\t\t<div class=\"elementor-element elementor-element-170fb41 section-inner-spacer elementor-widget elementor-widget-spacer\" data-id=\"170fb41\" data-element_type=\"widget\" data-e-type=\"widget\" data-widget_type=\"spacer.default\">\n\t\t\t\t<div class=\"elementor-widget-container\">\n\t\t\t\t\t\t\t<div class=\"elementor-spacer\">\n\t\t\t<div class=\"elementor-spacer-inner\"><\/div>\n\t\t<\/div>\n\t\t\t\t\t\t<\/div>\n\t\t\t\t<\/div>\n\t\t\t\t<div class=\"elementor-element elementor-element-21af609 elementor-widget elementor-widget-heading\" data-id=\"21af609\" data-element_type=\"widget\" data-e-type=\"widget\" data-widget_type=\"heading.default\">\n\t\t\t\t<div class=\"elementor-widget-container\">\n\t\t\t\t\t<h2 class=\"elementor-heading-title elementor-size-default\">Notre strat\u00e9gie internationale et politique Erasmus+<\/h2>\t\t\t\t<\/div>\n\t\t\t\t<\/div>\n\t\t\t\t<div class=\"elementor-element elementor-element-610b92a elementor-widget-divider--view-line elementor-widget elementor-widget-divider\" data-id=\"610b92a\" data-element_type=\"widget\" data-e-type=\"widget\" data-widget_type=\"divider.default\">\n\t\t\t\t<div class=\"elementor-widget-container\">\n\t\t\t\t\t\t\t<div class=\"elementor-divider\">\n\t\t\t<span class=\"elementor-divider-separator\">\n\t\t\t\t\t\t<\/span>\n\t\t<\/div>\n\t\t\t\t\t\t<\/div>\n\t\t\t\t<\/div>\n\t\t\t\t<div class=\"elementor-element elementor-element-89f0839 button-type-1 elementor-widget elementor-widget-button\" data-id=\"89f0839\" data-element_type=\"widget\" data-e-type=\"widget\" data-widget_type=\"button.default\">\n\t\t\t\t<div class=\"elementor-widget-container\">\n\t\t\t\t\t\t\t\t\t<div class=\"elementor-button-wrapper\">\n\t\t\t\t\t<a class=\"elementor-button elementor-button-link elementor-size-sm\" href=\"https:\/\/ict-toulouse.fr\/wp-content\/uploads\/2025\/02\/strategie-internationale-et-politiqueerasmus.pdf\" target=\"_blank\">\n\t\t\t\t\t\t<span class=\"elementor-button-content-wrapper\">\n\t\t\t\t\t\t\t\t\t<span class=\"elementor-button-text\">T\u00e9l\u00e9charger la strat\u00e9gie<\/span>\n\t\t\t\t\t<\/span>\n\t\t\t\t\t<\/a>\n\t\t\t\t<\/div>\n\t\t\t\t\t\t\t\t<\/div>\n\t\t\t\t<\/div>\n\t\t\t\t\t<\/div>\n\t\t\t\t<\/div>\n\t\t\t\t<\/div>\n\t\t","protected":false},"template":"","class_list":["post-2612","etudier_a_letranger","type-etudier_a_letranger","status-publish","hentry"],"acf":[],"yoast_head":"<!-- This site is optimized with the Yoast SEO plugin v27.1.1 - https:\/\/yoast.com\/product\/yoast-seo-wordpress\/ -->\n<title>Ambition et strat\u00e9gie internationale - Institut Catholique de Toulouse<\/title>\n<meta name=\"description\" content=\"Apprenez-en plus sur l\u2019ambition et la strat\u00e9gie internationale de l\u2019Institut Catholique de Toulouse. D\u00e9couvrez nos 190 partenaires internationaux.\" \/>\n<meta name=\"robots\" content=\"index, follow, max-snippet:-1, max-image-preview:large, max-video-preview:-1\" \/>\n<link rel=\"canonical\" href=\"https:\/\/www.ict-toulouse.fr\/en\/etudier-a-linternational\/ambition-et-strategie-internationale\/\" \/>\n<meta property=\"og:locale\" content=\"en_US\" \/>\n<meta property=\"og:type\" content=\"article\" \/>\n<meta property=\"og:title\" content=\"Ambition et strat\u00e9gie internationale - Institut Catholique de Toulouse\" \/>\n<meta property=\"og:description\" content=\"Apprenez-en plus sur l\u2019ambition et la strat\u00e9gie internationale de l\u2019Institut Catholique de Toulouse. D\u00e9couvrez nos 190 partenaires internationaux.\" \/>\n<meta property=\"og:url\" content=\"https:\/\/www.ict-toulouse.fr\/en\/etudier-a-linternational\/ambition-et-strategie-internationale\/\" \/>\n<meta property=\"og:site_name\" content=\"Institut Catholique de Toulouse\" \/>\n<meta property=\"article:modified_time\" content=\"2025-03-05T08:05:28+00:00\" \/>\n<meta property=\"og:image\" content=\"https:\/\/www.ict-toulouse.fr\/wp-content\/uploads\/2024\/07\/ICT-2022-jardin-mdx-13-e1723804892725.png\" \/>\n\t<meta property=\"og:image:width\" content=\"1250\" \/>\n\t<meta property=\"og:image:height\" content=\"1013\" \/>\n\t<meta property=\"og:image:type\" content=\"image\/png\" \/>\n<meta name=\"twitter:card\" content=\"summary_large_image\" \/>\n<meta name=\"twitter:label1\" content=\"Est. reading time\" \/>\n\t<meta name=\"twitter:data1\" content=\"7 minutes\" \/>\n<script type=\"application\/ld+json\" class=\"yoast-schema-graph\">{\"@context\":\"https:\/\/schema.org\",\"@graph\":[{\"@type\":\"WebPage\",\"@id\":\"https:\/\/www.ict-toulouse.fr\/en\/etudier-a-linternational\/ambition-et-strategie-internationale\/\",\"url\":\"https:\/\/www.ict-toulouse.fr\/en\/etudier-a-linternational\/ambition-et-strategie-internationale\/\",\"name\":\"Ambition et strat\u00e9gie internationale - Institut Catholique de Toulouse\",\"isPartOf\":{\"@id\":\"https:\/\/www.ict-toulouse.fr\/en\/#website\"},\"primaryImageOfPage\":{\"@id\":\"https:\/\/www.ict-toulouse.fr\/en\/etudier-a-linternational\/ambition-et-strategie-internationale\/#primaryimage\"},\"image\":{\"@id\":\"https:\/\/www.ict-toulouse.fr\/en\/etudier-a-linternational\/ambition-et-strategie-internationale\/#primaryimage\"},\"thumbnailUrl\":\"https:\/\/www.ict-toulouse.fr\/wp-content\/uploads\/2024\/07\/ICT-2022-jardin-mdx-13-e1723804892725.png\",\"datePublished\":\"2024-07-22T05:30:00+00:00\",\"dateModified\":\"2025-03-05T08:05:28+00:00\",\"description\":\"Apprenez-en plus sur l\u2019ambition et la strat\u00e9gie internationale de l\u2019Institut Catholique de Toulouse. D\u00e9couvrez nos 190 partenaires internationaux.\",\"breadcrumb\":{\"@id\":\"https:\/\/www.ict-toulouse.fr\/en\/etudier-a-linternational\/ambition-et-strategie-internationale\/#breadcrumb\"},\"inLanguage\":\"en-US\",\"potentialAction\":[{\"@type\":\"ReadAction\",\"target\":[\"https:\/\/www.ict-toulouse.fr\/en\/etudier-a-linternational\/ambition-et-strategie-internationale\/\"]}]},{\"@type\":\"ImageObject\",\"inLanguage\":\"en-US\",\"@id\":\"https:\/\/www.ict-toulouse.fr\/en\/etudier-a-linternational\/ambition-et-strategie-internationale\/#primaryimage\",\"url\":\"https:\/\/www.ict-toulouse.fr\/wp-content\/uploads\/2024\/07\/ICT-2022-jardin-mdx-13-e1723804892725.png\",\"contentUrl\":\"https:\/\/www.ict-toulouse.fr\/wp-content\/uploads\/2024\/07\/ICT-2022-jardin-mdx-13-e1723804892725.png\"},{\"@type\":\"BreadcrumbList\",\"@id\":\"https:\/\/www.ict-toulouse.fr\/en\/etudier-a-linternational\/ambition-et-strategie-internationale\/#breadcrumb\",\"itemListElement\":[{\"@type\":\"ListItem\",\"position\":1,\"name\":\"Accueil\",\"item\":\"https:\/\/www.ict-toulouse.fr\/en\/\"},{\"@type\":\"ListItem\",\"position\":2,\"name\":\"Ambition et strat\u00e9gie internationale\"}]},{\"@type\":\"WebSite\",\"@id\":\"https:\/\/www.ict-toulouse.fr\/en\/#website\",\"url\":\"https:\/\/www.ict-toulouse.fr\/en\/\",\"name\":\"Institut Catholique de Toulouse\",\"description\":\"\",\"publisher\":{\"@id\":\"https:\/\/www.ict-toulouse.fr\/en\/#organization\"},\"alternateName\":\"ICT-Toulouse\",\"potentialAction\":[{\"@type\":\"SearchAction\",\"target\":{\"@type\":\"EntryPoint\",\"urlTemplate\":\"https:\/\/www.ict-toulouse.fr\/en\/?s={search_term_string}\"},\"query-input\":{\"@type\":\"PropertyValueSpecification\",\"valueRequired\":true,\"valueName\":\"search_term_string\"}}],\"inLanguage\":\"en-US\"},{\"@type\":\"Organization\",\"@id\":\"https:\/\/www.ict-toulouse.fr\/en\/#organization\",\"name\":\"ICT-Toulouse\",\"url\":\"https:\/\/www.ict-toulouse.fr\/en\/\",\"logo\":{\"@type\":\"ImageObject\",\"inLanguage\":\"en-US\",\"@id\":\"https:\/\/www.ict-toulouse.fr\/en\/#\/schema\/logo\/image\/\",\"url\":\"https:\/\/www.ict-toulouse.fr\/wp-content\/uploads\/2025\/05\/cropped-Logo-ICT-GENERIQUE-RESERVE-sans-fond.png\",\"contentUrl\":\"https:\/\/www.ict-toulouse.fr\/wp-content\/uploads\/2025\/05\/cropped-Logo-ICT-GENERIQUE-RESERVE-sans-fond.png\",\"width\":464,\"height\":250,\"caption\":\"ICT-Toulouse\"},\"image\":{\"@id\":\"https:\/\/www.ict-toulouse.fr\/en\/#\/schema\/logo\/image\/\"}}]}<\/script>\n<!-- \/ Yoast SEO plugin. -->","yoast_head_json":{"title":"Ambition et strat\u00e9gie internationale - Institut Catholique de Toulouse","description":"Apprenez-en plus sur l\u2019ambition et la strat\u00e9gie internationale de l\u2019Institut Catholique de Toulouse. D\u00e9couvrez nos 190 partenaires internationaux.","robots":{"index":"index","follow":"follow","max-snippet":"max-snippet:-1","max-image-preview":"max-image-preview:large","max-video-preview":"max-video-preview:-1"},"canonical":"https:\/\/www.ict-toulouse.fr\/en\/etudier-a-linternational\/ambition-et-strategie-internationale\/","og_locale":"en_US","og_type":"article","og_title":"Ambition et strat\u00e9gie internationale - Institut Catholique de Toulouse","og_description":"Apprenez-en plus sur l\u2019ambition et la strat\u00e9gie internationale de l\u2019Institut Catholique de Toulouse. D\u00e9couvrez nos 190 partenaires internationaux.","og_url":"https:\/\/www.ict-toulouse.fr\/en\/etudier-a-linternational\/ambition-et-strategie-internationale\/","og_site_name":"Institut Catholique de Toulouse","article_modified_time":"2025-03-05T08:05:28+00:00","og_image":[{"width":1250,"height":1013,"url":"https:\/\/www.ict-toulouse.fr\/wp-content\/uploads\/2024\/07\/ICT-2022-jardin-mdx-13-e1723804892725.png","type":"image\/png"}],"twitter_card":"summary_large_image","twitter_misc":{"Est. reading time":"7 minutes"},"schema":{"@context":"https:\/\/schema.org","@graph":[{"@type":"WebPage","@id":"https:\/\/www.ict-toulouse.fr\/en\/etudier-a-linternational\/ambition-et-strategie-internationale\/","url":"https:\/\/www.ict-toulouse.fr\/en\/etudier-a-linternational\/ambition-et-strategie-internationale\/","name":"Ambition et strat\u00e9gie internationale - Institut Catholique de Toulouse","isPartOf":{"@id":"https:\/\/www.ict-toulouse.fr\/en\/#website"},"primaryImageOfPage":{"@id":"https:\/\/www.ict-toulouse.fr\/en\/etudier-a-linternational\/ambition-et-strategie-internationale\/#primaryimage"},"image":{"@id":"https:\/\/www.ict-toulouse.fr\/en\/etudier-a-linternational\/ambition-et-strategie-internationale\/#primaryimage"},"thumbnailUrl":"https:\/\/www.ict-toulouse.fr\/wp-content\/uploads\/2024\/07\/ICT-2022-jardin-mdx-13-e1723804892725.png","datePublished":"2024-07-22T05:30:00+00:00","dateModified":"2025-03-05T08:05:28+00:00","description":"Apprenez-en plus sur l\u2019ambition et la strat\u00e9gie internationale de l\u2019Institut Catholique de Toulouse. D\u00e9couvrez nos 190 partenaires internationaux.","breadcrumb":{"@id":"https:\/\/www.ict-toulouse.fr\/en\/etudier-a-linternational\/ambition-et-strategie-internationale\/#breadcrumb"},"inLanguage":"en-US","potentialAction":[{"@type":"ReadAction","target":["https:\/\/www.ict-toulouse.fr\/en\/etudier-a-linternational\/ambition-et-strategie-internationale\/"]}]},{"@type":"ImageObject","inLanguage":"en-US","@id":"https:\/\/www.ict-toulouse.fr\/en\/etudier-a-linternational\/ambition-et-strategie-internationale\/#primaryimage","url":"https:\/\/www.ict-toulouse.fr\/wp-content\/uploads\/2024\/07\/ICT-2022-jardin-mdx-13-e1723804892725.png","contentUrl":"https:\/\/www.ict-toulouse.fr\/wp-content\/uploads\/2024\/07\/ICT-2022-jardin-mdx-13-e1723804892725.png"},{"@type":"BreadcrumbList","@id":"https:\/\/www.ict-toulouse.fr\/en\/etudier-a-linternational\/ambition-et-strategie-internationale\/#breadcrumb","itemListElement":[{"@type":"ListItem","position":1,"name":"Accueil","item":"https:\/\/www.ict-toulouse.fr\/en\/"},{"@type":"ListItem","position":2,"name":"Ambition et strat\u00e9gie internationale"}]},{"@type":"WebSite","@id":"https:\/\/www.ict-toulouse.fr\/en\/#website","url":"https:\/\/www.ict-toulouse.fr\/en\/","name":"Institut Catholique de Toulouse","description":"","publisher":{"@id":"https:\/\/www.ict-toulouse.fr\/en\/#organization"},"alternateName":"ICT-Toulouse","potentialAction":[{"@type":"SearchAction","target":{"@type":"EntryPoint","urlTemplate":"https:\/\/www.ict-toulouse.fr\/en\/?s={search_term_string}"},"query-input":{"@type":"PropertyValueSpecification","valueRequired":true,"valueName":"search_term_string"}}],"inLanguage":"en-US"},{"@type":"Organization","@id":"https:\/\/www.ict-toulouse.fr\/en\/#organization","name":"ICT-Toulouse","url":"https:\/\/www.ict-toulouse.fr\/en\/","logo":{"@type":"ImageObject","inLanguage":"en-US","@id":"https:\/\/www.ict-toulouse.fr\/en\/#\/schema\/logo\/image\/","url":"https:\/\/www.ict-toulouse.fr\/wp-content\/uploads\/2025\/05\/cropped-Logo-ICT-GENERIQUE-RESERVE-sans-fond.png","contentUrl":"https:\/\/www.ict-toulouse.fr\/wp-content\/uploads\/2025\/05\/cropped-Logo-ICT-GENERIQUE-RESERVE-sans-fond.png","width":464,"height":250,"caption":"ICT-Toulouse"},"image":{"@id":"https:\/\/www.ict-toulouse.fr\/en\/#\/schema\/logo\/image\/"}}]}},"_links":{"self":[{"href":"https:\/\/www.ict-toulouse.fr\/en\/wp-json\/wp\/v2\/etudier_a_letranger\/2612","targetHints":{"allow":["GET"]}}],"collection":[{"href":"https:\/\/www.ict-toulouse.fr\/en\/wp-json\/wp\/v2\/etudier_a_letranger"}],"about":[{"href":"https:\/\/www.ict-toulouse.fr\/en\/wp-json\/wp\/v2\/types\/etudier_a_letranger"}],"version-history":[{"count":239,"href":"https:\/\/www.ict-toulouse.fr\/en\/wp-json\/wp\/v2\/etudier_a_letranger\/2612\/revisions"}],"predecessor-version":[{"id":27964,"href":"https:\/\/www.ict-toulouse.fr\/en\/wp-json\/wp\/v2\/etudier_a_letranger\/2612\/revisions\/27964"}],"wp:attachment":[{"href":"https:\/\/www.ict-toulouse.fr\/en\/wp-json\/wp\/v2\/media?parent=2612"}],"curies":[{"name":"wp","href":"https:\/\/api.w.org\/{rel}","templated":true}]}}