{"id":2564,"date":"2024-07-22T06:52:43","date_gmt":"2024-07-22T04:52:43","guid":{"rendered":"https:\/\/www.ict-toulouse.fr\/?post_type=etudier_a_letranger&#038;p=2564"},"modified":"2025-02-21T14:29:20","modified_gmt":"2025-02-21T13:29:20","slug":"mobilite-du-personnel","status":"publish","type":"etudier_a_letranger","link":"https:\/\/www.ict-toulouse.fr\/en\/etudier-a-linternational\/mobilite-du-personnel\/","title":{"rendered":"Mobilit\u00e9 du personnel"},"content":{"rendered":"\t\t<div data-elementor-type=\"wp-post\" data-elementor-id=\"2564\" class=\"elementor elementor-2564\">\n\t\t\t\t<div class=\"elementor-element elementor-element-9c49080 e-flex e-con-boxed e-con e-parent\" data-id=\"9c49080\" data-element_type=\"container\" data-e-type=\"container\">\n\t\t\t\t\t<div class=\"e-con-inner\">\n\t\t\t\t<div class=\"elementor-element elementor-element-24f1b82 section-inner-spacer elementor-widget elementor-widget-spacer\" data-id=\"24f1b82\" data-element_type=\"widget\" data-e-type=\"widget\" data-widget_type=\"spacer.default\">\n\t\t\t\t<div class=\"elementor-widget-container\">\n\t\t\t\t\t\t\t<div class=\"elementor-spacer\">\n\t\t\t<div class=\"elementor-spacer-inner\"><\/div>\n\t\t<\/div>\n\t\t\t\t\t\t<\/div>\n\t\t\t\t<\/div>\n\t\t\t\t\t<\/div>\n\t\t\t\t<\/div>\n\t\t<div class=\"elementor-element elementor-element-38ac9fff e-flex e-con-boxed e-con e-parent\" data-id=\"38ac9fff\" data-element_type=\"container\" data-e-type=\"container\">\n\t\t\t\t\t<div class=\"e-con-inner\">\n\t\t<div class=\"elementor-element elementor-element-425975f3 e-con-full e-flex e-con e-child\" data-id=\"425975f3\" data-element_type=\"container\" data-e-type=\"container\">\n\t\t\t\t<div class=\"elementor-element elementor-element-915d78 elementor-widget elementor-widget-heading\" data-id=\"915d78\" data-element_type=\"widget\" data-e-type=\"widget\" data-widget_type=\"heading.default\">\n\t\t\t\t<div class=\"elementor-widget-container\">\n\t\t\t\t\t<h2 class=\"elementor-heading-title elementor-size-default\">Partir \u00e0 l'\u00e9tranger avec le programme Erasmus+<\/h2>\t\t\t\t<\/div>\n\t\t\t\t<\/div>\n\t\t\t\t<div class=\"elementor-element elementor-element-521ccb8d elementor-widget-divider--view-line elementor-widget elementor-widget-divider\" data-id=\"521ccb8d\" data-element_type=\"widget\" data-e-type=\"widget\" data-widget_type=\"divider.default\">\n\t\t\t\t<div class=\"elementor-widget-container\">\n\t\t\t\t\t\t\t<div class=\"elementor-divider\">\n\t\t\t<span class=\"elementor-divider-separator\">\n\t\t\t\t\t\t<\/span>\n\t\t<\/div>\n\t\t\t\t\t\t<\/div>\n\t\t\t\t<\/div>\n\t\t\t\t<div class=\"elementor-element elementor-element-39e000a6 elementor-widget elementor-widget-text-editor\" data-id=\"39e000a6\" data-element_type=\"widget\" data-e-type=\"widget\" data-widget_type=\"text-editor.default\">\n\t\t\t\t<div class=\"elementor-widget-container\">\n\t\t\t\t\t\t\t\t\t<p><span style=\"font-size: 20px; text-align: start;\">Dans le cadre du programme Erasmus+, les salari\u00e9s enseignants et le personnel de l\u2019ICT ont la possibilit\u00e9 de b\u00e9n\u00e9ficier de bourses \u00ab mobilit\u00e9 d\u2019enseignement \u00bb et \u00ab mobilit\u00e9 de formation \u00bb pour partir dans nos universit\u00e9s europ\u00e9ennes partenaires.<\/span><\/p>\t\t\t\t\t\t\t\t<\/div>\n\t\t\t\t<\/div>\n\t\t\t\t<\/div>\n\t\t\t\t<div class=\"elementor-element elementor-element-41226220 section-inner-spacer elementor-widget elementor-widget-spacer\" data-id=\"41226220\" data-element_type=\"widget\" data-e-type=\"widget\" data-widget_type=\"spacer.default\">\n\t\t\t\t<div class=\"elementor-widget-container\">\n\t\t\t\t\t\t\t<div class=\"elementor-spacer\">\n\t\t\t<div class=\"elementor-spacer-inner\"><\/div>\n\t\t<\/div>\n\t\t\t\t\t\t<\/div>\n\t\t\t\t<\/div>\n\t\t\t\t\t<\/div>\n\t\t\t\t<\/div>\n\t\t<div class=\"elementor-element elementor-element-4e1f760 e-flex e-con-boxed e-con e-parent\" data-id=\"4e1f760\" data-element_type=\"container\" data-e-type=\"container\">\n\t\t\t\t\t<div class=\"e-con-inner\">\n\t\t<div class=\"elementor-element elementor-element-d2df2e8 e-con-full e-flex e-con e-child\" data-id=\"d2df2e8\" data-element_type=\"container\" data-e-type=\"container\">\n\t\t<div class=\"elementor-element elementor-element-deb95a8 e-con-full e-flex e-con e-child\" data-id=\"deb95a8\" data-element_type=\"container\" data-e-type=\"container\">\n\t\t\t\t<div class=\"elementor-element elementor-element-d045b3b elementor-widget elementor-widget-heading\" data-id=\"d045b3b\" data-element_type=\"widget\" data-e-type=\"widget\" data-widget_type=\"heading.default\">\n\t\t\t\t<div class=\"elementor-widget-container\">\n\t\t\t\t\t<h2 class=\"elementor-heading-title elementor-size-default\">Mobilit\u00e9 d\u2019enseignement<\/h2>\t\t\t\t<\/div>\n\t\t\t\t<\/div>\n\t\t\t\t<div class=\"elementor-element elementor-element-271f885 elementor-widget-divider--view-line elementor-widget elementor-widget-divider\" data-id=\"271f885\" data-element_type=\"widget\" data-e-type=\"widget\" data-widget_type=\"divider.default\">\n\t\t\t\t<div class=\"elementor-widget-container\">\n\t\t\t\t\t\t\t<div class=\"elementor-divider\">\n\t\t\t<span class=\"elementor-divider-separator\">\n\t\t\t\t\t\t<\/span>\n\t\t<\/div>\n\t\t\t\t\t\t<\/div>\n\t\t\t\t<\/div>\n\t\t\t\t<\/div>\n\t\t<div class=\"elementor-element elementor-element-75ba450 e-con-full e-flex e-con e-child\" data-id=\"75ba450\" data-element_type=\"container\" data-e-type=\"container\">\n\t\t<div class=\"elementor-element elementor-element-8aa609b e-con-full e-flex e-con e-child\" data-id=\"8aa609b\" data-element_type=\"container\" data-e-type=\"container\">\n\t\t\t\t<div class=\"elementor-element elementor-element-b7c1dc9 elementor-widget elementor-widget-text-editor\" data-id=\"b7c1dc9\" data-element_type=\"widget\" data-e-type=\"widget\" data-widget_type=\"text-editor.default\">\n\t\t\t\t<div class=\"elementor-widget-container\">\n\t\t\t\t\t\t\t\t\t<p>La mobilit\u00e9 d\u2019enseignement permet d\u2019effectuer une mission d\u2019enseignement dans une universit\u00e9 partenaire, d\u2019\u00e9changer comp\u00e9tences et exp\u00e9riences disciplinaires, de d\u00e9couvrir de nouvelles m\u00e9thodologies, de consolider les liens avec le partenaire, et de r\u00e9aliser des projets p\u00e9dagogiques.<\/p><p><strong>Dur\u00e9e :<\/strong> de 2 jours \u00e0 2 mois, 8 heures d\u2019enseignement minimum \u00e0 assurer.<\/p>\t\t\t\t\t\t\t\t<\/div>\n\t\t\t\t<\/div>\n\t\t\t\t<\/div>\n\t\t<div class=\"elementor-element elementor-element-ce35dde e-con-full e-flex e-con e-child\" data-id=\"ce35dde\" data-element_type=\"container\" data-e-type=\"container\">\n\t\t\t\t<div class=\"elementor-element elementor-element-2cff1ac elementor-widget elementor-widget-video\" data-id=\"2cff1ac\" data-element_type=\"widget\" data-e-type=\"widget\" data-settings=\"{&quot;youtube_url&quot;:&quot;https:\\\/\\\/youtu.be\\\/CQZkj9nhzzk?si=NbMzUX91rR2NStLs&quot;,&quot;video_type&quot;:&quot;youtube&quot;,&quot;controls&quot;:&quot;yes&quot;}\" data-widget_type=\"video.default\">\n\t\t\t\t<div class=\"elementor-widget-container\">\n\t\t\t\t\t\t\t<div class=\"elementor-wrapper elementor-open-inline\">\n\t\t\t<div class=\"elementor-video\"><\/div>\t\t<\/div>\n\t\t\t\t\t\t<\/div>\n\t\t\t\t<\/div>\n\t\t\t\t<\/div>\n\t\t\t\t<\/div>\n\t\t<div class=\"elementor-element elementor-element-519d459 e-con-full e-flex e-con e-child\" data-id=\"519d459\" data-element_type=\"container\" data-e-type=\"container\">\n\t\t\t\t<div class=\"elementor-element elementor-element-314f4c9 section-inner-spacer elementor-widget elementor-widget-spacer\" data-id=\"314f4c9\" data-element_type=\"widget\" data-e-type=\"widget\" data-widget_type=\"spacer.default\">\n\t\t\t\t<div class=\"elementor-widget-container\">\n\t\t\t\t\t\t\t<div class=\"elementor-spacer\">\n\t\t\t<div class=\"elementor-spacer-inner\"><\/div>\n\t\t<\/div>\n\t\t\t\t\t\t<\/div>\n\t\t\t\t<\/div>\n\t\t\t\t<\/div>\n\t\t\t\t<\/div>\n\t\t\t\t\t<\/div>\n\t\t\t\t<\/div>\n\t\t<div class=\"elementor-element elementor-element-52e67d4 e-flex e-con-boxed e-con e-parent\" data-id=\"52e67d4\" data-element_type=\"container\" data-e-type=\"container\">\n\t\t\t\t\t<div class=\"e-con-inner\">\n\t\t<div class=\"elementor-element elementor-element-db33c8d e-con-full e-flex e-con e-child\" data-id=\"db33c8d\" data-element_type=\"container\" data-e-type=\"container\">\n\t\t<div class=\"elementor-element elementor-element-e05fa8d e-con-full e-flex e-con e-child\" data-id=\"e05fa8d\" data-element_type=\"container\" data-e-type=\"container\">\n\t\t\t\t<div class=\"elementor-element elementor-element-0eca126 elementor-widget elementor-widget-heading\" data-id=\"0eca126\" data-element_type=\"widget\" data-e-type=\"widget\" data-widget_type=\"heading.default\">\n\t\t\t\t<div class=\"elementor-widget-container\">\n\t\t\t\t\t<h2 class=\"elementor-heading-title elementor-size-default\">Mobilit\u00e9 de formation<\/h2>\t\t\t\t<\/div>\n\t\t\t\t<\/div>\n\t\t\t\t<div class=\"elementor-element elementor-element-2dd9058 elementor-widget-divider--view-line elementor-widget elementor-widget-divider\" data-id=\"2dd9058\" data-element_type=\"widget\" data-e-type=\"widget\" data-widget_type=\"divider.default\">\n\t\t\t\t<div class=\"elementor-widget-container\">\n\t\t\t\t\t\t\t<div class=\"elementor-divider\">\n\t\t\t<span class=\"elementor-divider-separator\">\n\t\t\t\t\t\t<\/span>\n\t\t<\/div>\n\t\t\t\t\t\t<\/div>\n\t\t\t\t<\/div>\n\t\t\t\t<\/div>\n\t\t<div class=\"elementor-element elementor-element-65505a8 e-con-full e-flex e-con e-child\" data-id=\"65505a8\" data-element_type=\"container\" data-e-type=\"container\">\n\t\t<div class=\"elementor-element elementor-element-ff71716 e-con-full e-flex e-con e-child\" data-id=\"ff71716\" data-element_type=\"container\" data-e-type=\"container\">\n\t\t\t\t<div class=\"elementor-element elementor-element-04306d3 elementor-widget elementor-widget-text-editor\" data-id=\"04306d3\" data-element_type=\"widget\" data-e-type=\"widget\" data-widget_type=\"text-editor.default\">\n\t\t\t\t<div class=\"elementor-widget-container\">\n\t\t\t\t\t\t\t\t\t<p>Le personnel de l\u2019ICT (toute cat\u00e9gorie et fonction confondues) peut effectuer\u00a0une mobilit\u00e9 de formation dans un \u00e9tablissement d\u2019enseignement\u00a0sup\u00e9rieur, une entreprise ou un organisme de formation d\u2019un autre pays d\u2019Europe. Vous pouvez partir observer le fonctionnement d\u2019un service, ou bien participer \u00e0 une\u00a0Staff\u00a0Week.<\/p><p><strong>Dur\u00e9e\u00a0:<\/strong> de 2 jours \u00e0 2 mois (hors voyages)<\/p>\t\t\t\t\t\t\t\t<\/div>\n\t\t\t\t<\/div>\n\t\t\t\t<\/div>\n\t\t<div class=\"elementor-element elementor-element-7876910 e-con-full e-flex e-con e-child\" data-id=\"7876910\" data-element_type=\"container\" data-e-type=\"container\">\n\t\t\t\t<div class=\"elementor-element elementor-element-043d754 elementor-widget elementor-widget-video\" data-id=\"043d754\" data-element_type=\"widget\" data-e-type=\"widget\" data-settings=\"{&quot;youtube_url&quot;:&quot;https:\\\/\\\/youtu.be\\\/zjIP6DyoQkg?si=YeofC2_bJk6DJOdw&quot;,&quot;video_type&quot;:&quot;youtube&quot;,&quot;controls&quot;:&quot;yes&quot;}\" data-widget_type=\"video.default\">\n\t\t\t\t<div class=\"elementor-widget-container\">\n\t\t\t\t\t\t\t<div class=\"elementor-wrapper elementor-open-inline\">\n\t\t\t<div class=\"elementor-video\"><\/div>\t\t<\/div>\n\t\t\t\t\t\t<\/div>\n\t\t\t\t<\/div>\n\t\t\t\t<\/div>\n\t\t\t\t<\/div>\n\t\t\t\t<\/div>\n\t\t<div class=\"elementor-element elementor-element-eeafe0c e-con-full e-flex e-con e-child\" data-id=\"eeafe0c\" data-element_type=\"container\" data-e-type=\"container\">\n\t\t\t\t<div class=\"elementor-element elementor-element-304ef4f section-inner-spacer elementor-widget elementor-widget-spacer\" data-id=\"304ef4f\" data-element_type=\"widget\" data-e-type=\"widget\" data-widget_type=\"spacer.default\">\n\t\t\t\t<div class=\"elementor-widget-container\">\n\t\t\t\t\t\t\t<div class=\"elementor-spacer\">\n\t\t\t<div class=\"elementor-spacer-inner\"><\/div>\n\t\t<\/div>\n\t\t\t\t\t\t<\/div>\n\t\t\t\t<\/div>\n\t\t\t\t<\/div>\n\t\t\t\t\t<\/div>\n\t\t\t\t<\/div>\n\t\t<div class=\"elementor-element elementor-element-8ac9a77 elementor-hidden-widescreen elementor-hidden-desktop elementor-hidden-laptop elementor-hidden-tablet elementor-hidden-mobile e-flex e-con-boxed e-con e-parent\" data-id=\"8ac9a77\" data-element_type=\"container\" data-e-type=\"container\" data-settings=\"{&quot;background_background&quot;:&quot;classic&quot;}\">\n\t\t\t\t\t<div class=\"e-con-inner\">\n\t\t<div class=\"elementor-element elementor-element-4fd8a2b e-con-full e-flex e-con e-child\" data-id=\"4fd8a2b\" data-element_type=\"container\" data-e-type=\"container\" data-settings=\"{&quot;background_background&quot;:&quot;classic&quot;}\">\n\t\t<div class=\"elementor-element elementor-element-6bac6d2 e-con-full e-flex e-con e-child\" data-id=\"6bac6d2\" data-element_type=\"container\" data-e-type=\"container\">\n\t\t\t\t<div class=\"elementor-element elementor-element-1fd3ce2 elementor-widget elementor-widget-heading\" data-id=\"1fd3ce2\" data-element_type=\"widget\" data-e-type=\"widget\" data-widget_type=\"heading.default\">\n\t\t\t\t<div class=\"elementor-widget-container\">\n\t\t\t\t\t<h2 class=\"elementor-heading-title elementor-size-default\">Candidature pour la mobilit\u00e9 2024-25<\/h2>\t\t\t\t<\/div>\n\t\t\t\t<\/div>\n\t\t\t\t<div class=\"elementor-element elementor-element-f2128fb elementor-widget-divider--view-line elementor-widget elementor-widget-divider\" data-id=\"f2128fb\" data-element_type=\"widget\" data-e-type=\"widget\" data-widget_type=\"divider.default\">\n\t\t\t\t<div class=\"elementor-widget-container\">\n\t\t\t\t\t\t\t<div class=\"elementor-divider\">\n\t\t\t<span class=\"elementor-divider-separator\">\n\t\t\t\t\t\t<\/span>\n\t\t<\/div>\n\t\t\t\t\t\t<\/div>\n\t\t\t\t<\/div>\n\t\t\t\t<\/div>\n\t\t<div class=\"elementor-element elementor-element-20ba118 e-con-full e-flex e-con e-child\" data-id=\"20ba118\" data-element_type=\"container\" data-e-type=\"container\">\n\t\t\t\t<div class=\"elementor-element elementor-element-bfa1c88 elementor-widget elementor-widget-text-editor\" data-id=\"bfa1c88\" data-element_type=\"widget\" data-e-type=\"widget\" data-widget_type=\"text-editor.default\">\n\t\t\t\t<div class=\"elementor-widget-container\">\n\t\t\t\t\t\t\t\t\t<p id=\"E338\" class=\"x-scope qowt-word-para-3\"><span id=\"E339\" class=\"qowt-font5-Karla\">Le d\u00e9p\u00f4t des dossiers doit se faire aupr\u00e8s du service Relations internationales qui les transmettra au Secr\u00e9tariat G\u00e9n\u00e9ral. La validation des dossiers se fera suite \u00e0 une commission (Relations internationales\/ Doyens).<\/span><\/p><p id=\"E340\" class=\"x-scope qowt-word-para-3\"><span id=\"E341\" class=\"qowt-font5-Karla\">Le nombre de bourses \u00e9tant limit\u00e9 chaque ann\u00e9e, les salari\u00e9s int\u00e9ress\u00e9s doivent prendre contact avec leur doyen ou directeur d\u2019organisme pour pr\u00e9senter leur projet de mobilit\u00e9. <\/span><span id=\"E342\"><\/span><\/p><p id=\"E343\" class=\"x-scope qowt-word-para-3\"><span id=\"E344\" class=\"qowt-font5-Karla\">Pour candidater, merci de t\u00e9l\u00e9charger et compl\u00e9ter les documents suivants dans la rubrique Documents et ressources. <\/span><\/p>\t\t\t\t\t\t\t\t<\/div>\n\t\t\t\t<\/div>\n\t\t\t\t<\/div>\n\t\t\t\t<\/div>\n\t\t\t\t\t<\/div>\n\t\t\t\t<\/div>\n\t\t<div class=\"elementor-element elementor-element-1520b163 elementor-hidden-widescreen elementor-hidden-desktop elementor-hidden-laptop elementor-hidden-tablet elementor-hidden-mobile e-flex e-con-boxed e-con e-parent\" data-id=\"1520b163\" data-element_type=\"container\" data-e-type=\"container\">\n\t\t\t\t\t<div class=\"e-con-inner\">\n\t\t<div class=\"elementor-element elementor-element-5b405d65 e-flex e-con-boxed e-con e-child\" data-id=\"5b405d65\" data-element_type=\"container\" data-e-type=\"container\">\n\t\t\t\t\t<div class=\"e-con-inner\">\n\t\t\t\t<div class=\"elementor-element elementor-element-74c7cc8f elementor-widget elementor-widget-spacer\" data-id=\"74c7cc8f\" data-element_type=\"widget\" data-e-type=\"widget\" data-widget_type=\"spacer.default\">\n\t\t\t\t<div class=\"elementor-widget-container\">\n\t\t\t\t\t\t\t<div class=\"elementor-spacer\">\n\t\t\t<div class=\"elementor-spacer-inner\"><\/div>\n\t\t<\/div>\n\t\t\t\t\t\t<\/div>\n\t\t\t\t<\/div>\n\t\t\t\t\t<\/div>\n\t\t\t\t<\/div>\n\t\t<div class=\"elementor-element elementor-element-ed56b79 e-flex e-con-boxed e-con e-child\" data-id=\"ed56b79\" data-element_type=\"container\" data-e-type=\"container\">\n\t\t\t\t\t<div class=\"e-con-inner\">\n\t\t\t\t<div class=\"elementor-element elementor-element-2b01f597 elementor-widget elementor-widget-heading\" data-id=\"2b01f597\" data-element_type=\"widget\" data-e-type=\"widget\" data-widget_type=\"heading.default\">\n\t\t\t\t<div class=\"elementor-widget-container\">\n\t\t\t\t\t<h3 class=\"elementor-heading-title elementor-size-default\">T\u00e9moignages<\/h3>\t\t\t\t<\/div>\n\t\t\t\t<\/div>\n\t\t\t\t<div class=\"elementor-element elementor-element-3c71c2ce elementor-widget-divider--view-line elementor-widget elementor-widget-divider\" data-id=\"3c71c2ce\" data-element_type=\"widget\" data-e-type=\"widget\" data-widget_type=\"divider.default\">\n\t\t\t\t<div class=\"elementor-widget-container\">\n\t\t\t\t\t\t\t<div class=\"elementor-divider\">\n\t\t\t<span class=\"elementor-divider-separator\">\n\t\t\t\t\t\t<\/span>\n\t\t<\/div>\n\t\t\t\t\t\t<\/div>\n\t\t\t\t<\/div>\n\t\t<div class=\"elementor-element elementor-element-5c38a31a e-con-full our-testomonial-slider e-flex e-con e-child\" data-id=\"5c38a31a\" data-element_type=\"container\" data-e-type=\"container\">\n\t\t<div class=\"elementor-element elementor-element-7da732c2 e-con-full testomonial-slider e-flex e-con e-child\" data-id=\"7da732c2\" data-element_type=\"container\" data-e-type=\"container\">\n\t\t<div class=\"elementor-element elementor-element-3885ff58 e-con-full slide-image-h100 e-flex e-con e-child\" data-id=\"3885ff58\" data-element_type=\"container\" data-e-type=\"container\" data-settings=\"{&quot;background_background&quot;:&quot;classic&quot;}\">\n\t\t<div class=\"elementor-element elementor-element-15024d15 e-con-full e-flex e-con e-child\" data-id=\"15024d15\" data-element_type=\"container\" data-e-type=\"container\">\n\t\t\t\t<div class=\"elementor-element elementor-element-3668cbda elementor-widget elementor-widget-image\" data-id=\"3668cbda\" data-element_type=\"widget\" data-e-type=\"widget\" data-widget_type=\"image.default\">\n\t\t\t\t<div class=\"elementor-widget-container\">\n\t\t\t\t\t\t\t\t\t\t\t\t\t\t\t<img decoding=\"async\" src=\"https:\/\/ict-toulouse.fr\/wp-content\/uploads\/2024\/07\/slide-img1.webp\" title=\"\" alt=\"\" loading=\"lazy\" \/>\t\t\t\t\t\t\t\t\t\t\t\t\t\t\t<\/div>\n\t\t\t\t<\/div>\n\t\t\t\t<\/div>\n\t\t<div class=\"elementor-element elementor-element-5f35c66a e-con-full slider-content-padding e-flex e-con e-child\" data-id=\"5f35c66a\" data-element_type=\"container\" data-e-type=\"container\">\n\t\t\t\t<div class=\"elementor-element elementor-element-70dd4037 elementor-widget elementor-widget-text-editor\" data-id=\"70dd4037\" data-element_type=\"widget\" data-e-type=\"widget\" data-widget_type=\"text-editor.default\">\n\t\t\t\t<div class=\"elementor-widget-container\">\n\t\t\t\t\t\t\t\t\t<blockquote><p>Lorem ipsum dolor sit amet, consetetur sadipscing elitr, sed diam nonumy eirmod tempor invidunt ut labore et dolore magna aliquyam erat, sed diam voluptua. At vero eos et accusam et justo duo dolores et ea rebum. Stet clita kasd gubergren, no sea takimata sanctus est Lorem ipsum dolor sit amet. Lorem ipsum dolor sit amet, consetetur sadipscing elitr, sed<\/p><h4>DELIA-ELENA<\/h4><p>\u00c9tudiante en Lettres \u00e0 l&#8217;Universit\u00e9 Lasi en Roumanie<\/p><\/blockquote>\t\t\t\t\t\t\t\t<\/div>\n\t\t\t\t<\/div>\n\t\t\t\t<\/div>\n\t\t\t\t<\/div>\n\t\t<div class=\"elementor-element elementor-element-14077272 e-con-full slide-image-h100 e-flex e-con e-child\" data-id=\"14077272\" data-element_type=\"container\" data-e-type=\"container\" data-settings=\"{&quot;background_background&quot;:&quot;classic&quot;}\">\n\t\t<div class=\"elementor-element elementor-element-741141f6 e-con-full e-flex e-con e-child\" data-id=\"741141f6\" data-element_type=\"container\" data-e-type=\"container\">\n\t\t\t\t<div class=\"elementor-element elementor-element-60a6b0c elementor-widget elementor-widget-image\" data-id=\"60a6b0c\" data-element_type=\"widget\" data-e-type=\"widget\" data-widget_type=\"image.default\">\n\t\t\t\t<div class=\"elementor-widget-container\">\n\t\t\t\t\t\t\t\t\t\t\t\t\t\t\t<img decoding=\"async\" src=\"https:\/\/ict-toulouse.fr\/wp-content\/uploads\/2024\/07\/slide-img3.webp\" title=\"\" alt=\"\" loading=\"lazy\" \/>\t\t\t\t\t\t\t\t\t\t\t\t\t\t\t<\/div>\n\t\t\t\t<\/div>\n\t\t\t\t<\/div>\n\t\t<div class=\"elementor-element elementor-element-6bf74997 e-con-full slider-content-padding e-flex e-con e-child\" data-id=\"6bf74997\" data-element_type=\"container\" data-e-type=\"container\">\n\t\t\t\t<div class=\"elementor-element elementor-element-b77960c elementor-widget elementor-widget-text-editor\" data-id=\"b77960c\" data-element_type=\"widget\" data-e-type=\"widget\" data-widget_type=\"text-editor.default\">\n\t\t\t\t<div class=\"elementor-widget-container\">\n\t\t\t\t\t\t\t\t\t<blockquote><p>Lorem ipsum dolor sit amet, consetetur sadipscing elitr, sed diam nonumy eirmod tempor invidunt ut labore et dolore magna aliquyam erat, sed diam voluptua. At vero eos et accusam et justo duo dolores et ea rebum. Stet clita kasd gubergren, no sea takimata sanctus est Lorem ipsum dolor sit amet. Lorem ipsum dolor sit amet, consetetur sadipscing elitr, sed<\/p><h4>DELIA-ELENA<\/h4><p>\u00c9tudiante en Lettres \u00e0 l&#8217;Universit\u00e9 Lasi en Roumanie<\/p><\/blockquote>\t\t\t\t\t\t\t\t<\/div>\n\t\t\t\t<\/div>\n\t\t\t\t<\/div>\n\t\t\t\t<\/div>\n\t\t<div class=\"elementor-element elementor-element-3f1f2b7c e-con-full slide-image-h100 e-flex e-con e-child\" data-id=\"3f1f2b7c\" data-element_type=\"container\" data-e-type=\"container\" data-settings=\"{&quot;background_background&quot;:&quot;classic&quot;}\">\n\t\t<div class=\"elementor-element elementor-element-204ebca7 e-con-full e-flex e-con e-child\" data-id=\"204ebca7\" data-element_type=\"container\" data-e-type=\"container\">\n\t\t\t\t<div class=\"elementor-element elementor-element-1f2c9353 elementor-widget elementor-widget-image\" data-id=\"1f2c9353\" data-element_type=\"widget\" data-e-type=\"widget\" data-widget_type=\"image.default\">\n\t\t\t\t<div class=\"elementor-widget-container\">\n\t\t\t\t\t\t\t\t\t\t\t\t\t\t\t<img decoding=\"async\" src=\"https:\/\/ict-toulouse.fr\/wp-content\/uploads\/2024\/07\/slide-img2.webp\" title=\"\" alt=\"\" loading=\"lazy\" \/>\t\t\t\t\t\t\t\t\t\t\t\t\t\t\t<\/div>\n\t\t\t\t<\/div>\n\t\t\t\t<\/div>\n\t\t<div class=\"elementor-element elementor-element-28d29abe e-con-full slider-content-padding e-flex e-con e-child\" data-id=\"28d29abe\" data-element_type=\"container\" data-e-type=\"container\">\n\t\t\t\t<div class=\"elementor-element elementor-element-6716db45 elementor-widget elementor-widget-text-editor\" data-id=\"6716db45\" data-element_type=\"widget\" data-e-type=\"widget\" data-widget_type=\"text-editor.default\">\n\t\t\t\t<div class=\"elementor-widget-container\">\n\t\t\t\t\t\t\t\t\t<blockquote><p>Lorem ipsum dolor sit amet, consetetur sadipscing elitr, sed diam nonumy eirmod tempor invidunt ut labore et dolore magna aliquyam erat, sed diam voluptua. At vero eos et accusam et justo duo dolores et ea rebum. Stet clita kasd gubergren, no sea takimata sanctus est Lorem ipsum dolor sit amet. Lorem ipsum dolor sit amet, consetetur sadipscing elitr, sed<\/p><h4>DELIA-ELENA<\/h4><p>\u00c9tudiante en Lettres \u00e0 l&#8217;Universit\u00e9 Lasi en Roumanie<\/p><\/blockquote>\t\t\t\t\t\t\t\t<\/div>\n\t\t\t\t<\/div>\n\t\t\t\t<\/div>\n\t\t\t\t<\/div>\n\t\t<div class=\"elementor-element elementor-element-1cc43fcd e-con-full slide-image-h100 e-flex e-con e-child\" data-id=\"1cc43fcd\" data-element_type=\"container\" data-e-type=\"container\" data-settings=\"{&quot;background_background&quot;:&quot;classic&quot;}\">\n\t\t<div class=\"elementor-element elementor-element-1486d5e8 e-con-full e-flex e-con e-child\" data-id=\"1486d5e8\" data-element_type=\"container\" data-e-type=\"container\">\n\t\t\t\t<div class=\"elementor-element elementor-element-8d684c7 elementor-widget elementor-widget-image\" data-id=\"8d684c7\" data-element_type=\"widget\" data-e-type=\"widget\" data-widget_type=\"image.default\">\n\t\t\t\t<div class=\"elementor-widget-container\">\n\t\t\t\t\t\t\t\t\t\t\t\t\t\t\t<img decoding=\"async\" src=\"https:\/\/ict-toulouse.fr\/wp-content\/uploads\/2024\/07\/slide-img1.webp\" title=\"\" alt=\"\" loading=\"lazy\" \/>\t\t\t\t\t\t\t\t\t\t\t\t\t\t\t<\/div>\n\t\t\t\t<\/div>\n\t\t\t\t<\/div>\n\t\t<div class=\"elementor-element elementor-element-435b2fdd e-con-full slider-content-padding e-flex e-con e-child\" data-id=\"435b2fdd\" data-element_type=\"container\" data-e-type=\"container\">\n\t\t\t\t<div class=\"elementor-element elementor-element-30a0830b elementor-widget elementor-widget-text-editor\" data-id=\"30a0830b\" data-element_type=\"widget\" data-e-type=\"widget\" data-widget_type=\"text-editor.default\">\n\t\t\t\t<div class=\"elementor-widget-container\">\n\t\t\t\t\t\t\t\t\t<blockquote><p>Lorem ipsum dolor sit amet, consetetur sadipscing elitr, sed diam nonumy eirmod tempor invidunt ut labore et dolore magna aliquyam erat, sed diam voluptua. At vero eos et accusam et justo duo dolores et ea rebum. Stet clita kasd gubergren, no sea takimata sanctus est Lorem ipsum dolor sit amet. Lorem ipsum dolor sit amet, consetetur sadipscing elitr, sed<\/p><h4>DELIA-ELENA<\/h4><p>\u00c9tudiante en Lettres \u00e0 l&#8217;Universit\u00e9 Lasi en Roumanie<\/p><\/blockquote>\t\t\t\t\t\t\t\t<\/div>\n\t\t\t\t<\/div>\n\t\t\t\t<\/div>\n\t\t\t\t<\/div>\n\t\t\t\t<\/div>\n\t\t\t\t<\/div>\n\t\t\t\t\t<\/div>\n\t\t\t\t<\/div>\n\t\t<div class=\"elementor-element elementor-element-5d6819e e-flex e-con-boxed e-con e-child\" data-id=\"5d6819e\" data-element_type=\"container\" data-e-type=\"container\">\n\t\t\t\t\t<div class=\"e-con-inner\">\n\t\t\t\t<div class=\"elementor-element elementor-element-6c0468bb elementor-widget elementor-widget-spacer\" data-id=\"6c0468bb\" data-element_type=\"widget\" data-e-type=\"widget\" data-widget_type=\"spacer.default\">\n\t\t\t\t<div class=\"elementor-widget-container\">\n\t\t\t\t\t\t\t<div class=\"elementor-spacer\">\n\t\t\t<div class=\"elementor-spacer-inner\"><\/div>\n\t\t<\/div>\n\t\t\t\t\t\t<\/div>\n\t\t\t\t<\/div>\n\t\t\t\t\t<\/div>\n\t\t\t\t<\/div>\n\t\t\t\t\t<\/div>\n\t\t\t\t<\/div>\n\t\t<div class=\"elementor-element elementor-element-326fa7f e-flex e-con-boxed e-con e-parent\" data-id=\"326fa7f\" data-element_type=\"container\" data-e-type=\"container\">\n\t\t\t\t\t<div class=\"e-con-inner\">\n\t\t<div class=\"elementor-element elementor-element-a960c0c e-con-full e-flex e-con e-child\" data-id=\"a960c0c\" data-element_type=\"container\" data-e-type=\"container\">\n\t\t<div class=\"elementor-element elementor-element-825366e e-con-full e-flex e-con e-child\" data-id=\"825366e\" data-element_type=\"container\" data-e-type=\"container\">\n\t\t\t\t<div class=\"elementor-element elementor-element-c460e6d elementor-widget elementor-widget-heading\" data-id=\"c460e6d\" data-element_type=\"widget\" data-e-type=\"widget\" data-widget_type=\"heading.default\">\n\t\t\t\t<div class=\"elementor-widget-container\">\n\t\t\t\t\t<h2 class=\"elementor-heading-title elementor-size-default\">Financement du s\u00e9jour de mobilit\u00e9 d\u2019enseignement et de formation<\/h2>\t\t\t\t<\/div>\n\t\t\t\t<\/div>\n\t\t\t\t<div class=\"elementor-element elementor-element-1f85b0e elementor-widget-divider--view-line elementor-widget elementor-widget-divider\" data-id=\"1f85b0e\" data-element_type=\"widget\" data-e-type=\"widget\" data-widget_type=\"divider.default\">\n\t\t\t\t<div class=\"elementor-widget-container\">\n\t\t\t\t\t\t\t<div class=\"elementor-divider\">\n\t\t\t<span class=\"elementor-divider-separator\">\n\t\t\t\t\t\t<\/span>\n\t\t<\/div>\n\t\t\t\t\t\t<\/div>\n\t\t\t\t<\/div>\n\t\t\t\t<div class=\"elementor-element elementor-element-7b19711 elementor-widget elementor-widget-text-editor\" data-id=\"7b19711\" data-element_type=\"widget\" data-e-type=\"widget\" data-widget_type=\"text-editor.default\">\n\t\t\t\t<div class=\"elementor-widget-container\">\n\t\t\t\t\t\t\t\t\t<p style=\"font-weight: 400;\">Une allocation peut \u00eatre accord\u00e9e pour aider \u00e0 financer les s\u00e9jours de mobilit\u00e9 d\u2019enseignement et de formation.<\/p>\t\t\t\t\t\t\t\t<\/div>\n\t\t\t\t<\/div>\n\t\t\t\t<\/div>\n\t\t<div class=\"elementor-element elementor-element-e2e41ca e-con-full e-flex e-con e-child\" data-id=\"e2e41ca\" data-element_type=\"container\" data-e-type=\"container\">\n\t\t\t\t<div class=\"elementor-element elementor-element-587024a elementor-widget elementor-widget-image\" data-id=\"587024a\" data-element_type=\"widget\" data-e-type=\"widget\" data-widget_type=\"image.default\">\n\t\t\t\t<div class=\"elementor-widget-container\">\n\t\t\t\t\t\t\t\t\t\t\t\t\t\t\t<img fetchpriority=\"high\" decoding=\"async\" width=\"633\" height=\"294\" src=\"https:\/\/www.ict-toulouse.fr\/wp-content\/uploads\/2024\/07\/ICT-2022-fonderie-ext-19.jpg\" class=\"attachment-full size-full wp-image-2594\" alt=\"\" srcset=\"https:\/\/www.ict-toulouse.fr\/wp-content\/uploads\/2024\/07\/ICT-2022-fonderie-ext-19.jpg 633w, https:\/\/www.ict-toulouse.fr\/wp-content\/uploads\/2024\/07\/ICT-2022-fonderie-ext-19-300x139.jpg 300w\" sizes=\"(max-width: 633px) 100vw, 633px\" \/>\t\t\t\t\t\t\t\t\t\t\t\t\t\t\t<\/div>\n\t\t\t\t<\/div>\n\t\t\t\t<\/div>\n\t\t\t\t<\/div>\n\t\t\t\t<div class=\"elementor-element elementor-element-b989599 section-inner-spacer elementor-widget elementor-widget-spacer\" data-id=\"b989599\" data-element_type=\"widget\" data-e-type=\"widget\" data-widget_type=\"spacer.default\">\n\t\t\t\t<div class=\"elementor-widget-container\">\n\t\t\t\t\t\t\t<div class=\"elementor-spacer\">\n\t\t\t<div class=\"elementor-spacer-inner\"><\/div>\n\t\t<\/div>\n\t\t\t\t\t\t<\/div>\n\t\t\t\t<\/div>\n\t\t\t\t\t<\/div>\n\t\t\t\t<\/div>\n\t\t<div class=\"elementor-element elementor-element-a6a90fc e-flex e-con-boxed e-con e-parent\" data-id=\"a6a90fc\" data-element_type=\"container\" data-e-type=\"container\">\n\t\t\t\t\t<div class=\"e-con-inner\">\n\t\t\t\t<div class=\"elementor-element elementor-element-d4c9406 elementor-widget elementor-widget-text-editor\" data-id=\"d4c9406\" data-element_type=\"widget\" data-e-type=\"widget\" data-widget_type=\"text-editor.default\">\n\t\t\t\t<div class=\"elementor-widget-container\">\n\t\t\t\t\t\t\t\t\t<p>NB : Pour vous accompagner au mieux dans vos d\u00e9marches, nous vous invitons \u00e0 contacter en premier lieu le service des relations internationales.<\/p>\t\t\t\t\t\t\t\t<\/div>\n\t\t\t\t<\/div>\n\t\t\t\t\t<\/div>\n\t\t\t\t<\/div>\n\t\t\t\t<\/div>\n\t\t","protected":false},"template":"","class_list":["post-2564","etudier_a_letranger","type-etudier_a_letranger","status-publish","hentry"],"acf":[],"yoast_head":"<!-- This site is optimized with the Yoast SEO plugin v27.1.1 - https:\/\/yoast.com\/product\/yoast-seo-wordpress\/ -->\n<title>Mobilit\u00e9 du personnel - Institut Catholique de Toulouse<\/title>\n<meta name=\"description\" content=\"Dans le cadre du programme Erasmus+, la mobilit\u00e9 du personne permet de partir \u00e0 l&#039;\u00e9tranger pour d\u00e9velopper ses comp\u00e9tences.\" \/>\n<meta name=\"robots\" content=\"index, follow, max-snippet:-1, max-image-preview:large, max-video-preview:-1\" \/>\n<link rel=\"canonical\" href=\"https:\/\/www.ict-toulouse.fr\/en\/etudier-a-linternational\/mobilite-du-personnel\/\" \/>\n<meta property=\"og:locale\" content=\"en_US\" \/>\n<meta property=\"og:type\" content=\"article\" \/>\n<meta property=\"og:title\" content=\"Mobilit\u00e9 du personnel - Institut Catholique de Toulouse\" \/>\n<meta property=\"og:description\" content=\"Dans le cadre du programme Erasmus+, la mobilit\u00e9 du personne permet de partir \u00e0 l&#039;\u00e9tranger pour d\u00e9velopper ses comp\u00e9tences.\" \/>\n<meta property=\"og:url\" content=\"https:\/\/www.ict-toulouse.fr\/en\/etudier-a-linternational\/mobilite-du-personnel\/\" \/>\n<meta property=\"og:site_name\" content=\"Institut Catholique de Toulouse\" \/>\n<meta property=\"article:modified_time\" content=\"2025-02-21T13:29:20+00:00\" \/>\n<meta name=\"twitter:card\" content=\"summary_large_image\" \/>\n<meta name=\"twitter:label1\" content=\"Est. reading time\" \/>\n\t<meta name=\"twitter:data1\" content=\"3 minutes\" \/>\n<script type=\"application\/ld+json\" class=\"yoast-schema-graph\">{\"@context\":\"https:\/\/schema.org\",\"@graph\":[{\"@type\":\"WebPage\",\"@id\":\"https:\/\/www.ict-toulouse.fr\/en\/etudier-a-linternational\/mobilite-du-personnel\/\",\"url\":\"https:\/\/www.ict-toulouse.fr\/en\/etudier-a-linternational\/mobilite-du-personnel\/\",\"name\":\"Mobilit\u00e9 du personnel - Institut Catholique de Toulouse\",\"isPartOf\":{\"@id\":\"https:\/\/www.ict-toulouse.fr\/en\/#website\"},\"primaryImageOfPage\":{\"@id\":\"https:\/\/www.ict-toulouse.fr\/en\/etudier-a-linternational\/mobilite-du-personnel\/#primaryimage\"},\"image\":{\"@id\":\"https:\/\/www.ict-toulouse.fr\/en\/etudier-a-linternational\/mobilite-du-personnel\/#primaryimage\"},\"thumbnailUrl\":\"https:\/\/www.ict-toulouse.fr\/wp-content\/uploads\/2024\/07\/slide-img1.webp\",\"datePublished\":\"2024-07-22T04:52:43+00:00\",\"dateModified\":\"2025-02-21T13:29:20+00:00\",\"description\":\"Dans le cadre du programme Erasmus+, la mobilit\u00e9 du personne permet de partir \u00e0 l'\u00e9tranger pour d\u00e9velopper ses comp\u00e9tences.\",\"breadcrumb\":{\"@id\":\"https:\/\/www.ict-toulouse.fr\/en\/etudier-a-linternational\/mobilite-du-personnel\/#breadcrumb\"},\"inLanguage\":\"en-US\",\"potentialAction\":[{\"@type\":\"ReadAction\",\"target\":[\"https:\/\/www.ict-toulouse.fr\/en\/etudier-a-linternational\/mobilite-du-personnel\/\"]}]},{\"@type\":\"ImageObject\",\"inLanguage\":\"en-US\",\"@id\":\"https:\/\/www.ict-toulouse.fr\/en\/etudier-a-linternational\/mobilite-du-personnel\/#primaryimage\",\"url\":\"https:\/\/www.ict-toulouse.fr\/wp-content\/uploads\/2024\/07\/slide-img1.webp\",\"contentUrl\":\"https:\/\/www.ict-toulouse.fr\/wp-content\/uploads\/2024\/07\/slide-img1.webp\"},{\"@type\":\"BreadcrumbList\",\"@id\":\"https:\/\/www.ict-toulouse.fr\/en\/etudier-a-linternational\/mobilite-du-personnel\/#breadcrumb\",\"itemListElement\":[{\"@type\":\"ListItem\",\"position\":1,\"name\":\"Accueil\",\"item\":\"https:\/\/www.ict-toulouse.fr\/en\/\"},{\"@type\":\"ListItem\",\"position\":2,\"name\":\"Mobilit\u00e9 du personnel\"}]},{\"@type\":\"WebSite\",\"@id\":\"https:\/\/www.ict-toulouse.fr\/en\/#website\",\"url\":\"https:\/\/www.ict-toulouse.fr\/en\/\",\"name\":\"Institut Catholique de Toulouse\",\"description\":\"\",\"publisher\":{\"@id\":\"https:\/\/www.ict-toulouse.fr\/en\/#organization\"},\"alternateName\":\"ICT-Toulouse\",\"potentialAction\":[{\"@type\":\"SearchAction\",\"target\":{\"@type\":\"EntryPoint\",\"urlTemplate\":\"https:\/\/www.ict-toulouse.fr\/en\/?s={search_term_string}\"},\"query-input\":{\"@type\":\"PropertyValueSpecification\",\"valueRequired\":true,\"valueName\":\"search_term_string\"}}],\"inLanguage\":\"en-US\"},{\"@type\":\"Organization\",\"@id\":\"https:\/\/www.ict-toulouse.fr\/en\/#organization\",\"name\":\"ICT-Toulouse\",\"url\":\"https:\/\/www.ict-toulouse.fr\/en\/\",\"logo\":{\"@type\":\"ImageObject\",\"inLanguage\":\"en-US\",\"@id\":\"https:\/\/www.ict-toulouse.fr\/en\/#\/schema\/logo\/image\/\",\"url\":\"https:\/\/www.ict-toulouse.fr\/wp-content\/uploads\/2025\/05\/cropped-Logo-ICT-GENERIQUE-RESERVE-sans-fond.png\",\"contentUrl\":\"https:\/\/www.ict-toulouse.fr\/wp-content\/uploads\/2025\/05\/cropped-Logo-ICT-GENERIQUE-RESERVE-sans-fond.png\",\"width\":464,\"height\":250,\"caption\":\"ICT-Toulouse\"},\"image\":{\"@id\":\"https:\/\/www.ict-toulouse.fr\/en\/#\/schema\/logo\/image\/\"}}]}<\/script>\n<!-- \/ Yoast SEO plugin. -->","yoast_head_json":{"title":"Mobilit\u00e9 du personnel - Institut Catholique de Toulouse","description":"Dans le cadre du programme Erasmus+, la mobilit\u00e9 du personne permet de partir \u00e0 l'\u00e9tranger pour d\u00e9velopper ses comp\u00e9tences.","robots":{"index":"index","follow":"follow","max-snippet":"max-snippet:-1","max-image-preview":"max-image-preview:large","max-video-preview":"max-video-preview:-1"},"canonical":"https:\/\/www.ict-toulouse.fr\/en\/etudier-a-linternational\/mobilite-du-personnel\/","og_locale":"en_US","og_type":"article","og_title":"Mobilit\u00e9 du personnel - Institut Catholique de Toulouse","og_description":"Dans le cadre du programme Erasmus+, la mobilit\u00e9 du personne permet de partir \u00e0 l'\u00e9tranger pour d\u00e9velopper ses comp\u00e9tences.","og_url":"https:\/\/www.ict-toulouse.fr\/en\/etudier-a-linternational\/mobilite-du-personnel\/","og_site_name":"Institut Catholique de Toulouse","article_modified_time":"2025-02-21T13:29:20+00:00","twitter_card":"summary_large_image","twitter_misc":{"Est. reading time":"3 minutes"},"schema":{"@context":"https:\/\/schema.org","@graph":[{"@type":"WebPage","@id":"https:\/\/www.ict-toulouse.fr\/en\/etudier-a-linternational\/mobilite-du-personnel\/","url":"https:\/\/www.ict-toulouse.fr\/en\/etudier-a-linternational\/mobilite-du-personnel\/","name":"Mobilit\u00e9 du personnel - Institut Catholique de Toulouse","isPartOf":{"@id":"https:\/\/www.ict-toulouse.fr\/en\/#website"},"primaryImageOfPage":{"@id":"https:\/\/www.ict-toulouse.fr\/en\/etudier-a-linternational\/mobilite-du-personnel\/#primaryimage"},"image":{"@id":"https:\/\/www.ict-toulouse.fr\/en\/etudier-a-linternational\/mobilite-du-personnel\/#primaryimage"},"thumbnailUrl":"https:\/\/www.ict-toulouse.fr\/wp-content\/uploads\/2024\/07\/slide-img1.webp","datePublished":"2024-07-22T04:52:43+00:00","dateModified":"2025-02-21T13:29:20+00:00","description":"Dans le cadre du programme Erasmus+, la mobilit\u00e9 du personne permet de partir \u00e0 l'\u00e9tranger pour d\u00e9velopper ses comp\u00e9tences.","breadcrumb":{"@id":"https:\/\/www.ict-toulouse.fr\/en\/etudier-a-linternational\/mobilite-du-personnel\/#breadcrumb"},"inLanguage":"en-US","potentialAction":[{"@type":"ReadAction","target":["https:\/\/www.ict-toulouse.fr\/en\/etudier-a-linternational\/mobilite-du-personnel\/"]}]},{"@type":"ImageObject","inLanguage":"en-US","@id":"https:\/\/www.ict-toulouse.fr\/en\/etudier-a-linternational\/mobilite-du-personnel\/#primaryimage","url":"https:\/\/www.ict-toulouse.fr\/wp-content\/uploads\/2024\/07\/slide-img1.webp","contentUrl":"https:\/\/www.ict-toulouse.fr\/wp-content\/uploads\/2024\/07\/slide-img1.webp"},{"@type":"BreadcrumbList","@id":"https:\/\/www.ict-toulouse.fr\/en\/etudier-a-linternational\/mobilite-du-personnel\/#breadcrumb","itemListElement":[{"@type":"ListItem","position":1,"name":"Accueil","item":"https:\/\/www.ict-toulouse.fr\/en\/"},{"@type":"ListItem","position":2,"name":"Mobilit\u00e9 du personnel"}]},{"@type":"WebSite","@id":"https:\/\/www.ict-toulouse.fr\/en\/#website","url":"https:\/\/www.ict-toulouse.fr\/en\/","name":"Institut Catholique de Toulouse","description":"","publisher":{"@id":"https:\/\/www.ict-toulouse.fr\/en\/#organization"},"alternateName":"ICT-Toulouse","potentialAction":[{"@type":"SearchAction","target":{"@type":"EntryPoint","urlTemplate":"https:\/\/www.ict-toulouse.fr\/en\/?s={search_term_string}"},"query-input":{"@type":"PropertyValueSpecification","valueRequired":true,"valueName":"search_term_string"}}],"inLanguage":"en-US"},{"@type":"Organization","@id":"https:\/\/www.ict-toulouse.fr\/en\/#organization","name":"ICT-Toulouse","url":"https:\/\/www.ict-toulouse.fr\/en\/","logo":{"@type":"ImageObject","inLanguage":"en-US","@id":"https:\/\/www.ict-toulouse.fr\/en\/#\/schema\/logo\/image\/","url":"https:\/\/www.ict-toulouse.fr\/wp-content\/uploads\/2025\/05\/cropped-Logo-ICT-GENERIQUE-RESERVE-sans-fond.png","contentUrl":"https:\/\/www.ict-toulouse.fr\/wp-content\/uploads\/2025\/05\/cropped-Logo-ICT-GENERIQUE-RESERVE-sans-fond.png","width":464,"height":250,"caption":"ICT-Toulouse"},"image":{"@id":"https:\/\/www.ict-toulouse.fr\/en\/#\/schema\/logo\/image\/"}}]}},"_links":{"self":[{"href":"https:\/\/www.ict-toulouse.fr\/en\/wp-json\/wp\/v2\/etudier_a_letranger\/2564","targetHints":{"allow":["GET"]}}],"collection":[{"href":"https:\/\/www.ict-toulouse.fr\/en\/wp-json\/wp\/v2\/etudier_a_letranger"}],"about":[{"href":"https:\/\/www.ict-toulouse.fr\/en\/wp-json\/wp\/v2\/types\/etudier_a_letranger"}],"version-history":[{"count":206,"href":"https:\/\/www.ict-toulouse.fr\/en\/wp-json\/wp\/v2\/etudier_a_letranger\/2564\/revisions"}],"predecessor-version":[{"id":27792,"href":"https:\/\/www.ict-toulouse.fr\/en\/wp-json\/wp\/v2\/etudier_a_letranger\/2564\/revisions\/27792"}],"wp:attachment":[{"href":"https:\/\/www.ict-toulouse.fr\/en\/wp-json\/wp\/v2\/media?parent=2564"}],"curies":[{"name":"wp","href":"https:\/\/api.w.org\/{rel}","templated":true}]}}