{"id":2538,"date":"2024-07-19T14:54:03","date_gmt":"2024-07-19T12:54:03","guid":{"rendered":"https:\/\/www.ict-toulouse.fr\/?post_type=etudier_a_letranger&#038;p=2538"},"modified":"2025-09-12T15:44:00","modified_gmt":"2025-09-12T13:44:00","slug":"faire-un-stage-a-linternational","status":"publish","type":"etudier_a_letranger","link":"https:\/\/www.ict-toulouse.fr\/en\/etudier-a-linternational\/faire-un-stage-a-linternational\/","title":{"rendered":"Faire un stage \u00e0 l&#8217;international"},"content":{"rendered":"\t\t<div data-elementor-type=\"wp-post\" data-elementor-id=\"2538\" class=\"elementor elementor-2538\">\n\t\t\t\t<div class=\"elementor-element elementor-element-2ab12a4 e-flex e-con-boxed e-con e-parent\" data-id=\"2ab12a4\" data-element_type=\"container\" data-e-type=\"container\">\n\t\t\t\t\t<div class=\"e-con-inner\">\n\t\t\t\t<div class=\"elementor-element elementor-element-56b8a9c section-inner-spacer elementor-widget elementor-widget-spacer\" data-id=\"56b8a9c\" data-element_type=\"widget\" data-e-type=\"widget\" data-widget_type=\"spacer.default\">\n\t\t\t\t<div class=\"elementor-widget-container\">\n\t\t\t\t\t\t\t<div class=\"elementor-spacer\">\n\t\t\t<div class=\"elementor-spacer-inner\"><\/div>\n\t\t<\/div>\n\t\t\t\t\t\t<\/div>\n\t\t\t\t<\/div>\n\t\t<div class=\"elementor-element elementor-element-ac3defa e-con-full e-flex e-con e-child\" data-id=\"ac3defa\" data-element_type=\"container\" data-e-type=\"container\">\n\t\t<div class=\"elementor-element elementor-element-c4d5247 e-con-full e-flex e-con e-child\" data-id=\"c4d5247\" data-element_type=\"container\" data-e-type=\"container\">\n\t\t<div class=\"elementor-element elementor-element-7797f03 e-con-full e-flex e-con e-child\" data-id=\"7797f03\" data-element_type=\"container\" data-e-type=\"container\" data-settings=\"{&quot;background_background&quot;:&quot;classic&quot;}\">\n\t\t\t\t<div class=\"elementor-element elementor-element-f8759c9 elementor-widget elementor-widget-heading\" data-id=\"f8759c9\" data-element_type=\"widget\" data-e-type=\"widget\" data-widget_type=\"heading.default\">\n\t\t\t\t<div class=\"elementor-widget-container\">\n\t\t\t\t\t<h2 class=\"elementor-heading-title elementor-size-default\">Stages \u00e0 l'\u00e9tranger<\/h2>\t\t\t\t<\/div>\n\t\t\t\t<\/div>\n\t\t\t\t<div class=\"elementor-element elementor-element-61a21fd elementor-widget-divider--view-line elementor-widget elementor-widget-divider\" data-id=\"61a21fd\" data-element_type=\"widget\" data-e-type=\"widget\" data-widget_type=\"divider.default\">\n\t\t\t\t<div class=\"elementor-widget-container\">\n\t\t\t\t\t\t\t<div class=\"elementor-divider\">\n\t\t\t<span class=\"elementor-divider-separator\">\n\t\t\t\t\t\t<\/span>\n\t\t<\/div>\n\t\t\t\t\t\t<\/div>\n\t\t\t\t<\/div>\n\t\t\t\t<div class=\"elementor-element elementor-element-7d4887c elementor-widget elementor-widget-text-editor\" data-id=\"7d4887c\" data-element_type=\"widget\" data-e-type=\"widget\" data-widget_type=\"text-editor.default\">\n\t\t\t\t<div class=\"elementor-widget-container\">\n\t\t\t\t\t\t\t\t\t<p>Faire un stage \u00e0 l\u2019\u00e9tranger est une bonne occasion d\u2019acqu\u00e9rir de l\u2019exp\u00e9rience professionnelle, d\u2019am\u00e9liorer ses comp\u00e9tences linguistiques et de d\u00e9couvrir une autre culture. C\u2019est pourquoi l\u2019ICT vous encourage \u00e0 oser l\u2019aventure internationale.<\/p><p><span id=\"E291\" class=\"qowt-font3-Karla\">Plusieurs possibilit\u00e9s s\u2019offrent \u00e0 vous\u00a0: vous pouvez effectuer un <\/span><span id=\"E292\" class=\"qowt-font3-Karla\">stage de 2 \u00e0 6 mois avec une allocation du programme <\/span><span id=\"E296\" class=\"qowt-font3-Karla\">Erasmus+<\/span> (sous conditions)<span id=\"E297\" class=\"qowt-font3-Karla\">, <\/span><span id=\"E298\" class=\"qowt-font3-Karla\">partir<\/span><span id=\"E299\" class=\"qowt-font3-Karla\"> hors Europe, ou <\/span><span id=\"E300\" class=\"qowt-font3-Karla\">p<\/span><span id=\"E301\" class=\"qowt-font3-Karla\">ostuler <\/span><span id=\"E302\" class=\"qowt-font3-Karla\">aux<\/span><span id=\"E303\" class=\"qowt-font3-Karla\"> offres propos\u00e9es par le\u00a0<\/span><a id=\"E304\" contenteditable=\"false\" href=\"https:\/\/www.diplomatie.gouv.fr\/fr\/emplois-stages-concours\/stagiaires-etudiants\/\" target=\"_blank\" rel=\"noopener\"><span id=\"E305\" class=\"qowt-font3-Karla\">Minist\u00e8re de l\u2019Europe et des Affaires \u00e9trang\u00e8res<\/span><\/a><span id=\"E306\" class=\"qowt-font3-Karla\">.<\/span><\/p><p style=\"font-weight: 400;\">Contactez le service des Relations Internationales pour toute information.<\/p>\t\t\t\t\t\t\t\t<\/div>\n\t\t\t\t<\/div>\n\t\t\t\t<\/div>\n\t\t\t\t<\/div>\n\t\t<div class=\"elementor-element elementor-element-cef5e5a e-con-full e-flex e-con e-child\" data-id=\"cef5e5a\" data-element_type=\"container\" data-e-type=\"container\">\n\t\t<div class=\"elementor-element elementor-element-f8141c9 e-con-full asset-rb e-flex e-con e-child\" data-id=\"f8141c9\" data-element_type=\"container\" data-e-type=\"container\">\n\t\t\t\t<div class=\"elementor-element elementor-element-143f6a4 elementor-widget elementor-widget-image\" data-id=\"143f6a4\" data-element_type=\"widget\" data-e-type=\"widget\" data-widget_type=\"image.default\">\n\t\t\t\t<div class=\"elementor-widget-container\">\n\t\t\t\t\t\t\t\t\t\t\t\t\t\t\t<img decoding=\"async\" src=\"https:\/\/ict-toulouse.fr\/wp-content\/uploads\/2024\/07\/zcveynfk.jpg\" title=\"\" alt=\"\" loading=\"lazy\" \/>\t\t\t\t\t\t\t\t\t\t\t\t\t\t\t<\/div>\n\t\t\t\t<\/div>\n\t\t\t\t<\/div>\n\t\t\t\t<\/div>\n\t\t\t\t<\/div>\n\t\t\t\t<div class=\"elementor-element elementor-element-f2f7b23 section-inner-spacer elementor-widget elementor-widget-spacer\" data-id=\"f2f7b23\" data-element_type=\"widget\" data-e-type=\"widget\" data-widget_type=\"spacer.default\">\n\t\t\t\t<div class=\"elementor-widget-container\">\n\t\t\t\t\t\t\t<div class=\"elementor-spacer\">\n\t\t\t<div class=\"elementor-spacer-inner\"><\/div>\n\t\t<\/div>\n\t\t\t\t\t\t<\/div>\n\t\t\t\t<\/div>\n\t\t\t\t\t<\/div>\n\t\t\t\t<\/div>\n\t\t<div class=\"elementor-element elementor-element-8c0700e e-flex e-con-boxed e-con e-parent\" data-id=\"8c0700e\" data-element_type=\"container\" data-e-type=\"container\">\n\t\t\t\t\t<div class=\"e-con-inner\">\n\t\t<div class=\"elementor-element elementor-element-d6e6226 e-con-full e-flex e-con e-child\" data-id=\"d6e6226\" data-element_type=\"container\" data-e-type=\"container\">\n\t\t<div class=\"elementor-element elementor-element-acec759 e-con-full e-flex e-con e-child\" data-id=\"acec759\" data-element_type=\"container\" data-e-type=\"container\">\n\t\t\t\t<div class=\"elementor-element elementor-element-86b3206 elementor-widget elementor-widget-image\" data-id=\"86b3206\" data-element_type=\"widget\" data-e-type=\"widget\" data-widget_type=\"image.default\">\n\t\t\t\t<div class=\"elementor-widget-container\">\n\t\t\t\t\t\t\t\t\t\t\t\t\t\t\t<img fetchpriority=\"high\" decoding=\"async\" width=\"643\" height=\"405\" src=\"https:\/\/www.ict-toulouse.fr\/wp-content\/uploads\/2024\/07\/ICT-2022-bibliothSque-17.jpg\" class=\"attachment-large size-large wp-image-2550\" alt=\"\" srcset=\"https:\/\/www.ict-toulouse.fr\/wp-content\/uploads\/2024\/07\/ICT-2022-bibliothSque-17.jpg 643w, https:\/\/www.ict-toulouse.fr\/wp-content\/uploads\/2024\/07\/ICT-2022-bibliothSque-17-300x189.jpg 300w\" sizes=\"(max-width: 643px) 100vw, 643px\" \/>\t\t\t\t\t\t\t\t\t\t\t\t\t\t\t<\/div>\n\t\t\t\t<\/div>\n\t\t\t\t<\/div>\n\t\t<div class=\"elementor-element elementor-element-fefd647 e-con-full e-flex e-con e-child\" data-id=\"fefd647\" data-element_type=\"container\" data-e-type=\"container\">\n\t\t\t\t<div class=\"elementor-element elementor-element-40d9622 elementor-widget elementor-widget-heading\" data-id=\"40d9622\" data-element_type=\"widget\" data-e-type=\"widget\" data-widget_type=\"heading.default\">\n\t\t\t\t<div class=\"elementor-widget-container\">\n\t\t\t\t\t<h2 class=\"elementor-heading-title elementor-size-default\">Stages Erasmus+<\/h2>\t\t\t\t<\/div>\n\t\t\t\t<\/div>\n\t\t\t\t<div class=\"elementor-element elementor-element-86b0758 elementor-widget-divider--view-line elementor-widget elementor-widget-divider\" data-id=\"86b0758\" data-element_type=\"widget\" data-e-type=\"widget\" data-widget_type=\"divider.default\">\n\t\t\t\t<div class=\"elementor-widget-container\">\n\t\t\t\t\t\t\t<div class=\"elementor-divider\">\n\t\t\t<span class=\"elementor-divider-separator\">\n\t\t\t\t\t\t<\/span>\n\t\t<\/div>\n\t\t\t\t\t\t<\/div>\n\t\t\t\t<\/div>\n\t\t\t\t<div class=\"elementor-element elementor-element-36ab039 elementor-widget elementor-widget-text-editor\" data-id=\"36ab039\" data-element_type=\"widget\" data-e-type=\"widget\" data-widget_type=\"text-editor.default\">\n\t\t\t\t<div class=\"elementor-widget-container\">\n\t\t\t\t\t\t\t\t\t<p>Si vous trouvez un stage en Europe, vous devez d&#8217;abord \u00e9tablir une convention de stage aupr\u00e8s du service SOIE de l\u2019ICT. Ensuite, contactez le service des Relations internationales pour v\u00e9rifier si vous \u00eates \u00e9ligible \u00e0 une bourse Erasmus+ (stage de 2 mois minimum, subventionn\u00e9).<\/p>\t\t\t\t\t\t\t\t<\/div>\n\t\t\t\t<\/div>\n\t\t\t\t<\/div>\n\t\t\t\t<\/div>\n\t\t\t\t\t<\/div>\n\t\t\t\t<\/div>\n\t\t<div class=\"elementor-element elementor-element-557020b e-flex e-con-boxed e-con e-parent\" data-id=\"557020b\" data-element_type=\"container\" data-e-type=\"container\">\n\t\t\t\t\t<div class=\"e-con-inner\">\n\t\t\t\t<div class=\"elementor-element elementor-element-f025c8a section-inner-spacer elementor-widget elementor-widget-spacer\" data-id=\"f025c8a\" data-element_type=\"widget\" data-e-type=\"widget\" data-widget_type=\"spacer.default\">\n\t\t\t\t<div class=\"elementor-widget-container\">\n\t\t\t\t\t\t\t<div class=\"elementor-spacer\">\n\t\t\t<div class=\"elementor-spacer-inner\"><\/div>\n\t\t<\/div>\n\t\t\t\t\t\t<\/div>\n\t\t\t\t<\/div>\n\t\t\t\t\t<\/div>\n\t\t\t\t<\/div>\n\t\t<div class=\"elementor-element elementor-element-81e426f e-flex e-con-boxed e-con e-parent\" data-id=\"81e426f\" data-element_type=\"container\" data-e-type=\"container\">\n\t\t\t\t\t<div class=\"e-con-inner\">\n\t\t<div class=\"elementor-element elementor-element-534401b e-con-full e-flex e-con e-child\" data-id=\"534401b\" data-element_type=\"container\" data-e-type=\"container\">\n\t\t<div class=\"elementor-element elementor-element-09a423f e-con-full e-flex e-con e-child\" data-id=\"09a423f\" data-element_type=\"container\" data-e-type=\"container\">\n\t\t<div class=\"elementor-element elementor-element-c9880ad e-con-full e-flex e-con e-child\" data-id=\"c9880ad\" data-element_type=\"container\" data-e-type=\"container\">\n\t\t\t\t<div class=\"elementor-element elementor-element-b523264 elementor-widget elementor-widget-heading\" data-id=\"b523264\" data-element_type=\"widget\" data-e-type=\"widget\" data-widget_type=\"heading.default\">\n\t\t\t\t<div class=\"elementor-widget-container\">\n\t\t\t\t\t<h2 class=\"elementor-heading-title elementor-size-default\">Stages propos\u00e9s par le Minist\u00e8re de l\u2019Europe \net des Affaires \u00e9trang\u00e8res<\/h2>\t\t\t\t<\/div>\n\t\t\t\t<\/div>\n\t\t\t\t<div class=\"elementor-element elementor-element-76bfded elementor-widget-divider--view-line elementor-widget elementor-widget-divider\" data-id=\"76bfded\" data-element_type=\"widget\" data-e-type=\"widget\" data-widget_type=\"divider.default\">\n\t\t\t\t<div class=\"elementor-widget-container\">\n\t\t\t\t\t\t\t<div class=\"elementor-divider\">\n\t\t\t<span class=\"elementor-divider-separator\">\n\t\t\t\t\t\t<\/span>\n\t\t<\/div>\n\t\t\t\t\t\t<\/div>\n\t\t\t\t<\/div>\n\t\t\t\t<\/div>\n\t\t\t\t<\/div>\n\t\t<div class=\"elementor-element elementor-element-9d7522f e-con-full e-flex e-con e-child\" data-id=\"9d7522f\" data-element_type=\"container\" data-e-type=\"container\">\n\t\t<div class=\"elementor-element elementor-element-7cd8f06 e-con-full underline e-flex e-con e-child\" data-id=\"7cd8f06\" data-element_type=\"container\" data-e-type=\"container\">\n\t\t\t\t<div class=\"elementor-element elementor-element-64fa79e elementor-widget elementor-widget-text-editor\" data-id=\"64fa79e\" data-element_type=\"widget\" data-e-type=\"widget\" data-widget_type=\"text-editor.default\">\n\t\t\t\t<div class=\"elementor-widget-container\">\n\t\t\t\t\t\t\t\t\t<p>Le Minist\u00e8re de l\u2019Europe et des Affaires \u00e9trang\u00e8res propose r\u00e9guli\u00e8rement des offres de stages dans des consulats ou ambassades de France. <br \/>Pour en savoir plus : <a href=\"https:\/\/www.diplomatie.gouv.fr\/fr\/emplois-stages-concours\/stagiaires-etudiants\/\">https:\/\/www.diplomatie.gouv.fr\/fr\/emplois-stages-concours\/stagiaires-etudiants\/<\/a><\/p>\t\t\t\t\t\t\t\t<\/div>\n\t\t\t\t<\/div>\n\t\t\t\t<\/div>\n\t\t\t\t<\/div>\n\t\t\t\t<\/div>\n\t\t\t\t\t<\/div>\n\t\t\t\t<\/div>\n\t\t<div class=\"elementor-element elementor-element-a40aa40 e-flex e-con-boxed e-con e-parent\" data-id=\"a40aa40\" data-element_type=\"container\" data-e-type=\"container\" data-settings=\"{&quot;background_background&quot;:&quot;classic&quot;}\">\n\t\t\t\t\t<div class=\"e-con-inner\">\n\t\t\t\t<div class=\"elementor-element elementor-element-0d8859b elementor-widget elementor-widget-spacer\" data-id=\"0d8859b\" data-element_type=\"widget\" data-e-type=\"widget\" data-widget_type=\"spacer.default\">\n\t\t\t\t<div class=\"elementor-widget-container\">\n\t\t\t\t\t\t\t<div class=\"elementor-spacer\">\n\t\t\t<div class=\"elementor-spacer-inner\"><\/div>\n\t\t<\/div>\n\t\t\t\t\t\t<\/div>\n\t\t\t\t<\/div>\n\t\t<div class=\"elementor-element elementor-element-26c4cb1 e-con-full e-flex e-con e-child\" data-id=\"26c4cb1\" data-element_type=\"container\" data-e-type=\"container\">\n\t\t<div class=\"elementor-element elementor-element-a4e2df1 e-con-full e-flex e-con e-child\" data-id=\"a4e2df1\" data-element_type=\"container\" data-e-type=\"container\">\n\t\t<div class=\"elementor-element elementor-element-a99fba5 e-con-full e-flex e-con e-child\" data-id=\"a99fba5\" data-element_type=\"container\" data-e-type=\"container\" data-settings=\"{&quot;background_background&quot;:&quot;classic&quot;}\">\n\t\t\t\t<div class=\"elementor-element elementor-element-658d94d elementor-widget elementor-widget-heading\" data-id=\"658d94d\" data-element_type=\"widget\" data-e-type=\"widget\" data-widget_type=\"heading.default\">\n\t\t\t\t<div class=\"elementor-widget-container\">\n\t\t\t\t\t<h2 class=\"elementor-heading-title elementor-size-default\">Partir comme assistant \nde fran\u00e7ais<\/h2>\t\t\t\t<\/div>\n\t\t\t\t<\/div>\n\t\t\t\t<div class=\"elementor-element elementor-element-201187d elementor-widget-divider--view-line elementor-widget elementor-widget-divider\" data-id=\"201187d\" data-element_type=\"widget\" data-e-type=\"widget\" data-widget_type=\"divider.default\">\n\t\t\t\t<div class=\"elementor-widget-container\">\n\t\t\t\t\t\t\t<div class=\"elementor-divider\">\n\t\t\t<span class=\"elementor-divider-separator\">\n\t\t\t\t\t\t<\/span>\n\t\t<\/div>\n\t\t\t\t\t\t<\/div>\n\t\t\t\t<\/div>\n\t\t\t\t<div class=\"elementor-element elementor-element-d5277fe elementor-widget elementor-widget-text-editor\" data-id=\"d5277fe\" data-element_type=\"widget\" data-e-type=\"widget\" data-widget_type=\"text-editor.default\">\n\t\t\t\t<div class=\"elementor-widget-container\">\n\t\t\t\t\t\t\t\t\t<p>Le programme d\u2019\u00e9change d\u2019assistants de langue vivante de France \u00c9ducation International offre aux \u00e9tudiants de 20 \u00e0 30 ans, de nationalit\u00e9 fran\u00e7aise ou ressortissants europ\u00e9ens, des postes r\u00e9mun\u00e9r\u00e9s dans des \u00e9tablissements scolaires (ou parfois universitaires) \u00e0 l\u2019\u00e9tranger.<\/p><p>Pendant 7 \u00e0 11 mois, vous assisterez un enseignant de Fran\u00e7ais Langue \u00c9trang\u00e8re, donnerez des cours de conversation, initierez les \u00e9l\u00e8ves \u00e0 la culture fran\u00e7aise et vous pourrez les pr\u00e9parer \u00e0 des examens officiels de langue comme le DELF\/DALF ou le TCF.<\/p>\t\t\t\t\t\t\t\t<\/div>\n\t\t\t\t<\/div>\n\t\t\t\t<div class=\"elementor-element elementor-element-2a82ec4 button-type-1 elementor-widget elementor-widget-button\" data-id=\"2a82ec4\" data-element_type=\"widget\" data-e-type=\"widget\" data-widget_type=\"button.default\">\n\t\t\t\t<div class=\"elementor-widget-container\">\n\t\t\t\t\t\t\t\t\t<div class=\"elementor-button-wrapper\">\n\t\t\t\t\t<a class=\"elementor-button elementor-button-link elementor-size-sm\" href=\"https:\/\/www.france-education-international.fr\/partir-letranger\/devenir-assistant-de-langue-francaise-letranger?langue=fr\">\n\t\t\t\t\t\t<span class=\"elementor-button-content-wrapper\">\n\t\t\t\t\t\t\t\t\t<span class=\"elementor-button-text\">Devenir assistant de fran\u00e7ais<\/span>\n\t\t\t\t\t<\/span>\n\t\t\t\t\t<\/a>\n\t\t\t\t<\/div>\n\t\t\t\t\t\t\t\t<\/div>\n\t\t\t\t<\/div>\n\t\t\t\t<\/div>\n\t\t\t\t<\/div>\n\t\t<div class=\"elementor-element elementor-element-f9fc4db e-con-full e-flex e-con e-child\" data-id=\"f9fc4db\" data-element_type=\"container\" data-e-type=\"container\">\n\t\t<div class=\"elementor-element elementor-element-b4d8cc9 e-con-full asset-rb e-flex e-con e-child\" data-id=\"b4d8cc9\" data-element_type=\"container\" data-e-type=\"container\">\n\t\t\t\t<div class=\"elementor-element elementor-element-5526fc3 elementor-widget elementor-widget-image\" data-id=\"5526fc3\" data-element_type=\"widget\" data-e-type=\"widget\" data-widget_type=\"image.default\">\n\t\t\t\t<div class=\"elementor-widget-container\">\n\t\t\t\t\t\t\t\t\t\t\t\t\t\t\t<img decoding=\"async\" width=\"1007\" height=\"447\" src=\"https:\/\/www.ict-toulouse.fr\/wp-content\/uploads\/2024\/07\/happy-arab-guy-student-learning-foreign-language-o-2023-11-27-05-21-20-utc.jpg\" class=\"attachment-large size-large wp-image-2547\" alt=\"\" srcset=\"https:\/\/www.ict-toulouse.fr\/wp-content\/uploads\/2024\/07\/happy-arab-guy-student-learning-foreign-language-o-2023-11-27-05-21-20-utc.jpg 1007w, https:\/\/www.ict-toulouse.fr\/wp-content\/uploads\/2024\/07\/happy-arab-guy-student-learning-foreign-language-o-2023-11-27-05-21-20-utc-300x133.jpg 300w, https:\/\/www.ict-toulouse.fr\/wp-content\/uploads\/2024\/07\/happy-arab-guy-student-learning-foreign-language-o-2023-11-27-05-21-20-utc-768x341.jpg 768w\" sizes=\"(max-width: 1007px) 100vw, 1007px\" \/>\t\t\t\t\t\t\t\t\t\t\t\t\t\t\t<\/div>\n\t\t\t\t<\/div>\n\t\t\t\t<\/div>\n\t\t\t\t<\/div>\n\t\t\t\t<\/div>\n\t\t\t\t\t<\/div>\n\t\t\t\t<\/div>\n\t\t<div class=\"elementor-element elementor-element-d2308a8 e-flex e-con-boxed e-con e-parent\" data-id=\"d2308a8\" data-element_type=\"container\" data-e-type=\"container\">\n\t\t\t\t\t<div class=\"e-con-inner\">\n\t\t\t\t<div class=\"elementor-element elementor-element-09cce8d section-spacer elementor-widget elementor-widget-spacer\" data-id=\"09cce8d\" data-element_type=\"widget\" data-e-type=\"widget\" data-widget_type=\"spacer.default\">\n\t\t\t\t<div class=\"elementor-widget-container\">\n\t\t\t\t\t\t\t<div class=\"elementor-spacer\">\n\t\t\t<div class=\"elementor-spacer-inner\"><\/div>\n\t\t<\/div>\n\t\t\t\t\t\t<\/div>\n\t\t\t\t<\/div>\n\t\t\t\t\t<\/div>\n\t\t\t\t<\/div>\n\t\t<div class=\"elementor-element elementor-element-bf5f670 e-flex e-con-boxed e-con e-parent\" data-id=\"bf5f670\" data-element_type=\"container\" data-e-type=\"container\" data-settings=\"{&quot;background_background&quot;:&quot;classic&quot;}\">\n\t\t\t\t\t<div class=\"e-con-inner\">\n\t\t<div class=\"elementor-element elementor-element-e6f6078 e-con-full e-flex e-con e-child\" data-id=\"e6f6078\" data-element_type=\"container\" data-e-type=\"container\">\n\t\t<div class=\"elementor-element elementor-element-14e9089 e-con-full e-flex e-con e-child\" data-id=\"14e9089\" data-element_type=\"container\" data-e-type=\"container\">\n\t\t\t\t<div class=\"elementor-element elementor-element-a0c9eea elementor-widget elementor-widget-shortcode\" data-id=\"a0c9eea\" data-element_type=\"widget\" data-e-type=\"widget\" data-widget_type=\"shortcode.default\">\n\t\t\t\t<div class=\"elementor-widget-container\">\n\t\t\t\t\t\t\t<div class=\"elementor-shortcode\"><div class=\"employee-item-wrapper\"><div class=\"employee-items\"><div class=\"employee-item\"><div class=\"name\">\n\t\t\t\t\t\t\t\t<h4>Bureau des Relations Internationales<\/h4>\n\t\t\t\t\t\t\t<\/div><div class=\"email\">\n\t\t\t\t\t\t\t\t<i class=\"far fa-envelope\"><\/i>\n\t\t\t\t\t\t\t\t<a href=\"mailto:outgoing@ict-toulouse.fr\">outgoing@ict-toulouse.fr<\/a>\n\t\t\t\t\t\t\t<\/div><\/div><\/div><\/div><\/div>\n\t\t\t\t\t\t<\/div>\n\t\t\t\t<\/div>\n\t\t\t\t<\/div>\n\t\t\t\t<\/div>\n\t\t\t\t\t<\/div>\n\t\t\t\t<\/div>\n\t\t\t\t<\/div>\n\t\t","protected":false},"template":"","class_list":["post-2538","etudier_a_letranger","type-etudier_a_letranger","status-publish","hentry"],"acf":[],"yoast_head":"<!-- This site is optimized with the Yoast SEO plugin v27.1.1 - https:\/\/yoast.com\/product\/yoast-seo-wordpress\/ -->\n<title>Faire un stage \u00e0 l&#039;international - Institut Catholique de Toulouse<\/title>\n<meta name=\"description\" content=\"Faites un stage \u00e0 l&#039;international pendant vos \u00e9tudes \u00e0 l\u2019Institut Catholique de Toulouse. Stages, assistant de Fran\u00e7ais, enseignement.\" \/>\n<meta name=\"robots\" content=\"index, follow, max-snippet:-1, max-image-preview:large, max-video-preview:-1\" \/>\n<link rel=\"canonical\" href=\"https:\/\/www.ict-toulouse.fr\/en\/etudier-a-linternational\/faire-un-stage-a-linternational\/\" \/>\n<meta property=\"og:locale\" content=\"en_US\" \/>\n<meta property=\"og:type\" content=\"article\" \/>\n<meta property=\"og:title\" content=\"Faire un stage \u00e0 l&#039;international - Institut Catholique de Toulouse\" \/>\n<meta property=\"og:description\" content=\"Faites un stage \u00e0 l&#039;international pendant vos \u00e9tudes \u00e0 l\u2019Institut Catholique de Toulouse. Stages, assistant de Fran\u00e7ais, enseignement.\" \/>\n<meta property=\"og:url\" content=\"https:\/\/www.ict-toulouse.fr\/en\/etudier-a-linternational\/faire-un-stage-a-linternational\/\" \/>\n<meta property=\"og:site_name\" content=\"Institut Catholique de Toulouse\" \/>\n<meta property=\"article:modified_time\" content=\"2025-09-12T13:44:00+00:00\" \/>\n<meta property=\"og:image\" content=\"https:\/\/www.ict-toulouse.fr\/wp-content\/uploads\/2024\/07\/zcveynfk.jpg\" \/>\n<meta name=\"twitter:card\" content=\"summary_large_image\" \/>\n<meta name=\"twitter:label1\" content=\"Est. reading time\" \/>\n\t<meta name=\"twitter:data1\" content=\"2 minutes\" \/>\n<script type=\"application\/ld+json\" class=\"yoast-schema-graph\">{\"@context\":\"https:\/\/schema.org\",\"@graph\":[{\"@type\":\"WebPage\",\"@id\":\"https:\/\/www.ict-toulouse.fr\/en\/etudier-a-linternational\/faire-un-stage-a-linternational\/\",\"url\":\"https:\/\/www.ict-toulouse.fr\/en\/etudier-a-linternational\/faire-un-stage-a-linternational\/\",\"name\":\"Faire un stage \u00e0 l'international - Institut Catholique de Toulouse\",\"isPartOf\":{\"@id\":\"https:\/\/www.ict-toulouse.fr\/en\/#website\"},\"primaryImageOfPage\":{\"@id\":\"https:\/\/www.ict-toulouse.fr\/en\/etudier-a-linternational\/faire-un-stage-a-linternational\/#primaryimage\"},\"image\":{\"@id\":\"https:\/\/www.ict-toulouse.fr\/en\/etudier-a-linternational\/faire-un-stage-a-linternational\/#primaryimage\"},\"thumbnailUrl\":\"https:\/\/www.ict-toulouse.fr\/wp-content\/uploads\/2024\/07\/zcveynfk.jpg\",\"datePublished\":\"2024-07-19T12:54:03+00:00\",\"dateModified\":\"2025-09-12T13:44:00+00:00\",\"description\":\"Faites un stage \u00e0 l'international pendant vos \u00e9tudes \u00e0 l\u2019Institut Catholique de Toulouse. Stages, assistant de Fran\u00e7ais, enseignement.\",\"breadcrumb\":{\"@id\":\"https:\/\/www.ict-toulouse.fr\/en\/etudier-a-linternational\/faire-un-stage-a-linternational\/#breadcrumb\"},\"inLanguage\":\"en-US\",\"potentialAction\":[{\"@type\":\"ReadAction\",\"target\":[\"https:\/\/www.ict-toulouse.fr\/en\/etudier-a-linternational\/faire-un-stage-a-linternational\/\"]}]},{\"@type\":\"ImageObject\",\"inLanguage\":\"en-US\",\"@id\":\"https:\/\/www.ict-toulouse.fr\/en\/etudier-a-linternational\/faire-un-stage-a-linternational\/#primaryimage\",\"url\":\"https:\/\/www.ict-toulouse.fr\/wp-content\/uploads\/2024\/07\/zcveynfk.jpg\",\"contentUrl\":\"https:\/\/www.ict-toulouse.fr\/wp-content\/uploads\/2024\/07\/zcveynfk.jpg\"},{\"@type\":\"BreadcrumbList\",\"@id\":\"https:\/\/www.ict-toulouse.fr\/en\/etudier-a-linternational\/faire-un-stage-a-linternational\/#breadcrumb\",\"itemListElement\":[{\"@type\":\"ListItem\",\"position\":1,\"name\":\"Accueil\",\"item\":\"https:\/\/www.ict-toulouse.fr\/en\/\"},{\"@type\":\"ListItem\",\"position\":2,\"name\":\"Faire un stage \u00e0 l&rsquo;international\"}]},{\"@type\":\"WebSite\",\"@id\":\"https:\/\/www.ict-toulouse.fr\/en\/#website\",\"url\":\"https:\/\/www.ict-toulouse.fr\/en\/\",\"name\":\"Institut Catholique de Toulouse\",\"description\":\"\",\"publisher\":{\"@id\":\"https:\/\/www.ict-toulouse.fr\/en\/#organization\"},\"alternateName\":\"ICT-Toulouse\",\"potentialAction\":[{\"@type\":\"SearchAction\",\"target\":{\"@type\":\"EntryPoint\",\"urlTemplate\":\"https:\/\/www.ict-toulouse.fr\/en\/?s={search_term_string}\"},\"query-input\":{\"@type\":\"PropertyValueSpecification\",\"valueRequired\":true,\"valueName\":\"search_term_string\"}}],\"inLanguage\":\"en-US\"},{\"@type\":\"Organization\",\"@id\":\"https:\/\/www.ict-toulouse.fr\/en\/#organization\",\"name\":\"ICT-Toulouse\",\"url\":\"https:\/\/www.ict-toulouse.fr\/en\/\",\"logo\":{\"@type\":\"ImageObject\",\"inLanguage\":\"en-US\",\"@id\":\"https:\/\/www.ict-toulouse.fr\/en\/#\/schema\/logo\/image\/\",\"url\":\"https:\/\/www.ict-toulouse.fr\/wp-content\/uploads\/2025\/05\/cropped-Logo-ICT-GENERIQUE-RESERVE-sans-fond.png\",\"contentUrl\":\"https:\/\/www.ict-toulouse.fr\/wp-content\/uploads\/2025\/05\/cropped-Logo-ICT-GENERIQUE-RESERVE-sans-fond.png\",\"width\":464,\"height\":250,\"caption\":\"ICT-Toulouse\"},\"image\":{\"@id\":\"https:\/\/www.ict-toulouse.fr\/en\/#\/schema\/logo\/image\/\"}}]}<\/script>\n<!-- \/ Yoast SEO plugin. -->","yoast_head_json":{"title":"Faire un stage \u00e0 l'international - Institut Catholique de Toulouse","description":"Faites un stage \u00e0 l'international pendant vos \u00e9tudes \u00e0 l\u2019Institut Catholique de Toulouse. Stages, assistant de Fran\u00e7ais, enseignement.","robots":{"index":"index","follow":"follow","max-snippet":"max-snippet:-1","max-image-preview":"max-image-preview:large","max-video-preview":"max-video-preview:-1"},"canonical":"https:\/\/www.ict-toulouse.fr\/en\/etudier-a-linternational\/faire-un-stage-a-linternational\/","og_locale":"en_US","og_type":"article","og_title":"Faire un stage \u00e0 l'international - Institut Catholique de Toulouse","og_description":"Faites un stage \u00e0 l'international pendant vos \u00e9tudes \u00e0 l\u2019Institut Catholique de Toulouse. Stages, assistant de Fran\u00e7ais, enseignement.","og_url":"https:\/\/www.ict-toulouse.fr\/en\/etudier-a-linternational\/faire-un-stage-a-linternational\/","og_site_name":"Institut Catholique de Toulouse","article_modified_time":"2025-09-12T13:44:00+00:00","og_image":[{"url":"https:\/\/www.ict-toulouse.fr\/wp-content\/uploads\/2024\/07\/zcveynfk.jpg","type":"","width":"","height":""}],"twitter_card":"summary_large_image","twitter_misc":{"Est. reading time":"2 minutes"},"schema":{"@context":"https:\/\/schema.org","@graph":[{"@type":"WebPage","@id":"https:\/\/www.ict-toulouse.fr\/en\/etudier-a-linternational\/faire-un-stage-a-linternational\/","url":"https:\/\/www.ict-toulouse.fr\/en\/etudier-a-linternational\/faire-un-stage-a-linternational\/","name":"Faire un stage \u00e0 l'international - Institut Catholique de Toulouse","isPartOf":{"@id":"https:\/\/www.ict-toulouse.fr\/en\/#website"},"primaryImageOfPage":{"@id":"https:\/\/www.ict-toulouse.fr\/en\/etudier-a-linternational\/faire-un-stage-a-linternational\/#primaryimage"},"image":{"@id":"https:\/\/www.ict-toulouse.fr\/en\/etudier-a-linternational\/faire-un-stage-a-linternational\/#primaryimage"},"thumbnailUrl":"https:\/\/www.ict-toulouse.fr\/wp-content\/uploads\/2024\/07\/zcveynfk.jpg","datePublished":"2024-07-19T12:54:03+00:00","dateModified":"2025-09-12T13:44:00+00:00","description":"Faites un stage \u00e0 l'international pendant vos \u00e9tudes \u00e0 l\u2019Institut Catholique de Toulouse. Stages, assistant de Fran\u00e7ais, enseignement.","breadcrumb":{"@id":"https:\/\/www.ict-toulouse.fr\/en\/etudier-a-linternational\/faire-un-stage-a-linternational\/#breadcrumb"},"inLanguage":"en-US","potentialAction":[{"@type":"ReadAction","target":["https:\/\/www.ict-toulouse.fr\/en\/etudier-a-linternational\/faire-un-stage-a-linternational\/"]}]},{"@type":"ImageObject","inLanguage":"en-US","@id":"https:\/\/www.ict-toulouse.fr\/en\/etudier-a-linternational\/faire-un-stage-a-linternational\/#primaryimage","url":"https:\/\/www.ict-toulouse.fr\/wp-content\/uploads\/2024\/07\/zcveynfk.jpg","contentUrl":"https:\/\/www.ict-toulouse.fr\/wp-content\/uploads\/2024\/07\/zcveynfk.jpg"},{"@type":"BreadcrumbList","@id":"https:\/\/www.ict-toulouse.fr\/en\/etudier-a-linternational\/faire-un-stage-a-linternational\/#breadcrumb","itemListElement":[{"@type":"ListItem","position":1,"name":"Accueil","item":"https:\/\/www.ict-toulouse.fr\/en\/"},{"@type":"ListItem","position":2,"name":"Faire un stage \u00e0 l&rsquo;international"}]},{"@type":"WebSite","@id":"https:\/\/www.ict-toulouse.fr\/en\/#website","url":"https:\/\/www.ict-toulouse.fr\/en\/","name":"Institut Catholique de Toulouse","description":"","publisher":{"@id":"https:\/\/www.ict-toulouse.fr\/en\/#organization"},"alternateName":"ICT-Toulouse","potentialAction":[{"@type":"SearchAction","target":{"@type":"EntryPoint","urlTemplate":"https:\/\/www.ict-toulouse.fr\/en\/?s={search_term_string}"},"query-input":{"@type":"PropertyValueSpecification","valueRequired":true,"valueName":"search_term_string"}}],"inLanguage":"en-US"},{"@type":"Organization","@id":"https:\/\/www.ict-toulouse.fr\/en\/#organization","name":"ICT-Toulouse","url":"https:\/\/www.ict-toulouse.fr\/en\/","logo":{"@type":"ImageObject","inLanguage":"en-US","@id":"https:\/\/www.ict-toulouse.fr\/en\/#\/schema\/logo\/image\/","url":"https:\/\/www.ict-toulouse.fr\/wp-content\/uploads\/2025\/05\/cropped-Logo-ICT-GENERIQUE-RESERVE-sans-fond.png","contentUrl":"https:\/\/www.ict-toulouse.fr\/wp-content\/uploads\/2025\/05\/cropped-Logo-ICT-GENERIQUE-RESERVE-sans-fond.png","width":464,"height":250,"caption":"ICT-Toulouse"},"image":{"@id":"https:\/\/www.ict-toulouse.fr\/en\/#\/schema\/logo\/image\/"}}]}},"_links":{"self":[{"href":"https:\/\/www.ict-toulouse.fr\/en\/wp-json\/wp\/v2\/etudier_a_letranger\/2538","targetHints":{"allow":["GET"]}}],"collection":[{"href":"https:\/\/www.ict-toulouse.fr\/en\/wp-json\/wp\/v2\/etudier_a_letranger"}],"about":[{"href":"https:\/\/www.ict-toulouse.fr\/en\/wp-json\/wp\/v2\/types\/etudier_a_letranger"}],"version-history":[{"count":287,"href":"https:\/\/www.ict-toulouse.fr\/en\/wp-json\/wp\/v2\/etudier_a_letranger\/2538\/revisions"}],"predecessor-version":[{"id":32351,"href":"https:\/\/www.ict-toulouse.fr\/en\/wp-json\/wp\/v2\/etudier_a_letranger\/2538\/revisions\/32351"}],"wp:attachment":[{"href":"https:\/\/www.ict-toulouse.fr\/en\/wp-json\/wp\/v2\/media?parent=2538"}],"curies":[{"name":"wp","href":"https:\/\/api.w.org\/{rel}","templated":true}]}}