{"id":2517,"date":"2024-07-19T14:38:06","date_gmt":"2024-07-19T12:38:06","guid":{"rendered":"https:\/\/www.ict-toulouse.fr\/?post_type=etudier_a_letranger&#038;p=2517"},"modified":"2025-03-31T11:41:30","modified_gmt":"2025-03-31T09:41:30","slug":"preparer-son-depart","status":"publish","type":"etudier_a_letranger","link":"https:\/\/www.ict-toulouse.fr\/en\/etudier-a-linternational\/preparer-son-depart\/","title":{"rendered":"Pr\u00e9parer son d\u00e9part"},"content":{"rendered":"\t\t<div data-elementor-type=\"wp-post\" data-elementor-id=\"2517\" class=\"elementor elementor-2517\">\n\t\t\t\t<div class=\"elementor-element elementor-element-44bf87c e-flex e-con-boxed e-con e-parent\" data-id=\"44bf87c\" data-element_type=\"container\" data-e-type=\"container\" data-settings=\"{&quot;background_background&quot;:&quot;classic&quot;}\">\n\t\t\t\t\t<div class=\"e-con-inner\">\n\t\t\t\t<div class=\"elementor-element elementor-element-73957ff section-inner-spacer elementor-widget elementor-widget-spacer\" data-id=\"73957ff\" data-element_type=\"widget\" data-e-type=\"widget\" data-widget_type=\"spacer.default\">\n\t\t\t\t<div class=\"elementor-widget-container\">\n\t\t\t\t\t\t\t<div class=\"elementor-spacer\">\n\t\t\t<div class=\"elementor-spacer-inner\"><\/div>\n\t\t<\/div>\n\t\t\t\t\t\t<\/div>\n\t\t\t\t<\/div>\n\t\t<div class=\"elementor-element elementor-element-94328f4 e-con-full e-flex e-con e-child\" data-id=\"94328f4\" data-element_type=\"container\" data-e-type=\"container\">\n\t\t<div class=\"elementor-element elementor-element-e50abc0 e-con-full e-flex e-con e-child\" data-id=\"e50abc0\" data-element_type=\"container\" data-e-type=\"container\">\n\t\t<div class=\"elementor-element elementor-element-5925365 e-con-full e-flex e-con e-child\" data-id=\"5925365\" data-element_type=\"container\" data-e-type=\"container\" data-settings=\"{&quot;background_background&quot;:&quot;classic&quot;}\">\n\t\t\t\t<div class=\"elementor-element elementor-element-154be55 elementor-widget elementor-widget-heading\" data-id=\"154be55\" data-element_type=\"widget\" data-e-type=\"widget\" data-widget_type=\"heading.default\">\n\t\t\t\t<div class=\"elementor-widget-container\">\n\t\t\t\t\t<h2 class=\"elementor-heading-title elementor-size-default\">Pr\u00e9parer son d\u00e9part<\/h2>\t\t\t\t<\/div>\n\t\t\t\t<\/div>\n\t\t\t\t<div class=\"elementor-element elementor-element-c26e091 elementor-widget-divider--view-line elementor-widget elementor-widget-divider\" data-id=\"c26e091\" data-element_type=\"widget\" data-e-type=\"widget\" data-widget_type=\"divider.default\">\n\t\t\t\t<div class=\"elementor-widget-container\">\n\t\t\t\t\t\t\t<div class=\"elementor-divider\">\n\t\t\t<span class=\"elementor-divider-separator\">\n\t\t\t\t\t\t<\/span>\n\t\t<\/div>\n\t\t\t\t\t\t<\/div>\n\t\t\t\t<\/div>\n\t\t\t\t<div class=\"elementor-element elementor-element-efc8cbe elementor-widget elementor-widget-text-editor\" data-id=\"efc8cbe\" data-element_type=\"widget\" data-e-type=\"widget\" data-widget_type=\"text-editor.default\">\n\t\t\t\t<div class=\"elementor-widget-container\">\n\t\t\t\t\t\t\t\t\t<p>Le service Relations internationales de l\u2019ICT accompagne les \u00e9tudiants pendant tout le processus de mobilit\u00e9 internationale, de la naissance de leur projet \u00e0 leur retour en France.<\/p><p>Il organise notamment en d\u00e9but de chaque semestre des r\u00e9unions d\u2019information sur la mobilit\u00e9 internationale, puis des r\u00e9unions de pr\u00e9paration au s\u00e9jour d\u2019\u00e9tudes Erasmus+.<\/p>\t\t\t\t\t\t\t\t<\/div>\n\t\t\t\t<\/div>\n\t\t\t\t<\/div>\n\t\t\t\t<\/div>\n\t\t<div class=\"elementor-element elementor-element-007198e e-con-full e-flex e-con e-child\" data-id=\"007198e\" data-element_type=\"container\" data-e-type=\"container\">\n\t\t<div class=\"elementor-element elementor-element-6e9497b e-con-full asset-rb e-flex e-con e-child\" data-id=\"6e9497b\" data-element_type=\"container\" data-e-type=\"container\">\n\t\t\t\t<div class=\"elementor-element elementor-element-d228d97 elementor-widget elementor-widget-image\" data-id=\"d228d97\" data-element_type=\"widget\" data-e-type=\"widget\" data-widget_type=\"image.default\">\n\t\t\t\t<div class=\"elementor-widget-container\">\n\t\t\t\t\t\t\t\t\t\t\t\t\t\t\t<img fetchpriority=\"high\" decoding=\"async\" width=\"767\" height=\"404\" src=\"https:\/\/www.ict-toulouse.fr\/wp-content\/uploads\/2024\/07\/young-couple-of-students-do-their-homework-on-the-2023-11-27-04-58-03-utc.jpg\" class=\"attachment-large size-large wp-image-2523\" alt=\"\" srcset=\"https:\/\/www.ict-toulouse.fr\/wp-content\/uploads\/2024\/07\/young-couple-of-students-do-their-homework-on-the-2023-11-27-04-58-03-utc.jpg 767w, https:\/\/www.ict-toulouse.fr\/wp-content\/uploads\/2024\/07\/young-couple-of-students-do-their-homework-on-the-2023-11-27-04-58-03-utc-300x158.jpg 300w\" sizes=\"(max-width: 767px) 100vw, 767px\" \/>\t\t\t\t\t\t\t\t\t\t\t\t\t\t\t<\/div>\n\t\t\t\t<\/div>\n\t\t\t\t<\/div>\n\t\t\t\t<\/div>\n\t\t\t\t<\/div>\n\t\t\t\t<div class=\"elementor-element elementor-element-d527a6d section-inner-spacer elementor-widget elementor-widget-spacer\" data-id=\"d527a6d\" data-element_type=\"widget\" data-e-type=\"widget\" data-widget_type=\"spacer.default\">\n\t\t\t\t<div class=\"elementor-widget-container\">\n\t\t\t\t\t\t\t<div class=\"elementor-spacer\">\n\t\t\t<div class=\"elementor-spacer-inner\"><\/div>\n\t\t<\/div>\n\t\t\t\t\t\t<\/div>\n\t\t\t\t<\/div>\n\t\t\t\t\t<\/div>\n\t\t\t\t<\/div>\n\t\t<div class=\"elementor-element elementor-element-8e5b922 elementor-hidden-widescreen elementor-hidden-desktop elementor-hidden-laptop elementor-hidden-tablet elementor-hidden-mobile e-flex e-con-boxed e-con e-parent\" data-id=\"8e5b922\" data-element_type=\"container\" data-e-type=\"container\">\n\t\t\t\t\t<div class=\"e-con-inner\">\n\t\t<div class=\"elementor-element elementor-element-7d20ee8 e-con-full e-flex e-con e-child\" data-id=\"7d20ee8\" data-element_type=\"container\" data-e-type=\"container\" data-settings=\"{&quot;background_background&quot;:&quot;classic&quot;}\">\n\t\t<div class=\"elementor-element elementor-element-461cd36 e-con-full e-flex e-con e-child\" data-id=\"461cd36\" data-element_type=\"container\" data-e-type=\"container\">\n\t\t\t\t<div class=\"elementor-element elementor-element-a52edd3 elementor-widget elementor-widget-image\" data-id=\"a52edd3\" data-element_type=\"widget\" data-e-type=\"widget\" data-widget_type=\"image.default\">\n\t\t\t\t<div class=\"elementor-widget-container\">\n\t\t\t\t\t\t\t\t\t\t\t\t\t\t\t<img decoding=\"async\" width=\"405\" height=\"397\" src=\"https:\/\/www.ict-toulouse.fr\/wp-content\/uploads\/2024\/07\/close-up-of-professor-teaching-students-in-the-cla-2023-11-27-05-34-01-utc.jpg\" class=\"attachment-large size-large wp-image-2526\" alt=\"\" srcset=\"https:\/\/www.ict-toulouse.fr\/wp-content\/uploads\/2024\/07\/close-up-of-professor-teaching-students-in-the-cla-2023-11-27-05-34-01-utc.jpg 405w, https:\/\/www.ict-toulouse.fr\/wp-content\/uploads\/2024\/07\/close-up-of-professor-teaching-students-in-the-cla-2023-11-27-05-34-01-utc-300x294.jpg 300w\" sizes=\"(max-width: 405px) 100vw, 405px\" \/>\t\t\t\t\t\t\t\t\t\t\t\t\t\t\t<\/div>\n\t\t\t\t<\/div>\n\t\t\t\t<\/div>\n\t\t<div class=\"elementor-element elementor-element-8ddd76d e-con-full e-flex e-con e-child\" data-id=\"8ddd76d\" data-element_type=\"container\" data-e-type=\"container\">\n\t\t\t\t<div class=\"elementor-element elementor-element-c3d2cbd elementor-widget elementor-widget-heading\" data-id=\"c3d2cbd\" data-element_type=\"widget\" data-e-type=\"widget\" data-widget_type=\"heading.default\">\n\t\t\t\t<div class=\"elementor-widget-container\">\n\t\t\t\t\t<h2 class=\"elementor-heading-title elementor-size-default\">R\u00e9union pr\u00e9paration d\u00e9part<\/h2>\t\t\t\t<\/div>\n\t\t\t\t<\/div>\n\t\t\t\t<div class=\"elementor-element elementor-element-d2bb313 elementor-widget-divider--view-line elementor-widget elementor-widget-divider\" data-id=\"d2bb313\" data-element_type=\"widget\" data-e-type=\"widget\" data-widget_type=\"divider.default\">\n\t\t\t\t<div class=\"elementor-widget-container\">\n\t\t\t\t\t\t\t<div class=\"elementor-divider\">\n\t\t\t<span class=\"elementor-divider-separator\">\n\t\t\t\t\t\t<\/span>\n\t\t<\/div>\n\t\t\t\t\t\t<\/div>\n\t\t\t\t<\/div>\n\t\t\t\t<div class=\"elementor-element elementor-element-af965ff elementor-widget elementor-widget-text-editor\" data-id=\"af965ff\" data-element_type=\"widget\" data-e-type=\"widget\" data-widget_type=\"text-editor.default\">\n\t\t\t\t<div class=\"elementor-widget-container\">\n\t\t\t\t\t\t\t\t\t<p><strong>Prochaine r\u00e9union 2023\/24 &#8211; Le 30 mars de 12h \u00e0 14h en salle E101.<\/strong><\/p><p>Cette r\u00e9union porte sur les proc\u00e9dures (\u00ab kit de mobilit\u00e9 Erasmus\/OLA et mobilit\u00e9 Hors Europe \u00bb, Bourses, conditions de s\u00e9curit\u00e9, d\u00e9marches administratives diverses)<\/p>\t\t\t\t\t\t\t\t<\/div>\n\t\t\t\t<\/div>\n\t\t\t\t<div class=\"elementor-element elementor-element-8350e68 elementor-widget elementor-widget-button\" data-id=\"8350e68\" data-element_type=\"widget\" data-e-type=\"widget\" data-widget_type=\"button.default\">\n\t\t\t\t<div class=\"elementor-widget-container\">\n\t\t\t\t\t\t\t\t\t<div class=\"elementor-button-wrapper\">\n\t\t\t\t\t<a class=\"elementor-button elementor-button-link elementor-size-sm\" href=\"#\">\n\t\t\t\t\t\t<span class=\"elementor-button-content-wrapper\">\n\t\t\t\t\t\t\t\t\t<span class=\"elementor-button-text\">FORMULAIRE DE DEMANDE DH'\u00c9BERGEMENT<\/span>\n\t\t\t\t\t<\/span>\n\t\t\t\t\t<\/a>\n\t\t\t\t<\/div>\n\t\t\t\t\t\t\t\t<\/div>\n\t\t\t\t<\/div>\n\t\t\t\t<\/div>\n\t\t\t\t<\/div>\n\t\t\t\t<div class=\"elementor-element elementor-element-c9f5eeb section-inner-spacer elementor-widget elementor-widget-spacer\" data-id=\"c9f5eeb\" data-element_type=\"widget\" data-e-type=\"widget\" data-widget_type=\"spacer.default\">\n\t\t\t\t<div class=\"elementor-widget-container\">\n\t\t\t\t\t\t\t<div class=\"elementor-spacer\">\n\t\t\t<div class=\"elementor-spacer-inner\"><\/div>\n\t\t<\/div>\n\t\t\t\t\t\t<\/div>\n\t\t\t\t<\/div>\n\t\t\t\t\t<\/div>\n\t\t\t\t<\/div>\n\t\t<div class=\"elementor-element elementor-element-bc010e3 e-flex e-con-boxed e-con e-parent\" data-id=\"bc010e3\" data-element_type=\"container\" data-e-type=\"container\">\n\t\t\t\t\t<div class=\"e-con-inner\">\n\t\t\t\t<div class=\"elementor-element elementor-element-13930c1 elementor-widget elementor-widget-heading\" data-id=\"13930c1\" data-element_type=\"widget\" data-e-type=\"widget\" data-widget_type=\"heading.default\">\n\t\t\t\t<div class=\"elementor-widget-container\">\n\t\t\t\t\t<h2 class=\"elementor-heading-title elementor-size-default\">Les aides financi\u00e8res<\/h2>\t\t\t\t<\/div>\n\t\t\t\t<\/div>\n\t\t\t\t<div class=\"elementor-element elementor-element-1870867 elementor-widget-divider--view-line elementor-widget elementor-widget-divider\" data-id=\"1870867\" data-element_type=\"widget\" data-e-type=\"widget\" data-widget_type=\"divider.default\">\n\t\t\t\t<div class=\"elementor-widget-container\">\n\t\t\t\t\t\t\t<div class=\"elementor-divider\">\n\t\t\t<span class=\"elementor-divider-separator\">\n\t\t\t\t\t\t<\/span>\n\t\t<\/div>\n\t\t\t\t\t\t<\/div>\n\t\t\t\t<\/div>\n\t\t\t\t<div class=\"elementor-element elementor-element-45a1517 e-n-tabs-mobile elementor-widget elementor-widget-n-tabs\" data-id=\"45a1517\" data-element_type=\"widget\" data-e-type=\"widget\" data-settings=\"{&quot;horizontal_scroll&quot;:&quot;disable&quot;}\" data-widget_type=\"nested-tabs.default\">\n\t\t\t\t<div class=\"elementor-widget-container\">\n\t\t\t\t\t\t\t<div class=\"e-n-tabs\" data-widget-number=\"73012503\" aria-label=\"Tabs. Open items with Enter or Space, close with Escape and navigate using the Arrow keys.\">\n\t\t\t<div class=\"e-n-tabs-heading\" role=\"tablist\">\n\t\t\t\t\t<button id=\"e-n-tab-title-730125031\" data-tab-title-id=\"e-n-tab-title-730125031\" class=\"e-n-tab-title\" aria-selected=\"true\" data-tab-index=\"1\" role=\"tab\" tabindex=\"0\" aria-controls=\"e-n-tab-content-730125031\" style=\"--n-tabs-title-order: 1;\">\n\t\t\t\t\t\t<span class=\"e-n-tab-title-text\">\n\t\t\t\tL'allocation Erasmus+\t\t\t<\/span>\n\t\t<\/button>\n\t\t\t\t<button id=\"e-n-tab-title-730125032\" data-tab-title-id=\"e-n-tab-title-730125032\" class=\"e-n-tab-title\" aria-selected=\"false\" data-tab-index=\"2\" role=\"tab\" tabindex=\"-1\" aria-controls=\"e-n-tab-content-730125032\" style=\"--n-tabs-title-order: 2;\">\n\t\t\t\t\t\t<span class=\"e-n-tab-title-text\">\n\t\t\t\tAides financi\u00e8res du conseil r\u00e9gional Occitanie\t\t\t<\/span>\n\t\t<\/button>\n\t\t\t\t\t<\/div>\n\t\t\t<div class=\"e-n-tabs-content\">\n\t\t\t\t<div id=\"e-n-tab-content-730125031\" role=\"tabpanel\" aria-labelledby=\"e-n-tab-title-730125031\" data-tab-index=\"1\" style=\"--n-tabs-title-order: 1;\" class=\"e-active elementor-element elementor-element-8eefc1c e-con-full e-flex e-con e-child\" data-id=\"8eefc1c\" data-element_type=\"container\" data-e-type=\"container\">\n\t\t<div class=\"elementor-element elementor-element-6f21954 e-flex e-con-boxed e-con e-child\" data-id=\"6f21954\" data-element_type=\"container\" data-e-type=\"container\">\n\t\t\t\t\t<div class=\"e-con-inner\">\n\t\t\t\t<div class=\"elementor-element elementor-element-0237ef0 elementor-widget-widescreen__width-initial elementor-widget elementor-widget-image\" data-id=\"0237ef0\" data-element_type=\"widget\" data-e-type=\"widget\" data-widget_type=\"image.default\">\n\t\t\t\t<div class=\"elementor-widget-container\">\n\t\t\t\t\t\t\t\t\t\t\t\t\t\t\t<img decoding=\"async\" width=\"768\" height=\"173\" src=\"https:\/\/www.ict-toulouse.fr\/wp-content\/uploads\/2024\/07\/FR_FundedbytheEU_RGB_POS-768x173.png\" class=\"attachment-medium_large size-medium_large wp-image-24560\" alt=\"\" srcset=\"https:\/\/www.ict-toulouse.fr\/wp-content\/uploads\/2024\/07\/FR_FundedbytheEU_RGB_POS-768x173.png 768w, https:\/\/www.ict-toulouse.fr\/wp-content\/uploads\/2024\/07\/FR_FundedbytheEU_RGB_POS-300x68.png 300w, https:\/\/www.ict-toulouse.fr\/wp-content\/uploads\/2024\/07\/FR_FundedbytheEU_RGB_POS-1024x231.png 1024w, https:\/\/www.ict-toulouse.fr\/wp-content\/uploads\/2024\/07\/FR_FundedbytheEU_RGB_POS-1536x346.png 1536w, https:\/\/www.ict-toulouse.fr\/wp-content\/uploads\/2024\/07\/FR_FundedbytheEU_RGB_POS-2048x461.png 2048w\" sizes=\"(max-width: 768px) 100vw, 768px\" \/>\t\t\t\t\t\t\t\t\t\t\t\t\t\t\t<\/div>\n\t\t\t\t<\/div>\n\t\t\t\t\t<\/div>\n\t\t\t\t<\/div>\n\t\t\t\t<div class=\"elementor-element elementor-element-0164b66 elementor-widget elementor-widget-n-accordion\" data-id=\"0164b66\" data-element_type=\"widget\" data-e-type=\"widget\" data-settings=\"{&quot;default_state&quot;:&quot;expanded&quot;,&quot;max_items_expended&quot;:&quot;one&quot;,&quot;n_accordion_animation_duration&quot;:{&quot;unit&quot;:&quot;ms&quot;,&quot;size&quot;:400,&quot;sizes&quot;:[]}}\" data-widget_type=\"nested-accordion.default\">\n\t\t\t\t<div class=\"elementor-widget-container\">\n\t\t\t\t\t\t\t<div class=\"e-n-accordion\" aria-label=\"Accordion. Open links with Enter or Space, close with Escape, and navigate with Arrow Keys\">\n\t\t\t\t\t\t<details id=\"e-n-accordion-item-1460\" class=\"e-n-accordion-item\" open>\n\t\t\t\t<summary class=\"e-n-accordion-item-title\" data-accordion-index=\"1\" tabindex=\"0\" aria-expanded=\"true\" aria-controls=\"e-n-accordion-item-1460\" >\n\t\t\t\t\t<span class='e-n-accordion-item-title-header'><div class=\"e-n-accordion-item-title-text\"> L'allocation Erasmus + <\/div><\/span>\n\t\t\t\t\t\t\t<span class='e-n-accordion-item-title-icon'>\n\t\t\t<span class='e-opened' ><svg aria-hidden=\"true\" class=\"e-font-icon-svg e-fas-minus\" viewBox=\"0 0 448 512\" xmlns=\"http:\/\/www.w3.org\/2000\/svg\"><path d=\"M416 208H32c-17.67 0-32 14.33-32 32v32c0 17.67 14.33 32 32 32h384c17.67 0 32-14.33 32-32v-32c0-17.67-14.33-32-32-32z\"><\/path><\/svg><\/span>\n\t\t\t<span class='e-closed'><svg aria-hidden=\"true\" class=\"e-font-icon-svg e-fas-plus\" viewBox=\"0 0 448 512\" xmlns=\"http:\/\/www.w3.org\/2000\/svg\"><path d=\"M416 208H272V64c0-17.67-14.33-32-32-32h-32c-17.67 0-32 14.33-32 32v144H32c-17.67 0-32 14.33-32 32v32c0 17.67 14.33 32 32 32h144v144c0 17.67 14.33 32 32 32h32c17.67 0 32-14.33 32-32V304h144c17.67 0 32-14.33 32-32v-32c0-17.67-14.33-32-32-32z\"><\/path><\/svg><\/span>\n\t\t<\/span>\n\n\t\t\t\t\t\t<\/summary>\n\t\t\t\t<div role=\"region\" aria-labelledby=\"e-n-accordion-item-1460\" class=\"elementor-element elementor-element-475b8a4 e-con-full e-flex e-con e-child\" data-id=\"475b8a4\" data-element_type=\"container\" data-e-type=\"container\">\n\t\t\t\t<div class=\"elementor-element elementor-element-e3b2e6a elementor-widget elementor-widget-text-editor\" data-id=\"e3b2e6a\" data-element_type=\"widget\" data-e-type=\"widget\" data-widget_type=\"text-editor.default\">\n\t\t\t\t<div class=\"elementor-widget-container\">\n\t\t\t\t\t\t\t\t\t<p>Les \u00e9tudiants qui partent en mobilit\u00e9 \u00e0 des fins d\u2019\u00e9tudes dans le cadre du programme Erasmus+ peuvent b\u00e9n\u00e9ficier d\u2019une allocation, sous conditions.<\/p><p>Cette derni\u00e8re peut \u00eatre partielle ou totale. Il vous est possible de partir en mobilit\u00e9 Erasmus+ sans allocation. Mobilit\u00e9 et allocation ne sont pas toujours li\u00e9es. Elle n\u2019a pas vocation \u00e0 couvrir tous les frais. Il s\u2019agit d\u2019une aide calcul\u00e9e selon un bar\u00e8me tr\u00e8s pr\u00e9cis donn\u00e9 par la Commission europ\u00e9enne.<\/p><p>L&#8217;allocation Erasmus+ est compos\u00e9e de :<\/p><ul style=\"font-weight: 400;\"><li>La contribution aux frais de s\u00e9jour : le montant de cette derni\u00e8re d\u00e9pend de votre pays de destination (2 groupes pays).<\/li><li>La contribution aux frais de voyage. Elle est calcul\u00e9e suivant le nombre de kms qui vous s\u00e9pare de votre lieu de mobilit\u00e9. Si vous optez pour un moyen de transport \u00ab vert\/\u00e9coresponsable \u00bb (bus, train, covoiturage, v\u00e9lo&#8230;), cette contribution est plus importante.<\/li><\/ul><p><b>Forfait inclusion <\/b><b>:\u00a0<\/b>Vous pouvez b\u00e9n\u00e9ficier d\u2019un compl\u00e9ment financier en plus de l&#8217;allocation Erasmus+ de base si vous remplissez au moins un des crit\u00e8res d\u00e9finis par la Commission europ\u00e9enne (voir Scolaweb).<\/p><p style=\"font-weight: 400;\"><strong>Prise en charge aux frais r\u00e9els :<\/strong> Les \u00e9tudiants en situation de handicap ou souffrant d\u2019une affection longue dur\u00e9e qui souhaitent partir en mobilit\u00e9 Erasmus+, peuvent, sous conditions, b\u00e9n\u00e9ficier d\u2019une prise en charge sp\u00e9cifique.<\/p>\t\t\t\t\t\t\t\t<\/div>\n\t\t\t\t<\/div>\n\t\t\t\t<\/div>\n\t\t\t\t\t<\/details>\n\t\t\t\t\t<\/div>\n\t\t\t\t\t\t<\/div>\n\t\t\t\t<\/div>\n\t\t\t\t<\/div>\n\t\t<div id=\"e-n-tab-content-730125032\" role=\"tabpanel\" aria-labelledby=\"e-n-tab-title-730125032\" data-tab-index=\"2\" style=\"--n-tabs-title-order: 2;\" class=\" elementor-element elementor-element-6cbf8f4 e-con-full e-flex e-con e-child\" data-id=\"6cbf8f4\" data-element_type=\"container\" data-e-type=\"container\">\n\t\t<div class=\"elementor-element elementor-element-b36e8b7 e-flex e-con-boxed e-con e-child\" data-id=\"b36e8b7\" data-element_type=\"container\" data-e-type=\"container\">\n\t\t\t\t\t<div class=\"e-con-inner\">\n\t\t\t\t<div class=\"elementor-element elementor-element-ebc6e76 elementor-widget-widescreen__width-initial elementor-widget elementor-widget-image\" data-id=\"ebc6e76\" data-element_type=\"widget\" data-e-type=\"widget\" data-widget_type=\"image.default\">\n\t\t\t\t<div class=\"elementor-widget-container\">\n\t\t\t\t\t\t\t\t\t\t\t\t\t\t\t<img loading=\"lazy\" decoding=\"async\" width=\"400\" height=\"173\" src=\"https:\/\/www.ict-toulouse.fr\/wp-content\/uploads\/2024\/07\/mouv_occitanie.jpg\" class=\"attachment-large size-large wp-image-24571\" alt=\"\" srcset=\"https:\/\/www.ict-toulouse.fr\/wp-content\/uploads\/2024\/07\/mouv_occitanie.jpg 400w, https:\/\/www.ict-toulouse.fr\/wp-content\/uploads\/2024\/07\/mouv_occitanie-300x130.jpg 300w\" sizes=\"(max-width: 400px) 100vw, 400px\" \/>\t\t\t\t\t\t\t\t\t\t\t\t\t\t\t<\/div>\n\t\t\t\t<\/div>\n\t\t\t\t\t<\/div>\n\t\t\t\t<\/div>\n\t\t\t\t<div class=\"elementor-element elementor-element-d9fdb45 elementor-widget elementor-widget-n-accordion\" data-id=\"d9fdb45\" data-element_type=\"widget\" data-e-type=\"widget\" data-settings=\"{&quot;default_state&quot;:&quot;expanded&quot;,&quot;max_items_expended&quot;:&quot;one&quot;,&quot;n_accordion_animation_duration&quot;:{&quot;unit&quot;:&quot;ms&quot;,&quot;size&quot;:400,&quot;sizes&quot;:[]}}\" data-widget_type=\"nested-accordion.default\">\n\t\t\t\t<div class=\"elementor-widget-container\">\n\t\t\t\t\t\t\t<div class=\"e-n-accordion\" aria-label=\"Accordion. Open links with Enter or Space, close with Escape, and navigate with Arrow Keys\">\n\t\t\t\t\t\t<details id=\"e-n-accordion-item-2280\" class=\"e-n-accordion-item\" open>\n\t\t\t\t<summary class=\"e-n-accordion-item-title\" data-accordion-index=\"1\" tabindex=\"0\" aria-expanded=\"true\" aria-controls=\"e-n-accordion-item-2280\" >\n\t\t\t\t\t<span class='e-n-accordion-item-title-header'><div class=\"e-n-accordion-item-title-text\"> La mobilit\u00e9 internationale des \u00e9tudiants avec Mouv\u2019Occitanie <\/div><\/span>\n\t\t\t\t\t\t\t<span class='e-n-accordion-item-title-icon'>\n\t\t\t<span class='e-opened' ><svg aria-hidden=\"true\" class=\"e-font-icon-svg e-fas-minus\" viewBox=\"0 0 448 512\" xmlns=\"http:\/\/www.w3.org\/2000\/svg\"><path d=\"M416 208H32c-17.67 0-32 14.33-32 32v32c0 17.67 14.33 32 32 32h384c17.67 0 32-14.33 32-32v-32c0-17.67-14.33-32-32-32z\"><\/path><\/svg><\/span>\n\t\t\t<span class='e-closed'><svg aria-hidden=\"true\" class=\"e-font-icon-svg e-fas-plus\" viewBox=\"0 0 448 512\" xmlns=\"http:\/\/www.w3.org\/2000\/svg\"><path d=\"M416 208H272V64c0-17.67-14.33-32-32-32h-32c-17.67 0-32 14.33-32 32v144H32c-17.67 0-32 14.33-32 32v32c0 17.67 14.33 32 32 32h144v144c0 17.67 14.33 32 32 32h32c17.67 0 32-14.33 32-32V304h144c17.67 0 32-14.33 32-32v-32c0-17.67-14.33-32-32-32z\"><\/path><\/svg><\/span>\n\t\t<\/span>\n\n\t\t\t\t\t\t<\/summary>\n\t\t\t\t<div role=\"region\" aria-labelledby=\"e-n-accordion-item-2280\" class=\"elementor-element elementor-element-b91e20e e-con-full e-flex e-con e-child\" data-id=\"b91e20e\" data-element_type=\"container\" data-e-type=\"container\">\n\t\t\t\t<div class=\"elementor-element elementor-element-23bad99 elementor-widget elementor-widget-text-editor\" data-id=\"23bad99\" data-element_type=\"widget\" data-e-type=\"widget\" data-widget_type=\"text-editor.default\">\n\t\t\t\t<div class=\"elementor-widget-container\">\n\t\t\t\t\t\t\t\t\t<p style=\"font-weight: 400;\">Les \u00e9tudiants de l\u2019ICT peuvent b\u00e9n\u00e9ficier des bourses d\u2019\u00e9tudes et de stage de la R\u00e9gion Occitanie,\u00a0\u00e0 condition de correspondre aux crit\u00e8res de s\u00e9lections de la R\u00e9gion et de l\u2019ICT.<\/p><p>Retrouvez toutes les informations sur ces aides et les crit\u00e8res\u00a0d\u2019\u00e9ligibilit\u00e9 de la R\u00e9gion Occitanie\u00a0sur le site d\u00e9di\u00e9\u00a0:<br \/><a href=\"https:\/\/www.laregion.fr\/Aides-Mouv-Occitanie\">https:\/\/www.laregion.fr\/Aides-Mouv-Occitanie<\/a><\/p><p style=\"font-weight: 400;\">Les crit\u00e8res d\u2019\u00e9ligibilit\u00e9s de l\u2019ICT seront <strong>disponibles sur Scolaweb<\/strong>.<\/p>\t\t\t\t\t\t\t\t<\/div>\n\t\t\t\t<\/div>\n\t\t\t\t<\/div>\n\t\t\t\t\t<\/details>\n\t\t\t\t\t<\/div>\n\t\t\t\t\t\t<\/div>\n\t\t\t\t<\/div>\n\t\t\t\t<\/div>\n\t\t\t\t\t<\/div>\n\t\t<\/div>\n\t\t\t\t\t\t<\/div>\n\t\t\t\t<\/div>\n\t\t\t\t<div class=\"elementor-element elementor-element-ebbbed0 section-spacer elementor-widget elementor-widget-spacer\" data-id=\"ebbbed0\" data-element_type=\"widget\" data-e-type=\"widget\" data-widget_type=\"spacer.default\">\n\t\t\t\t<div class=\"elementor-widget-container\">\n\t\t\t\t\t\t\t<div class=\"elementor-spacer\">\n\t\t\t<div class=\"elementor-spacer-inner\"><\/div>\n\t\t<\/div>\n\t\t\t\t\t\t<\/div>\n\t\t\t\t<\/div>\n\t\t\t\t\t<\/div>\n\t\t\t\t<\/div>\n\t\t<div class=\"elementor-element elementor-element-0d94fc8 e-flex e-con-boxed e-con e-parent\" data-id=\"0d94fc8\" data-element_type=\"container\" data-e-type=\"container\">\n\t\t\t\t\t<div class=\"e-con-inner\">\n\t\t<div class=\"elementor-element elementor-element-ccd92fd e-con-full e-flex e-con e-child\" data-id=\"ccd92fd\" data-element_type=\"container\" data-e-type=\"container\">\n\t\t\t\t<div class=\"elementor-element elementor-element-628f727 elementor-widget elementor-widget-heading\" data-id=\"628f727\" data-element_type=\"widget\" data-e-type=\"widget\" data-widget_type=\"heading.default\">\n\t\t\t\t<div class=\"elementor-widget-container\">\n\t\t\t\t\t<h2 class=\"elementor-heading-title elementor-size-default\">Avant de partir<\/h2>\t\t\t\t<\/div>\n\t\t\t\t<\/div>\n\t\t\t\t<div class=\"elementor-element elementor-element-5f0e2d5 elementor-widget-divider--view-line elementor-widget elementor-widget-divider\" data-id=\"5f0e2d5\" data-element_type=\"widget\" data-e-type=\"widget\" data-widget_type=\"divider.default\">\n\t\t\t\t<div class=\"elementor-widget-container\">\n\t\t\t\t\t\t\t<div class=\"elementor-divider\">\n\t\t\t<span class=\"elementor-divider-separator\">\n\t\t\t\t\t\t<\/span>\n\t\t<\/div>\n\t\t\t\t\t\t<\/div>\n\t\t\t\t<\/div>\n\t\t\t\t<div class=\"elementor-element elementor-element-39ae3b1 elementor-widget elementor-widget-text-editor\" data-id=\"39ae3b1\" data-element_type=\"widget\" data-e-type=\"widget\" data-widget_type=\"text-editor.default\">\n\t\t\t\t<div class=\"elementor-widget-container\">\n\t\t\t\t\t\t\t\t\t<p id=\"E431\" class=\"x-scope qowt-word-para-2\"><span id=\"E432\" class=\"qowt-font1-TimesNewRoman\">Pr\u00e9parer son d\u00e9part \u00e0 l\u2019\u00e9tranger, \u00e7a s\u2019organise. Avant de partir, assurez-vous d\u2019avoir tous les documents dont vous aurez besoin\u00a0:<\/span><\/p><ul><li id=\"E433\" class=\"qowt-li-2_0 qowt-list x-scope qowt-word-para-14\" role=\"listitem\" aria-roledescription=\"Bullet\"><span id=\"E434\" class=\"qowt-font1-TimesNewRoman\">Passeport et\/ou carte d\u2019identit\u00e9 en cours de validit\u00e9, <\/span><\/li><li id=\"E435\" class=\"qowt-li-2_0 qowt-list x-scope qowt-word-para-14\" role=\"listitem\" aria-roledescription=\"Bullet\"><span id=\"E436\" class=\"qowt-font1-TimesNewRoman\">Photos d\u2019identit\u00e9, <\/span><\/li><li id=\"E437\" class=\"qowt-li-2_0 qowt-list x-scope qowt-word-para-14\" role=\"listitem\" aria-roledescription=\"Bullet\"><span id=\"E438\" class=\"qowt-font1-TimesNewRoman\">Carte europ\u00e9enne d\u2019assurance maladie, <\/span><\/li><li id=\"E439\" class=\"qowt-li-2_0 qowt-list x-scope qowt-word-para-14\" role=\"listitem\" aria-roledescription=\"Bullet\"><span id=\"E440\" class=\"qowt-font1-TimesNewRoman\">Assurance priv\u00e9e (rapatriement, protection civile), <\/span><\/li><li id=\"E441\" class=\"qowt-li-2_0 qowt-list x-scope qowt-word-para-14\" role=\"listitem\" aria-roledescription=\"Bullet\"><span id=\"E442\" class=\"qowt-font1-TimesNewRoman\">Ordonnance si prise de m\u00e9dicaments r\u00e9guli\u00e8re, <\/span><\/li><li id=\"E443\" class=\"qowt-li-2_0 qowt-list x-scope qowt-word-para-14\" role=\"listitem\" aria-roledescription=\"Bullet\"><span id=\"E444\" class=\"qowt-font1-TimesNewRoman\">Carnet de sant\u00e9.<\/span><\/li><\/ul><p id=\"E445\" class=\"x-scope qowt-word-para-2\"><span id=\"E446\" class=\"qowt-font1-TimesNewRoman\">N\u2019oubliez pas d\u2019aller voir votre banque et votre op\u00e9rateur t\u00e9l\u00e9phonique pour effectuer les changements n\u00e9cessaires.<\/span><\/p><p id=\"E447\" class=\"x-scope qowt-word-para-2\"><span id=\"E448\" class=\"qowt-font1-TimesNewRoman\">Si vous partez hors Europe, vous aurez besoin d\u2019un visa selon les pays. Renseignez-vous lors des rendez-vous individuels au service des Relations internationales de l\u2019ICT.<\/span><\/p>\t\t\t\t\t\t\t\t<\/div>\n\t\t\t\t<\/div>\n\t\t\t\t<div class=\"elementor-element elementor-element-aaabaf2 elementor-widget elementor-widget-n-accordion\" data-id=\"aaabaf2\" data-element_type=\"widget\" data-e-type=\"widget\" data-settings=\"{&quot;default_state&quot;:&quot;expanded&quot;,&quot;max_items_expended&quot;:&quot;one&quot;,&quot;n_accordion_animation_duration&quot;:{&quot;unit&quot;:&quot;ms&quot;,&quot;size&quot;:400,&quot;sizes&quot;:[]}}\" data-widget_type=\"nested-accordion.default\">\n\t\t\t\t<div class=\"elementor-widget-container\">\n\t\t\t\t\t\t\t<div class=\"e-n-accordion\" aria-label=\"Accordion. Open links with Enter or Space, close with Escape, and navigate with Arrow Keys\">\n\t\t\t\t\t\t<details id=\"e-n-accordion-item-1780\" class=\"e-n-accordion-item\" open>\n\t\t\t\t<summary class=\"e-n-accordion-item-title\" data-accordion-index=\"1\" tabindex=\"0\" aria-expanded=\"true\" aria-controls=\"e-n-accordion-item-1780\" >\n\t\t\t\t\t<span class='e-n-accordion-item-title-header'><div class=\"e-n-accordion-item-title-text\"> Logement <\/div><\/span>\n\t\t\t\t\t\t\t<span class='e-n-accordion-item-title-icon'>\n\t\t\t<span class='e-opened' ><svg aria-hidden=\"true\" class=\"e-font-icon-svg e-fas-minus\" viewBox=\"0 0 448 512\" xmlns=\"http:\/\/www.w3.org\/2000\/svg\"><path d=\"M416 208H32c-17.67 0-32 14.33-32 32v32c0 17.67 14.33 32 32 32h384c17.67 0 32-14.33 32-32v-32c0-17.67-14.33-32-32-32z\"><\/path><\/svg><\/span>\n\t\t\t<span class='e-closed'><svg aria-hidden=\"true\" class=\"e-font-icon-svg e-fas-plus\" viewBox=\"0 0 448 512\" xmlns=\"http:\/\/www.w3.org\/2000\/svg\"><path d=\"M416 208H272V64c0-17.67-14.33-32-32-32h-32c-17.67 0-32 14.33-32 32v144H32c-17.67 0-32 14.33-32 32v32c0 17.67 14.33 32 32 32h144v144c0 17.67 14.33 32 32 32h32c17.67 0 32-14.33 32-32V304h144c17.67 0 32-14.33 32-32v-32c0-17.67-14.33-32-32-32z\"><\/path><\/svg><\/span>\n\t\t<\/span>\n\n\t\t\t\t\t\t<\/summary>\n\t\t\t\t<div role=\"region\" aria-labelledby=\"e-n-accordion-item-1780\" class=\"elementor-element elementor-element-fdfd1ba e-con-full e-flex e-con e-child\" data-id=\"fdfd1ba\" data-element_type=\"container\" data-e-type=\"container\">\n\t\t\t\t<div class=\"elementor-element elementor-element-a836b3e elementor-widget elementor-widget-text-editor\" data-id=\"a836b3e\" data-element_type=\"widget\" data-e-type=\"widget\" data-widget_type=\"text-editor.default\">\n\t\t\t\t<div class=\"elementor-widget-container\">\n\t\t\t\t\t\t\t\t\t<p>L\u2019universit\u00e9 d\u2019accueil peut vous proposer un logement sur son campus, ou vous proposer des listes d\u2019h\u00e9bergements partenaires. Vous \u00eates libres d\u2019accepter les h\u00e9bergements propos\u00e9s ou d\u2019en choisir d\u2019autres \u00e0 votre convenance (colocation\/studio du parc priv\u00e9\u2026). Sachez que la recherche de logement vous demandera beaucoup de temps. D\u00e8s votre nomination dans l\u2019universit\u00e9, commencez vos recherches. Pour information, sachez que certaines universit\u00e9s pratiquent le tirage au sort pour l\u2019attribution des chambres. Le prix d\u2019une chambre peut atteindre dans certains pays plus de 1500\u20ac\/mois. Soyez donc vigilants.<\/p>\t\t\t\t\t\t\t\t<\/div>\n\t\t\t\t<\/div>\n\t\t\t\t<\/div>\n\t\t\t\t\t<\/details>\n\t\t\t\t\t\t<details id=\"e-n-accordion-item-1781\" class=\"e-n-accordion-item\" >\n\t\t\t\t<summary class=\"e-n-accordion-item-title\" data-accordion-index=\"2\" tabindex=\"-1\" aria-expanded=\"false\" aria-controls=\"e-n-accordion-item-1781\" >\n\t\t\t\t\t<span class='e-n-accordion-item-title-header'><div class=\"e-n-accordion-item-title-text\"> Assurance maladie <\/div><\/span>\n\t\t\t\t\t\t\t<span class='e-n-accordion-item-title-icon'>\n\t\t\t<span class='e-opened' ><svg aria-hidden=\"true\" class=\"e-font-icon-svg e-fas-minus\" viewBox=\"0 0 448 512\" xmlns=\"http:\/\/www.w3.org\/2000\/svg\"><path d=\"M416 208H32c-17.67 0-32 14.33-32 32v32c0 17.67 14.33 32 32 32h384c17.67 0 32-14.33 32-32v-32c0-17.67-14.33-32-32-32z\"><\/path><\/svg><\/span>\n\t\t\t<span class='e-closed'><svg aria-hidden=\"true\" class=\"e-font-icon-svg e-fas-plus\" viewBox=\"0 0 448 512\" xmlns=\"http:\/\/www.w3.org\/2000\/svg\"><path d=\"M416 208H272V64c0-17.67-14.33-32-32-32h-32c-17.67 0-32 14.33-32 32v144H32c-17.67 0-32 14.33-32 32v32c0 17.67 14.33 32 32 32h144v144c0 17.67 14.33 32 32 32h32c17.67 0 32-14.33 32-32V304h144c17.67 0 32-14.33 32-32v-32c0-17.67-14.33-32-32-32z\"><\/path><\/svg><\/span>\n\t\t<\/span>\n\n\t\t\t\t\t\t<\/summary>\n\t\t\t\t<div role=\"region\" aria-labelledby=\"e-n-accordion-item-1781\" class=\"elementor-element elementor-element-45f0b91 e-con-full e-flex e-con e-child\" data-id=\"45f0b91\" data-element_type=\"container\" data-e-type=\"container\">\n\t\t\t\t<div class=\"elementor-element elementor-element-9cbdd2c elementor-widget elementor-widget-text-editor\" data-id=\"9cbdd2c\" data-element_type=\"widget\" data-e-type=\"widget\" data-widget_type=\"text-editor.default\">\n\t\t\t\t<div class=\"elementor-widget-container\">\n\t\t\t\t\t\t\t\t\t<p>Si vous partez dans un pays de l\u2019Union Europ\u00e9enne,\u00a0vous devrez obligatoirement\u00a0demander la carte europ\u00e9enne d\u2019assurance maladie (aupr\u00e8s de\u00a0<a href=\"http:\/\/www.ameli.fr\/\">www.ameli.fr<\/a>). Celle-ci vous permettra de b\u00e9n\u00e9ficier du remboursement\u00a0de vos soins de sant\u00e9. Elle est valable 2 ans.\u00a0Pensez \u00e0 conserver vos factures et justificatifs de soins.<\/p><p>Si vous partez hors\u00a0Europe,\u00a0vous devrez souscrire un contrat d\u2019assurance qui couvre\u00a0:<\/p><ul><li>La responsabilit\u00e9 civile internationale<\/li><li>L\u2019assurance internationale sant\u00e9<\/li><li>Le rapatriement<\/li><\/ul><p>Il existe des assurances sp\u00e9cifiques qui couvrent de mani\u00e8re automatique les 3 points cit\u00e9s ci-dessus. Pensez \u00e0 vous renseigner aupr\u00e8s de votre mutuelle\/assurance\u00a0qui offre parfois des forfaits pour les s\u00e9jours d\u2019\u00e9tudes \u00e0 l\u2019\u00e9tranger.<\/p>\t\t\t\t\t\t\t\t<\/div>\n\t\t\t\t<\/div>\n\t\t\t\t<\/div>\n\t\t\t\t\t<\/details>\n\t\t\t\t\t\t<details id=\"e-n-accordion-item-1782\" class=\"e-n-accordion-item\" >\n\t\t\t\t<summary class=\"e-n-accordion-item-title\" data-accordion-index=\"3\" tabindex=\"-1\" aria-expanded=\"false\" aria-controls=\"e-n-accordion-item-1782\" >\n\t\t\t\t\t<span class='e-n-accordion-item-title-header'><div class=\"e-n-accordion-item-title-text\"> Budget <\/div><\/span>\n\t\t\t\t\t\t\t<span class='e-n-accordion-item-title-icon'>\n\t\t\t<span class='e-opened' ><svg aria-hidden=\"true\" class=\"e-font-icon-svg e-fas-minus\" viewBox=\"0 0 448 512\" xmlns=\"http:\/\/www.w3.org\/2000\/svg\"><path d=\"M416 208H32c-17.67 0-32 14.33-32 32v32c0 17.67 14.33 32 32 32h384c17.67 0 32-14.33 32-32v-32c0-17.67-14.33-32-32-32z\"><\/path><\/svg><\/span>\n\t\t\t<span class='e-closed'><svg aria-hidden=\"true\" class=\"e-font-icon-svg e-fas-plus\" viewBox=\"0 0 448 512\" xmlns=\"http:\/\/www.w3.org\/2000\/svg\"><path d=\"M416 208H272V64c0-17.67-14.33-32-32-32h-32c-17.67 0-32 14.33-32 32v144H32c-17.67 0-32 14.33-32 32v32c0 17.67 14.33 32 32 32h144v144c0 17.67 14.33 32 32 32h32c17.67 0 32-14.33 32-32V304h144c17.67 0 32-14.33 32-32v-32c0-17.67-14.33-32-32-32z\"><\/path><\/svg><\/span>\n\t\t<\/span>\n\n\t\t\t\t\t\t<\/summary>\n\t\t\t\t<div role=\"region\" aria-labelledby=\"e-n-accordion-item-1782\" class=\"elementor-element elementor-element-c1d8612 e-con-full e-flex e-con e-child\" data-id=\"c1d8612\" data-element_type=\"container\" data-e-type=\"container\">\n\t\t\t\t<div class=\"elementor-element elementor-element-45e7b9c elementor-widget elementor-widget-text-editor\" data-id=\"45e7b9c\" data-element_type=\"widget\" data-e-type=\"widget\" data-widget_type=\"text-editor.default\">\n\t\t\t\t<div class=\"elementor-widget-container\">\n\t\t\t\t\t\t\t\t\t<p id=\"E464\" class=\"x-scope qowt-word-para-2\"><span id=\"E465\" class=\"qowt-font1-TimesNewRoman\">Renseignez-vous sur le co\u00fbt de la vie dans votre pays d\u2019accueil, et pr\u00e9parez votre budget en cons\u00e9quence.<\/span><\/p><p id=\"E469\" class=\"x-scope qowt-word-para-2\"><span id=\"E470\" class=\"qowt-font1-TimesNewRoman\">Une fois sur place, vous aurez sans doute besoin d\u2019ouvrir un compte dans une banque locale. Renseignez-vous aupr\u00e8s de votre banque pour \u00e9tudier les offres qu\u2019elle propose.<\/span><\/p>\t\t\t\t\t\t\t\t<\/div>\n\t\t\t\t<\/div>\n\t\t\t\t<\/div>\n\t\t\t\t\t<\/details>\n\t\t\t\t\t\t<details id=\"e-n-accordion-item-1783\" class=\"e-n-accordion-item\" >\n\t\t\t\t<summary class=\"e-n-accordion-item-title\" data-accordion-index=\"4\" tabindex=\"-1\" aria-expanded=\"false\" aria-controls=\"e-n-accordion-item-1783\" >\n\t\t\t\t\t<span class='e-n-accordion-item-title-header'><div class=\"e-n-accordion-item-title-text\"> S\u00e9curit\u00e9 <\/div><\/span>\n\t\t\t\t\t\t\t<span class='e-n-accordion-item-title-icon'>\n\t\t\t<span class='e-opened' ><svg aria-hidden=\"true\" class=\"e-font-icon-svg e-fas-minus\" viewBox=\"0 0 448 512\" xmlns=\"http:\/\/www.w3.org\/2000\/svg\"><path d=\"M416 208H32c-17.67 0-32 14.33-32 32v32c0 17.67 14.33 32 32 32h384c17.67 0 32-14.33 32-32v-32c0-17.67-14.33-32-32-32z\"><\/path><\/svg><\/span>\n\t\t\t<span class='e-closed'><svg aria-hidden=\"true\" class=\"e-font-icon-svg e-fas-plus\" viewBox=\"0 0 448 512\" xmlns=\"http:\/\/www.w3.org\/2000\/svg\"><path d=\"M416 208H272V64c0-17.67-14.33-32-32-32h-32c-17.67 0-32 14.33-32 32v144H32c-17.67 0-32 14.33-32 32v32c0 17.67 14.33 32 32 32h144v144c0 17.67 14.33 32 32 32h32c17.67 0 32-14.33 32-32V304h144c17.67 0 32-14.33 32-32v-32c0-17.67-14.33-32-32-32z\"><\/path><\/svg><\/span>\n\t\t<\/span>\n\n\t\t\t\t\t\t<\/summary>\n\t\t\t\t<div role=\"region\" aria-labelledby=\"e-n-accordion-item-1783\" class=\"elementor-element elementor-element-de0198f e-flex e-con-boxed e-con e-child\" data-id=\"de0198f\" data-element_type=\"container\" data-e-type=\"container\">\n\t\t\t\t\t<div class=\"e-con-inner\">\n\t\t\t\t<div class=\"elementor-element elementor-element-ef28780 elementor-widget elementor-widget-text-editor\" data-id=\"ef28780\" data-element_type=\"widget\" data-e-type=\"widget\" data-widget_type=\"text-editor.default\">\n\t\t\t\t<div class=\"elementor-widget-container\">\n\t\t\t\t\t\t\t\t\t<p>Avant votre d\u00e9part, pensez \u00e0 vous inscrire sur le site du Minist\u00e8re de l\u2019Europe et des Affaires \u00e9trang\u00e8res via le\u00a0fil\u00a0<a href=\"https:\/\/www.diplomatie.gouv.fr\/fr\/\">d\u2019Ariane<\/a> et, consultez le site <a href=\"https:\/\/www.diplomatie.gouv.fr\/fr\/je-pars-a-l-etranger\/\" target=\"_blank\" rel=\"noopener\">France Diplomatie<\/a> pour toutes les questions relatives \u00e0 votre s\u00e9jour \u00e0 l\u2019\u00e9tranger.<\/p><p>En cas de force majeure (crise sanitaire, terrorisme, etc.), et de retour anticip\u00e9, ou de difficult\u00e9s quelconques, vous devez donner des nouvelles \u00e0 vos proches, puis informer le service Relations internationales par email.<\/p>\t\t\t\t\t\t\t\t<\/div>\n\t\t\t\t<\/div>\n\t\t\t\t\t<\/div>\n\t\t\t\t<\/div>\n\t\t\t\t\t<\/details>\n\t\t\t\t\t<\/div>\n\t\t\t\t\t\t<\/div>\n\t\t\t\t<\/div>\n\t\t\t\t<div class=\"elementor-element elementor-element-d8c7017 section-spacer elementor-widget elementor-widget-spacer\" data-id=\"d8c7017\" data-element_type=\"widget\" data-e-type=\"widget\" data-widget_type=\"spacer.default\">\n\t\t\t\t<div class=\"elementor-widget-container\">\n\t\t\t\t\t\t\t<div class=\"elementor-spacer\">\n\t\t\t<div class=\"elementor-spacer-inner\"><\/div>\n\t\t<\/div>\n\t\t\t\t\t\t<\/div>\n\t\t\t\t<\/div>\n\t\t\t\t<\/div>\n\t\t\t\t\t<\/div>\n\t\t\t\t<\/div>\n\t\t\t\t<\/div>\n\t\t","protected":false},"template":"","class_list":["post-2517","etudier_a_letranger","type-etudier_a_letranger","status-publish","hentry"],"acf":[],"yoast_head":"<!-- This site is optimized with the Yoast SEO plugin v27.1.1 - https:\/\/yoast.com\/product\/yoast-seo-wordpress\/ -->\n<title>Pr\u00e9parer son d\u00e9part - Institut Catholique de Toulouse<\/title>\n<meta name=\"description\" content=\"Vous vous appr\u00eatez \u00e0 effectuer une mobilit\u00e9 internationale pendant vos \u00e9tudes \u00e0 l\u2019ICT ? Voici nos conseils pour bien pr\u00e9parer son d\u00e9part.\" \/>\n<meta name=\"robots\" content=\"index, follow, max-snippet:-1, max-image-preview:large, max-video-preview:-1\" \/>\n<link rel=\"canonical\" href=\"https:\/\/www.ict-toulouse.fr\/en\/etudier-a-linternational\/preparer-son-depart\/\" \/>\n<meta property=\"og:locale\" content=\"en_US\" \/>\n<meta property=\"og:type\" content=\"article\" \/>\n<meta property=\"og:title\" content=\"Pr\u00e9parer son d\u00e9part - Institut Catholique de Toulouse\" \/>\n<meta property=\"og:description\" content=\"Vous vous appr\u00eatez \u00e0 effectuer une mobilit\u00e9 internationale pendant vos \u00e9tudes \u00e0 l\u2019ICT ? Voici nos conseils pour bien pr\u00e9parer son d\u00e9part.\" \/>\n<meta property=\"og:url\" content=\"https:\/\/www.ict-toulouse.fr\/en\/etudier-a-linternational\/preparer-son-depart\/\" \/>\n<meta property=\"og:site_name\" content=\"Institut Catholique de Toulouse\" \/>\n<meta property=\"article:modified_time\" content=\"2025-03-31T09:41:30+00:00\" \/>\n<meta property=\"og:image\" content=\"https:\/\/www.ict-toulouse.fr\/wp-content\/uploads\/2024\/07\/young-couple-of-students-do-their-homework-on-the-2023-11-27-04-58-03-utc.jpg\" \/>\n\t<meta property=\"og:image:width\" content=\"767\" \/>\n\t<meta property=\"og:image:height\" content=\"404\" \/>\n\t<meta property=\"og:image:type\" content=\"image\/jpeg\" \/>\n<meta name=\"twitter:card\" content=\"summary_large_image\" \/>\n<meta name=\"twitter:label1\" content=\"Est. reading time\" \/>\n\t<meta name=\"twitter:data1\" content=\"10 minutes\" \/>\n<script type=\"application\/ld+json\" class=\"yoast-schema-graph\">{\"@context\":\"https:\/\/schema.org\",\"@graph\":[{\"@type\":\"WebPage\",\"@id\":\"https:\/\/www.ict-toulouse.fr\/en\/etudier-a-linternational\/preparer-son-depart\/\",\"url\":\"https:\/\/www.ict-toulouse.fr\/en\/etudier-a-linternational\/preparer-son-depart\/\",\"name\":\"Pr\u00e9parer son d\u00e9part - Institut Catholique de Toulouse\",\"isPartOf\":{\"@id\":\"https:\/\/www.ict-toulouse.fr\/en\/#website\"},\"primaryImageOfPage\":{\"@id\":\"https:\/\/www.ict-toulouse.fr\/en\/etudier-a-linternational\/preparer-son-depart\/#primaryimage\"},\"image\":{\"@id\":\"https:\/\/www.ict-toulouse.fr\/en\/etudier-a-linternational\/preparer-son-depart\/#primaryimage\"},\"thumbnailUrl\":\"https:\/\/www.ict-toulouse.fr\/wp-content\/uploads\/2024\/07\/young-couple-of-students-do-their-homework-on-the-2023-11-27-04-58-03-utc.jpg\",\"datePublished\":\"2024-07-19T12:38:06+00:00\",\"dateModified\":\"2025-03-31T09:41:30+00:00\",\"description\":\"Vous vous appr\u00eatez \u00e0 effectuer une mobilit\u00e9 internationale pendant vos \u00e9tudes \u00e0 l\u2019ICT ? Voici nos conseils pour bien pr\u00e9parer son d\u00e9part.\",\"breadcrumb\":{\"@id\":\"https:\/\/www.ict-toulouse.fr\/en\/etudier-a-linternational\/preparer-son-depart\/#breadcrumb\"},\"inLanguage\":\"en-US\",\"potentialAction\":[{\"@type\":\"ReadAction\",\"target\":[\"https:\/\/www.ict-toulouse.fr\/en\/etudier-a-linternational\/preparer-son-depart\/\"]}]},{\"@type\":\"ImageObject\",\"inLanguage\":\"en-US\",\"@id\":\"https:\/\/www.ict-toulouse.fr\/en\/etudier-a-linternational\/preparer-son-depart\/#primaryimage\",\"url\":\"https:\/\/www.ict-toulouse.fr\/wp-content\/uploads\/2024\/07\/young-couple-of-students-do-their-homework-on-the-2023-11-27-04-58-03-utc.jpg\",\"contentUrl\":\"https:\/\/www.ict-toulouse.fr\/wp-content\/uploads\/2024\/07\/young-couple-of-students-do-their-homework-on-the-2023-11-27-04-58-03-utc.jpg\"},{\"@type\":\"BreadcrumbList\",\"@id\":\"https:\/\/www.ict-toulouse.fr\/en\/etudier-a-linternational\/preparer-son-depart\/#breadcrumb\",\"itemListElement\":[{\"@type\":\"ListItem\",\"position\":1,\"name\":\"Accueil\",\"item\":\"https:\/\/www.ict-toulouse.fr\/en\/\"},{\"@type\":\"ListItem\",\"position\":2,\"name\":\"Pr\u00e9parer son d\u00e9part\"}]},{\"@type\":\"WebSite\",\"@id\":\"https:\/\/www.ict-toulouse.fr\/en\/#website\",\"url\":\"https:\/\/www.ict-toulouse.fr\/en\/\",\"name\":\"Institut Catholique de Toulouse\",\"description\":\"\",\"publisher\":{\"@id\":\"https:\/\/www.ict-toulouse.fr\/en\/#organization\"},\"alternateName\":\"ICT-Toulouse\",\"potentialAction\":[{\"@type\":\"SearchAction\",\"target\":{\"@type\":\"EntryPoint\",\"urlTemplate\":\"https:\/\/www.ict-toulouse.fr\/en\/?s={search_term_string}\"},\"query-input\":{\"@type\":\"PropertyValueSpecification\",\"valueRequired\":true,\"valueName\":\"search_term_string\"}}],\"inLanguage\":\"en-US\"},{\"@type\":\"Organization\",\"@id\":\"https:\/\/www.ict-toulouse.fr\/en\/#organization\",\"name\":\"ICT-Toulouse\",\"url\":\"https:\/\/www.ict-toulouse.fr\/en\/\",\"logo\":{\"@type\":\"ImageObject\",\"inLanguage\":\"en-US\",\"@id\":\"https:\/\/www.ict-toulouse.fr\/en\/#\/schema\/logo\/image\/\",\"url\":\"https:\/\/www.ict-toulouse.fr\/wp-content\/uploads\/2025\/05\/cropped-Logo-ICT-GENERIQUE-RESERVE-sans-fond.png\",\"contentUrl\":\"https:\/\/www.ict-toulouse.fr\/wp-content\/uploads\/2025\/05\/cropped-Logo-ICT-GENERIQUE-RESERVE-sans-fond.png\",\"width\":464,\"height\":250,\"caption\":\"ICT-Toulouse\"},\"image\":{\"@id\":\"https:\/\/www.ict-toulouse.fr\/en\/#\/schema\/logo\/image\/\"}}]}<\/script>\n<!-- \/ Yoast SEO plugin. -->","yoast_head_json":{"title":"Pr\u00e9parer son d\u00e9part - Institut Catholique de Toulouse","description":"Vous vous appr\u00eatez \u00e0 effectuer une mobilit\u00e9 internationale pendant vos \u00e9tudes \u00e0 l\u2019ICT ? Voici nos conseils pour bien pr\u00e9parer son d\u00e9part.","robots":{"index":"index","follow":"follow","max-snippet":"max-snippet:-1","max-image-preview":"max-image-preview:large","max-video-preview":"max-video-preview:-1"},"canonical":"https:\/\/www.ict-toulouse.fr\/en\/etudier-a-linternational\/preparer-son-depart\/","og_locale":"en_US","og_type":"article","og_title":"Pr\u00e9parer son d\u00e9part - Institut Catholique de Toulouse","og_description":"Vous vous appr\u00eatez \u00e0 effectuer une mobilit\u00e9 internationale pendant vos \u00e9tudes \u00e0 l\u2019ICT ? Voici nos conseils pour bien pr\u00e9parer son d\u00e9part.","og_url":"https:\/\/www.ict-toulouse.fr\/en\/etudier-a-linternational\/preparer-son-depart\/","og_site_name":"Institut Catholique de Toulouse","article_modified_time":"2025-03-31T09:41:30+00:00","og_image":[{"width":767,"height":404,"url":"https:\/\/www.ict-toulouse.fr\/wp-content\/uploads\/2024\/07\/young-couple-of-students-do-their-homework-on-the-2023-11-27-04-58-03-utc.jpg","type":"image\/jpeg"}],"twitter_card":"summary_large_image","twitter_misc":{"Est. reading time":"10 minutes"},"schema":{"@context":"https:\/\/schema.org","@graph":[{"@type":"WebPage","@id":"https:\/\/www.ict-toulouse.fr\/en\/etudier-a-linternational\/preparer-son-depart\/","url":"https:\/\/www.ict-toulouse.fr\/en\/etudier-a-linternational\/preparer-son-depart\/","name":"Pr\u00e9parer son d\u00e9part - Institut Catholique de Toulouse","isPartOf":{"@id":"https:\/\/www.ict-toulouse.fr\/en\/#website"},"primaryImageOfPage":{"@id":"https:\/\/www.ict-toulouse.fr\/en\/etudier-a-linternational\/preparer-son-depart\/#primaryimage"},"image":{"@id":"https:\/\/www.ict-toulouse.fr\/en\/etudier-a-linternational\/preparer-son-depart\/#primaryimage"},"thumbnailUrl":"https:\/\/www.ict-toulouse.fr\/wp-content\/uploads\/2024\/07\/young-couple-of-students-do-their-homework-on-the-2023-11-27-04-58-03-utc.jpg","datePublished":"2024-07-19T12:38:06+00:00","dateModified":"2025-03-31T09:41:30+00:00","description":"Vous vous appr\u00eatez \u00e0 effectuer une mobilit\u00e9 internationale pendant vos \u00e9tudes \u00e0 l\u2019ICT ? Voici nos conseils pour bien pr\u00e9parer son d\u00e9part.","breadcrumb":{"@id":"https:\/\/www.ict-toulouse.fr\/en\/etudier-a-linternational\/preparer-son-depart\/#breadcrumb"},"inLanguage":"en-US","potentialAction":[{"@type":"ReadAction","target":["https:\/\/www.ict-toulouse.fr\/en\/etudier-a-linternational\/preparer-son-depart\/"]}]},{"@type":"ImageObject","inLanguage":"en-US","@id":"https:\/\/www.ict-toulouse.fr\/en\/etudier-a-linternational\/preparer-son-depart\/#primaryimage","url":"https:\/\/www.ict-toulouse.fr\/wp-content\/uploads\/2024\/07\/young-couple-of-students-do-their-homework-on-the-2023-11-27-04-58-03-utc.jpg","contentUrl":"https:\/\/www.ict-toulouse.fr\/wp-content\/uploads\/2024\/07\/young-couple-of-students-do-their-homework-on-the-2023-11-27-04-58-03-utc.jpg"},{"@type":"BreadcrumbList","@id":"https:\/\/www.ict-toulouse.fr\/en\/etudier-a-linternational\/preparer-son-depart\/#breadcrumb","itemListElement":[{"@type":"ListItem","position":1,"name":"Accueil","item":"https:\/\/www.ict-toulouse.fr\/en\/"},{"@type":"ListItem","position":2,"name":"Pr\u00e9parer son d\u00e9part"}]},{"@type":"WebSite","@id":"https:\/\/www.ict-toulouse.fr\/en\/#website","url":"https:\/\/www.ict-toulouse.fr\/en\/","name":"Institut Catholique de Toulouse","description":"","publisher":{"@id":"https:\/\/www.ict-toulouse.fr\/en\/#organization"},"alternateName":"ICT-Toulouse","potentialAction":[{"@type":"SearchAction","target":{"@type":"EntryPoint","urlTemplate":"https:\/\/www.ict-toulouse.fr\/en\/?s={search_term_string}"},"query-input":{"@type":"PropertyValueSpecification","valueRequired":true,"valueName":"search_term_string"}}],"inLanguage":"en-US"},{"@type":"Organization","@id":"https:\/\/www.ict-toulouse.fr\/en\/#organization","name":"ICT-Toulouse","url":"https:\/\/www.ict-toulouse.fr\/en\/","logo":{"@type":"ImageObject","inLanguage":"en-US","@id":"https:\/\/www.ict-toulouse.fr\/en\/#\/schema\/logo\/image\/","url":"https:\/\/www.ict-toulouse.fr\/wp-content\/uploads\/2025\/05\/cropped-Logo-ICT-GENERIQUE-RESERVE-sans-fond.png","contentUrl":"https:\/\/www.ict-toulouse.fr\/wp-content\/uploads\/2025\/05\/cropped-Logo-ICT-GENERIQUE-RESERVE-sans-fond.png","width":464,"height":250,"caption":"ICT-Toulouse"},"image":{"@id":"https:\/\/www.ict-toulouse.fr\/en\/#\/schema\/logo\/image\/"}}]}},"_links":{"self":[{"href":"https:\/\/www.ict-toulouse.fr\/en\/wp-json\/wp\/v2\/etudier_a_letranger\/2517","targetHints":{"allow":["GET"]}}],"collection":[{"href":"https:\/\/www.ict-toulouse.fr\/en\/wp-json\/wp\/v2\/etudier_a_letranger"}],"about":[{"href":"https:\/\/www.ict-toulouse.fr\/en\/wp-json\/wp\/v2\/types\/etudier_a_letranger"}],"version-history":[{"count":346,"href":"https:\/\/www.ict-toulouse.fr\/en\/wp-json\/wp\/v2\/etudier_a_letranger\/2517\/revisions"}],"predecessor-version":[{"id":28844,"href":"https:\/\/www.ict-toulouse.fr\/en\/wp-json\/wp\/v2\/etudier_a_letranger\/2517\/revisions\/28844"}],"wp:attachment":[{"href":"https:\/\/www.ict-toulouse.fr\/en\/wp-json\/wp\/v2\/media?parent=2517"}],"curies":[{"name":"wp","href":"https:\/\/api.w.org\/{rel}","templated":true}]}}