{"id":2439,"date":"2024-07-19T13:39:03","date_gmt":"2024-07-19T11:39:03","guid":{"rendered":"https:\/\/www.ict-toulouse.fr\/?post_type=etudier_a_letranger&#038;p=2439"},"modified":"2025-03-17T16:27:25","modified_gmt":"2025-03-17T15:27:25","slug":"nos-programmes-dechange","status":"publish","type":"etudier_a_letranger","link":"https:\/\/www.ict-toulouse.fr\/en\/etudier-a-linternational\/nos-programmes-dechange\/","title":{"rendered":"Nos programmes d\u2019\u00e9change"},"content":{"rendered":"\t\t<div data-elementor-type=\"wp-post\" data-elementor-id=\"2439\" class=\"elementor elementor-2439\">\n\t\t\t\t<div class=\"elementor-element elementor-element-f387c73 e-flex e-con-boxed e-con e-parent\" data-id=\"f387c73\" data-element_type=\"container\" data-e-type=\"container\">\n\t\t\t\t\t<div class=\"e-con-inner\">\n\t\t\t\t<div class=\"elementor-element elementor-element-90df8c3 section-inner-spacer elementor-widget elementor-widget-spacer\" data-id=\"90df8c3\" data-element_type=\"widget\" data-e-type=\"widget\" data-widget_type=\"spacer.default\">\n\t\t\t\t<div class=\"elementor-widget-container\">\n\t\t\t\t\t\t\t<div class=\"elementor-spacer\">\n\t\t\t<div class=\"elementor-spacer-inner\"><\/div>\n\t\t<\/div>\n\t\t\t\t\t\t<\/div>\n\t\t\t\t<\/div>\n\t\t<div class=\"elementor-element elementor-element-55b5426 e-con-full e-flex e-con e-child\" data-id=\"55b5426\" data-element_type=\"container\" data-e-type=\"container\">\n\t\t<div class=\"elementor-element elementor-element-b9f086f e-con-full e-flex e-con e-child\" data-id=\"b9f086f\" data-element_type=\"container\" data-e-type=\"container\">\n\t\t<div class=\"elementor-element elementor-element-b45a56b e-con-full e-flex e-con e-child\" data-id=\"b45a56b\" data-element_type=\"container\" data-e-type=\"container\" data-settings=\"{&quot;background_background&quot;:&quot;classic&quot;}\">\n\t\t\t\t<div class=\"elementor-element elementor-element-01533e1 elementor-widget elementor-widget-heading\" data-id=\"01533e1\" data-element_type=\"widget\" data-e-type=\"widget\" data-widget_type=\"heading.default\">\n\t\t\t\t<div class=\"elementor-widget-container\">\n\t\t\t\t\t<h2 class=\"elementor-heading-title elementor-size-default\">Introduction<\/h2>\t\t\t\t<\/div>\n\t\t\t\t<\/div>\n\t\t\t\t<div class=\"elementor-element elementor-element-a256522 elementor-widget-divider--view-line elementor-widget elementor-widget-divider\" data-id=\"a256522\" data-element_type=\"widget\" data-e-type=\"widget\" data-widget_type=\"divider.default\">\n\t\t\t\t<div class=\"elementor-widget-container\">\n\t\t\t\t\t\t\t<div class=\"elementor-divider\">\n\t\t\t<span class=\"elementor-divider-separator\">\n\t\t\t\t\t\t<\/span>\n\t\t<\/div>\n\t\t\t\t\t\t<\/div>\n\t\t\t\t<\/div>\n\t\t\t\t<div class=\"elementor-element elementor-element-b219d82 elementor-widget elementor-widget-text-editor\" data-id=\"b219d82\" data-element_type=\"widget\" data-e-type=\"widget\" data-widget_type=\"text-editor.default\">\n\t\t\t\t<div class=\"elementor-widget-container\">\n\t\t\t\t\t\t\t\t\t<p>Avec plus de 115 partenaires Erasmus+ et 80 accords de coop\u00e9ration, l\u2019ouverture \u00e0 l\u2019international permet d\u2019offrir aux \u00e9tudiants de l\u2019ICT des opportunit\u00e9s enrichissantes de mobilit\u00e9 \u00e0 l&#8217;\u00e9tranger.<\/p>\t\t\t\t\t\t\t\t<\/div>\n\t\t\t\t<\/div>\n\t\t\t\t<\/div>\n\t\t\t\t<\/div>\n\t\t<div class=\"elementor-element elementor-element-c179e58 e-con-full e-flex e-con e-child\" data-id=\"c179e58\" data-element_type=\"container\" data-e-type=\"container\">\n\t\t<div class=\"elementor-element elementor-element-2b934cb e-con-full asset-rb e-flex e-con e-child\" data-id=\"2b934cb\" data-element_type=\"container\" data-e-type=\"container\">\n\t\t\t\t<div class=\"elementor-element elementor-element-0e364bc elementor-widget elementor-widget-image\" data-id=\"0e364bc\" data-element_type=\"widget\" data-e-type=\"widget\" data-widget_type=\"image.default\">\n\t\t\t\t<div class=\"elementor-widget-container\">\n\t\t\t\t\t\t\t\t\t\t\t\t\t\t\t<img decoding=\"async\" src=\"https:\/\/ict-toulouse.fr\/wp-content\/uploads\/2024\/07\/ICT-202882-leonXIII-10.png\" title=\"\" alt=\"\" loading=\"lazy\" \/>\t\t\t\t\t\t\t\t\t\t\t\t\t\t\t<\/div>\n\t\t\t\t<\/div>\n\t\t\t\t<\/div>\n\t\t\t\t<\/div>\n\t\t\t\t<\/div>\n\t\t\t\t<div class=\"elementor-element elementor-element-5fecccf section-inner-spacer elementor-widget elementor-widget-spacer\" data-id=\"5fecccf\" data-element_type=\"widget\" data-e-type=\"widget\" data-widget_type=\"spacer.default\">\n\t\t\t\t<div class=\"elementor-widget-container\">\n\t\t\t\t\t\t\t<div class=\"elementor-spacer\">\n\t\t\t<div class=\"elementor-spacer-inner\"><\/div>\n\t\t<\/div>\n\t\t\t\t\t\t<\/div>\n\t\t\t\t<\/div>\n\t\t\t\t\t<\/div>\n\t\t\t\t<\/div>\n\t\t<div class=\"elementor-element elementor-element-a91a04e e-flex e-con-boxed e-con e-parent\" data-id=\"a91a04e\" data-element_type=\"container\" data-e-type=\"container\">\n\t\t\t\t\t<div class=\"e-con-inner\">\n\t\t\t\t<div class=\"elementor-element elementor-element-81d59b6 e-n-tabs-mobile elementor-widget elementor-widget-n-tabs\" data-id=\"81d59b6\" data-element_type=\"widget\" data-e-type=\"widget\" data-settings=\"{&quot;horizontal_scroll&quot;:&quot;disable&quot;}\" data-widget_type=\"nested-tabs.default\">\n\t\t\t\t<div class=\"elementor-widget-container\">\n\t\t\t\t\t\t\t<div class=\"e-n-tabs\" data-widget-number=\"136141238\" aria-label=\"Tabs. Open items with Enter or Space, close with Escape and navigate using the Arrow keys.\">\n\t\t\t<div class=\"e-n-tabs-heading\" role=\"tablist\">\n\t\t\t\t\t<button id=\"e-n-tab-title-1361412381\" data-tab-title-id=\"e-n-tab-title-1361412381\" class=\"e-n-tab-title\" aria-selected=\"true\" data-tab-index=\"1\" role=\"tab\" tabindex=\"0\" aria-controls=\"e-n-tab-content-1361412381\" style=\"--n-tabs-title-order: 1;\">\n\t\t\t\t\t\t<span class=\"e-n-tab-title-text\">\n\t\t\t\tErasmus +\t\t\t<\/span>\n\t\t<\/button>\n\t\t\t\t<button id=\"e-n-tab-title-1361412382\" data-tab-title-id=\"e-n-tab-title-1361412382\" class=\"e-n-tab-title\" aria-selected=\"false\" data-tab-index=\"2\" role=\"tab\" tabindex=\"-1\" aria-controls=\"e-n-tab-content-1361412382\" style=\"--n-tabs-title-order: 2;\">\n\t\t\t\t\t\t<span class=\"e-n-tab-title-text\">\n\t\t\t\tHors Europe\t\t\t<\/span>\n\t\t<\/button>\n\t\t\t\t\t<\/div>\n\t\t\t<div class=\"e-n-tabs-content\">\n\t\t\t\t<div id=\"e-n-tab-content-1361412381\" role=\"tabpanel\" aria-labelledby=\"e-n-tab-title-1361412381\" data-tab-index=\"1\" style=\"--n-tabs-title-order: 1;\" class=\"e-active elementor-element elementor-element-626b769 e-con-full e-flex e-con e-child\" data-id=\"626b769\" data-element_type=\"container\" data-e-type=\"container\">\n\t\t<div class=\"elementor-element elementor-element-1fdba2e e-con-full e-flex e-con e-child\" data-id=\"1fdba2e\" data-element_type=\"container\" data-e-type=\"container\">\n\t\t\t\t<div class=\"elementor-element elementor-element-f5cd730 elementor-widget elementor-widget-image\" data-id=\"f5cd730\" data-element_type=\"widget\" data-e-type=\"widget\" data-widget_type=\"image.default\">\n\t\t\t\t<div class=\"elementor-widget-container\">\n\t\t\t\t\t\t\t\t\t\t\t\t\t\t\t<img fetchpriority=\"high\" decoding=\"async\" width=\"679\" height=\"904\" src=\"https:\/\/www.ict-toulouse.fr\/wp-content\/uploads\/2024\/07\/ICT-2022-etudiants-cours-6.webp\" class=\"attachment-large size-large wp-image-2505\" alt=\"\" srcset=\"https:\/\/www.ict-toulouse.fr\/wp-content\/uploads\/2024\/07\/ICT-2022-etudiants-cours-6.webp 679w, https:\/\/www.ict-toulouse.fr\/wp-content\/uploads\/2024\/07\/ICT-2022-etudiants-cours-6-225x300.webp 225w\" sizes=\"(max-width: 679px) 100vw, 679px\" \/>\t\t\t\t\t\t\t\t\t\t\t\t\t\t\t<\/div>\n\t\t\t\t<\/div>\n\t\t\t\t<\/div>\n\t\t<div class=\"elementor-element elementor-element-881c95f e-con-full e-flex e-con e-child\" data-id=\"881c95f\" data-element_type=\"container\" data-e-type=\"container\">\n\t\t\t\t<div class=\"elementor-element elementor-element-725fef1 fs-45 elementor-widget elementor-widget-heading\" data-id=\"725fef1\" data-element_type=\"widget\" data-e-type=\"widget\" data-widget_type=\"heading.default\">\n\t\t\t\t<div class=\"elementor-widget-container\">\n\t\t\t\t\t<h3 class=\"elementor-heading-title elementor-size-default\">Erasmus +<\/h3>\t\t\t\t<\/div>\n\t\t\t\t<\/div>\n\t\t\t\t<div class=\"elementor-element elementor-element-6524efb elementor-widget-divider--view-line elementor-widget elementor-widget-divider\" data-id=\"6524efb\" data-element_type=\"widget\" data-e-type=\"widget\" data-widget_type=\"divider.default\">\n\t\t\t\t<div class=\"elementor-widget-container\">\n\t\t\t\t\t\t\t<div class=\"elementor-divider\">\n\t\t\t<span class=\"elementor-divider-separator\">\n\t\t\t\t\t\t<\/span>\n\t\t<\/div>\n\t\t\t\t\t\t<\/div>\n\t\t\t\t<\/div>\n\t\t\t\t<div class=\"elementor-element elementor-element-7e6363b elementor-widget elementor-widget-text-editor\" data-id=\"7e6363b\" data-element_type=\"widget\" data-e-type=\"widget\" data-widget_type=\"text-editor.default\">\n\t\t\t\t<div class=\"elementor-widget-container\">\n\t\t\t\t\t\t\t\t\t<p id=\"E336\" class=\"x-scope qowt-word-para-1\"><span id=\"E337\" class=\"qowt-font6-Karla\">Depuis 2008, l\u2019ICT est signataire d\u2019une charte Erasmus qui permet la mobilit\u00e9 de ses \u00e9tudiants et de son personnel, en convention avec l<\/span><span id=\"E338\">\u2019<\/span><span id=\"E340\">Agence Erasmus+<\/span><span id=\"E341\">.<\/span><\/p><p id=\"E342\" class=\"x-scope qowt-word-para-1\"><span id=\"E343\" class=\"qowt-font6-Karla\">Gr\u00e2ce au programme Erasmus+, vous pouvez r\u00e9aliser une partie de vos \u00e9tudes ou faire un stage dans un autre pays de l\u2019Union Europ\u00e9enne, et b\u00e9n\u00e9ficier d&#8217;une allocation financi\u00e8re, si vous r\u00e9pondez aux crit\u00e8res.<\/span><\/p><p id=\"E345\" class=\"x-scope qowt-word-para-3\"><span id=\"E346\" class=\"qowt-font6-Karla\">Ce programme de mobilit\u00e9 est accessible aux participants de tous horizons, de fa\u00e7on inclusive et \u00e9quitable. Les \u00e9tudiants ayant moins d\u2019opportunit\u00e9s peuvent b\u00e9n\u00e9ficier d\u2019un compl\u00e9ment financier. Si vous \u00eates en situation de handicap ou souffrant d\u2019une affection longue dur\u00e9e et souhaitez partir en s\u00e9jour Erasmus, vous pouvez b\u00e9n\u00e9ficier d\u2019une prise en charge sp\u00e9cifique, sous conditions.<\/span><\/p><p id=\"E357\" class=\"x-scope qowt-word-para-3\"><span id=\"E358\" class=\"qowt-font6-Karla\">Les \u00e9tudiants non-europ\u00e9ens inscrits \u00e0 l&#8217;ICT peuvent \u00e9galement effectuer un s\u00e9jour Erasmus +.<\/span><\/p><p id=\"E361\" class=\"x-scope qowt-word-para-3\"><span id=\"E362\" class=\"qowt-font6-Karla\">Vous souhaitez en savoir plus ? <strong>Rendez-vous sur votre espace Scolaweb.<\/strong><\/span><\/p>\t\t\t\t\t\t\t\t<\/div>\n\t\t\t\t<\/div>\n\t\t\t\t<div class=\"elementor-element elementor-element-81b91da button-type-1 elementor-widget elementor-widget-button\" data-id=\"81b91da\" data-element_type=\"widget\" data-e-type=\"widget\" data-widget_type=\"button.default\">\n\t\t\t\t<div class=\"elementor-widget-container\">\n\t\t\t\t\t\t\t\t\t<div class=\"elementor-button-wrapper\">\n\t\t\t\t\t<a class=\"elementor-button elementor-button-link elementor-size-sm\" href=\"https:\/\/ict-toulouse.fr\/etudier-a-linternational\/nos-partenaires-internationaux\/\">\n\t\t\t\t\t\t<span class=\"elementor-button-content-wrapper\">\n\t\t\t\t\t\t\t\t\t<span class=\"elementor-button-text\">VOIR LES PAYS PARTENAIRES<\/span>\n\t\t\t\t\t<\/span>\n\t\t\t\t\t<\/a>\n\t\t\t\t<\/div>\n\t\t\t\t\t\t\t\t<\/div>\n\t\t\t\t<\/div>\n\t\t\t\t<\/div>\n\t\t\t\t<\/div>\n\t\t<div id=\"e-n-tab-content-1361412382\" role=\"tabpanel\" aria-labelledby=\"e-n-tab-title-1361412382\" data-tab-index=\"2\" style=\"--n-tabs-title-order: 2;\" class=\" elementor-element elementor-element-cb2f8a5 e-con-full e-flex e-con e-child\" data-id=\"cb2f8a5\" data-element_type=\"container\" data-e-type=\"container\">\n\t\t<div class=\"elementor-element elementor-element-382cfdb e-con-full e-flex e-con e-child\" data-id=\"382cfdb\" data-element_type=\"container\" data-e-type=\"container\">\n\t\t\t\t<div class=\"elementor-element elementor-element-87a3cb0 elementor-widget elementor-widget-image\" data-id=\"87a3cb0\" data-element_type=\"widget\" data-e-type=\"widget\" data-widget_type=\"image.default\">\n\t\t\t\t<div class=\"elementor-widget-container\">\n\t\t\t\t\t\t\t\t\t\t\t\t\t\t\t<img decoding=\"async\" width=\"454\" height=\"689\" src=\"https:\/\/www.ict-toulouse.fr\/wp-content\/uploads\/2024\/07\/ICT-2020-PRESSES-UNIVERSITAIRES-e1651139851994.jpg\" class=\"attachment-large size-large wp-image-2512\" alt=\"\" srcset=\"https:\/\/www.ict-toulouse.fr\/wp-content\/uploads\/2024\/07\/ICT-2020-PRESSES-UNIVERSITAIRES-e1651139851994.jpg 454w, https:\/\/www.ict-toulouse.fr\/wp-content\/uploads\/2024\/07\/ICT-2020-PRESSES-UNIVERSITAIRES-e1651139851994-198x300.jpg 198w\" sizes=\"(max-width: 454px) 100vw, 454px\" \/>\t\t\t\t\t\t\t\t\t\t\t\t\t\t\t<\/div>\n\t\t\t\t<\/div>\n\t\t\t\t<\/div>\n\t\t<div class=\"elementor-element elementor-element-b85dc34 e-con-full e-flex e-con e-child\" data-id=\"b85dc34\" data-element_type=\"container\" data-e-type=\"container\">\n\t\t\t\t<div class=\"elementor-element elementor-element-b8a1083 fs-45 elementor-widget elementor-widget-heading\" data-id=\"b8a1083\" data-element_type=\"widget\" data-e-type=\"widget\" data-widget_type=\"heading.default\">\n\t\t\t\t<div class=\"elementor-widget-container\">\n\t\t\t\t\t<h3 class=\"elementor-heading-title elementor-size-default\">Mobilit\u00e9 hors Europe<\/h3>\t\t\t\t<\/div>\n\t\t\t\t<\/div>\n\t\t\t\t<div class=\"elementor-element elementor-element-c05824a elementor-widget-divider--view-line elementor-widget elementor-widget-divider\" data-id=\"c05824a\" data-element_type=\"widget\" data-e-type=\"widget\" data-widget_type=\"divider.default\">\n\t\t\t\t<div class=\"elementor-widget-container\">\n\t\t\t\t\t\t\t<div class=\"elementor-divider\">\n\t\t\t<span class=\"elementor-divider-separator\">\n\t\t\t\t\t\t<\/span>\n\t\t<\/div>\n\t\t\t\t\t\t<\/div>\n\t\t\t\t<\/div>\n\t\t\t\t<div class=\"elementor-element elementor-element-c144fc8 elementor-widget elementor-widget-text-editor\" data-id=\"c144fc8\" data-element_type=\"widget\" data-e-type=\"widget\" data-widget_type=\"text-editor.default\">\n\t\t\t\t<div class=\"elementor-widget-container\">\n\t\t\t\t\t\t\t\t\t<p id=\"E372\" class=\"x-scope qowt-word-para-1\"><span id=\"E379\">L\u2019ICT a d\u00e9velopp\u00e9 des partenariats dans le monde entier.<\/span><\/p><p id=\"E380\" class=\"x-scope qowt-word-para-3\"><span id=\"E381\">Des accords de coop\u00e9ration avec de nombreuses universit\u00e9s en Asie (Chine, Japon, Cor\u00e9e, Taiwan\u2026), en Am\u00e9rique Latine (Argentine, P\u00e9rou, Br\u00e9sil\u2026), en Afrique du Sud ou au Moyen-Orient permettent \u00e0 nos \u00e9tudiants de partir en mobilit\u00e9 un semestre ou une ann\u00e9e acad\u00e9mique hors Europe.<\/span><\/p><p style=\"font-weight: 400;\">Vous souhaitez en savoir plus\u00a0 ? <strong>Rendez-vous sur votre espace Scolaweb.<\/strong><\/p>\t\t\t\t\t\t\t\t<\/div>\n\t\t\t\t<\/div>\n\t\t\t\t<div class=\"elementor-element elementor-element-d5fa860 button-type-1 elementor-widget elementor-widget-button\" data-id=\"d5fa860\" data-element_type=\"widget\" data-e-type=\"widget\" data-widget_type=\"button.default\">\n\t\t\t\t<div class=\"elementor-widget-container\">\n\t\t\t\t\t\t\t\t\t<div class=\"elementor-button-wrapper\">\n\t\t\t\t\t<a class=\"elementor-button elementor-button-link elementor-size-sm\" href=\"https:\/\/ict-toulouse.fr\/etudier-a-linternational\/nos-partenaires-internationaux\/\">\n\t\t\t\t\t\t<span class=\"elementor-button-content-wrapper\">\n\t\t\t\t\t\t\t\t\t<span class=\"elementor-button-text\">VOIR LES PAYS PARTENAIRES<\/span>\n\t\t\t\t\t<\/span>\n\t\t\t\t\t<\/a>\n\t\t\t\t<\/div>\n\t\t\t\t\t\t\t\t<\/div>\n\t\t\t\t<\/div>\n\t\t\t\t<\/div>\n\t\t\t\t<\/div>\n\t\t\t\t\t<\/div>\n\t\t<\/div>\n\t\t\t\t\t\t<\/div>\n\t\t\t\t<\/div>\n\t\t\t\t<div class=\"elementor-element elementor-element-69d6f49 section-inner-spacer elementor-widget elementor-widget-spacer\" data-id=\"69d6f49\" data-element_type=\"widget\" data-e-type=\"widget\" data-widget_type=\"spacer.default\">\n\t\t\t\t<div class=\"elementor-widget-container\">\n\t\t\t\t\t\t\t<div class=\"elementor-spacer\">\n\t\t\t<div class=\"elementor-spacer-inner\"><\/div>\n\t\t<\/div>\n\t\t\t\t\t\t<\/div>\n\t\t\t\t<\/div>\n\t\t\t\t\t<\/div>\n\t\t\t\t<\/div>\n\t\t<div class=\"elementor-element elementor-element-6c6fe16 elementor-hidden-widescreen elementor-hidden-desktop elementor-hidden-laptop elementor-hidden-tablet elementor-hidden-mobile e-flex e-con-boxed e-con e-parent\" data-id=\"6c6fe16\" data-element_type=\"container\" data-e-type=\"container\">\n\t\t\t\t\t<div class=\"e-con-inner\">\n\t\t<div class=\"elementor-element elementor-element-ce5718b e-con-full e-flex e-con e-child\" data-id=\"ce5718b\" data-element_type=\"container\" data-e-type=\"container\">\n\t\t<div class=\"elementor-element elementor-element-118891d e-con-full e-flex e-con e-child\" data-id=\"118891d\" data-element_type=\"container\" data-e-type=\"container\" data-settings=\"{&quot;background_background&quot;:&quot;classic&quot;}\">\n\t\t<div class=\"elementor-element elementor-element-2718cdc e-con-full e-flex e-con e-child\" data-id=\"2718cdc\" data-element_type=\"container\" data-e-type=\"container\">\n\t\t\t\t<div class=\"elementor-element elementor-element-6e06d59 elementor-widget elementor-widget-heading\" data-id=\"6e06d59\" data-element_type=\"widget\" data-e-type=\"widget\" data-widget_type=\"heading.default\">\n\t\t\t\t<div class=\"elementor-widget-container\">\n\t\t\t\t\t<h3 class=\"elementor-heading-title elementor-size-default\">Candidature pour la mobilit\u00e9 24\/25<\/h3>\t\t\t\t<\/div>\n\t\t\t\t<\/div>\n\t\t\t\t<div class=\"elementor-element elementor-element-2ba2003 elementor-widget-divider--view-line elementor-widget elementor-widget-divider\" data-id=\"2ba2003\" data-element_type=\"widget\" data-e-type=\"widget\" data-widget_type=\"divider.default\">\n\t\t\t\t<div class=\"elementor-widget-container\">\n\t\t\t\t\t\t\t<div class=\"elementor-divider\">\n\t\t\t<span class=\"elementor-divider-separator\">\n\t\t\t\t\t\t<\/span>\n\t\t<\/div>\n\t\t\t\t\t\t<\/div>\n\t\t\t\t<\/div>\n\t\t\t\t<div class=\"elementor-element elementor-element-0ecce55 elementor-widget elementor-widget-text-editor\" data-id=\"0ecce55\" data-element_type=\"widget\" data-e-type=\"widget\" data-widget_type=\"text-editor.default\">\n\t\t\t\t<div class=\"elementor-widget-container\">\n\t\t\t\t\t\t\t\t\t<p id=\"E390\" class=\"x-scope qowt-word-para-3\"><span id=\"E391\" class=\"qowt-font6-Karla\">La date limite du d\u00e9p\u00f4t des dossiers de candidatures au service Relations internationales est le 15 f\u00e9vrier 2024.<\/span><\/p><p id=\"E392\" class=\"x-scope qowt-word-para-3\"><span id=\"E393\" class=\"qowt-font6-Karla\">Vous trouverez les documents \u00e0 t\u00e9l\u00e9charger pour pr\u00e9parer votre candidature dans la rubrique <\/span><span id=\"E394\" class=\"qowt-font6-Karla\">\u00ab <\/span><span id=\"E395\" class=\"qowt-font6-Karla\">Documents et ressources <\/span><span id=\"E396\" class=\"qowt-font6-Karla\">\u00bb<\/span><span id=\"E397\" class=\"qowt-font6-Karla\"> ci-dessous. <\/span><\/p><p id=\"E398\" class=\"x-scope qowt-word-para-6\"><span id=\"E399\" class=\"qowt-font6-Karla\">La mobilit\u00e9 d\u2019\u00e9tudes ERASMUS+\/Hors Europe est possible en Licence 3, avec une candidature en Licence 2. Cependant, pour la fili\u00e8re Psychologie, le d\u00e9part se fait uniquement en Licence 2, avec une pr\u00e9paration de la candidature en Licence 1. Pour la fili\u00e8re Droit, la mobilit\u00e9 est limit\u00e9e au premier semestre de la L3.<\/span><\/p>\t\t\t\t\t\t\t\t<\/div>\n\t\t\t\t<\/div>\n\t\t\t\t<\/div>\n\t\t\t\t<\/div>\n\t\t<div class=\"elementor-element elementor-element-8b96f51 e-con-full e-flex e-con e-child\" data-id=\"8b96f51\" data-element_type=\"container\" data-e-type=\"container\">\n\t\t\t\t<div class=\"elementor-element elementor-element-003936c elementor-widget elementor-widget-image\" data-id=\"003936c\" data-element_type=\"widget\" data-e-type=\"widget\" data-widget_type=\"image.default\">\n\t\t\t\t<div class=\"elementor-widget-container\">\n\t\t\t\t\t\t\t\t\t\t\t\t\t\t\t<img decoding=\"async\" src=\"https:\/\/ict-toulouse.fr\/wp-content\/uploads\/2024\/07\/ICT-2022-fonderie-ext-14.webp\" title=\"\" alt=\"\" loading=\"lazy\" \/>\t\t\t\t\t\t\t\t\t\t\t\t\t\t\t<\/div>\n\t\t\t\t<\/div>\n\t\t\t\t<\/div>\n\t\t\t\t<\/div>\n\t\t\t\t\t<\/div>\n\t\t\t\t<\/div>\n\t\t<div class=\"elementor-element elementor-element-40d97b8 e-flex e-con-boxed e-con e-parent\" data-id=\"40d97b8\" data-element_type=\"container\" data-e-type=\"container\">\n\t\t\t\t\t<div class=\"e-con-inner\">\n\t\t\t\t<div class=\"elementor-element elementor-element-11070b8 section-inner-spacer elementor-widget elementor-widget-spacer\" data-id=\"11070b8\" data-element_type=\"widget\" data-e-type=\"widget\" data-widget_type=\"spacer.default\">\n\t\t\t\t<div class=\"elementor-widget-container\">\n\t\t\t\t\t\t\t<div class=\"elementor-spacer\">\n\t\t\t<div class=\"elementor-spacer-inner\"><\/div>\n\t\t<\/div>\n\t\t\t\t\t\t<\/div>\n\t\t\t\t<\/div>\n\t\t<div class=\"elementor-element elementor-element-35f7c82 e-con-full e-flex e-con e-child\" data-id=\"35f7c82\" data-element_type=\"container\" data-e-type=\"container\">\n\t\t\t\t<div class=\"elementor-element elementor-element-97ee20e elementor-widget elementor-widget-heading\" data-id=\"97ee20e\" data-element_type=\"widget\" data-e-type=\"widget\" data-widget_type=\"heading.default\">\n\t\t\t\t<div class=\"elementor-widget-container\">\n\t\t\t\t\t<h2 class=\"elementor-heading-title elementor-size-default\">La reconnaissance acad\u00e9mique du s\u00e9jour d\u2019\u00e9tudes \u00e0 l\u2019\u00e9tranger<\/h2>\t\t\t\t<\/div>\n\t\t\t\t<\/div>\n\t\t\t\t<div class=\"elementor-element elementor-element-0ceec2f elementor-widget-divider--view-line elementor-widget elementor-widget-divider\" data-id=\"0ceec2f\" data-element_type=\"widget\" data-e-type=\"widget\" data-widget_type=\"divider.default\">\n\t\t\t\t<div class=\"elementor-widget-container\">\n\t\t\t\t\t\t\t<div class=\"elementor-divider\">\n\t\t\t<span class=\"elementor-divider-separator\">\n\t\t\t\t\t\t<\/span>\n\t\t<\/div>\n\t\t\t\t\t\t<\/div>\n\t\t\t\t<\/div>\n\t\t\t\t<div class=\"elementor-element elementor-element-dce46d3 elementor-widget elementor-widget-heading\" data-id=\"dce46d3\" data-element_type=\"widget\" data-e-type=\"widget\" data-widget_type=\"heading.default\">\n\t\t\t\t<div class=\"elementor-widget-container\">\n\t\t\t\t\t<h3 class=\"elementor-heading-title elementor-size-default\">ECTS- European Credit Transfer System<\/h3>\t\t\t\t<\/div>\n\t\t\t\t<\/div>\n\t\t\t\t<div class=\"elementor-element elementor-element-52b8b52 elementor-widget elementor-widget-text-editor\" data-id=\"52b8b52\" data-element_type=\"widget\" data-e-type=\"widget\" data-widget_type=\"text-editor.default\">\n\t\t\t\t<div class=\"elementor-widget-container\">\n\t\t\t\t\t\t\t\t\t<p id=\"E408\" class=\"x-scope qowt-word-para-3\"><span id=\"E409\" class=\"qowt-font6-Karla\">Les formations d\u2019Etat de l\u2019ICT sont organis\u00e9es selon le principe des cr\u00e9dits ECTS. Ce syst\u00e8me garantit la reconnaissance acad\u00e9mique du s\u00e9jour d\u2019\u00e9tudes \u00e0 l\u2019\u00e9tranger. <\/span><\/p><p id=\"E410\" class=\"x-scope qowt-word-para-3\"><span id=\"E411\" class=\"qowt-font6-Karla\">Dans le cadre de la mobilit\u00e9 internationale, les cr\u00e9dits ECTS sont transf\u00e9rables entre universit\u00e9s partenaires, m\u00eame si les programmes et les syst\u00e8mes de notation diff\u00e8rent.<\/span><\/p><p id=\"E412\" class=\"x-scope qowt-word-para-3\"><span id=\"E414\" class=\"qowt-font6-Karla\">Avant de partir, l\u2019\u00e9tudiant doit signer un contrat p\u00e9dagogique, et choisir les cours qu\u2019il suivra dans l\u2019universit\u00e9 partenaire. Ces cours sont comptabilis\u00e9s en ECTS (30 ECTS minimum par semestre et 60 ECTS minimum par an).<\/span><\/p>\t\t\t\t\t\t\t\t<\/div>\n\t\t\t\t<\/div>\n\t\t\t\t<\/div>\n\t\t\t\t\t<\/div>\n\t\t\t\t<\/div>\n\t\t<div class=\"elementor-element elementor-element-c26a177 elementor-hidden-widescreen elementor-hidden-desktop elementor-hidden-laptop elementor-hidden-tablet elementor-hidden-mobile e-flex e-con-boxed e-con e-parent\" data-id=\"c26a177\" data-element_type=\"container\" data-e-type=\"container\">\n\t\t\t\t\t<div class=\"e-con-inner\">\n\t\t<div class=\"elementor-element elementor-element-846fa35 e-flex e-con-boxed e-con e-child\" data-id=\"846fa35\" data-element_type=\"container\" data-e-type=\"container\">\n\t\t\t\t\t<div class=\"e-con-inner\">\n\t\t\t\t<div class=\"elementor-element elementor-element-f5286d6 elementor-widget elementor-widget-spacer\" data-id=\"f5286d6\" data-element_type=\"widget\" data-e-type=\"widget\" data-widget_type=\"spacer.default\">\n\t\t\t\t<div class=\"elementor-widget-container\">\n\t\t\t\t\t\t\t<div class=\"elementor-spacer\">\n\t\t\t<div class=\"elementor-spacer-inner\"><\/div>\n\t\t<\/div>\n\t\t\t\t\t\t<\/div>\n\t\t\t\t<\/div>\n\t\t\t\t\t<\/div>\n\t\t\t\t<\/div>\n\t\t<div class=\"elementor-element elementor-element-fc8d271 e-flex e-con-boxed e-con e-child\" data-id=\"fc8d271\" data-element_type=\"container\" data-e-type=\"container\">\n\t\t\t\t\t<div class=\"e-con-inner\">\n\t\t\t\t<div class=\"elementor-element elementor-element-d100e5b elementor-widget elementor-widget-heading\" data-id=\"d100e5b\" data-element_type=\"widget\" data-e-type=\"widget\" data-widget_type=\"heading.default\">\n\t\t\t\t<div class=\"elementor-widget-container\">\n\t\t\t\t\t<h3 class=\"elementor-heading-title elementor-size-default\">T\u00e9moignages<\/h3>\t\t\t\t<\/div>\n\t\t\t\t<\/div>\n\t\t\t\t<div class=\"elementor-element elementor-element-1826646 elementor-widget-divider--view-line elementor-widget elementor-widget-divider\" data-id=\"1826646\" data-element_type=\"widget\" data-e-type=\"widget\" data-widget_type=\"divider.default\">\n\t\t\t\t<div class=\"elementor-widget-container\">\n\t\t\t\t\t\t\t<div class=\"elementor-divider\">\n\t\t\t<span class=\"elementor-divider-separator\">\n\t\t\t\t\t\t<\/span>\n\t\t<\/div>\n\t\t\t\t\t\t<\/div>\n\t\t\t\t<\/div>\n\t\t<div class=\"elementor-element elementor-element-4dd0610 e-con-full our-testomonial-slider e-flex e-con e-child\" data-id=\"4dd0610\" data-element_type=\"container\" data-e-type=\"container\">\n\t\t<div class=\"elementor-element elementor-element-e1e6756 e-con-full testomonial-slider e-flex e-con e-child\" data-id=\"e1e6756\" data-element_type=\"container\" data-e-type=\"container\">\n\t\t<div class=\"elementor-element elementor-element-db6742e e-con-full slide-image-h100 e-flex e-con e-child\" data-id=\"db6742e\" data-element_type=\"container\" data-e-type=\"container\" data-settings=\"{&quot;background_background&quot;:&quot;classic&quot;}\">\n\t\t<div class=\"elementor-element elementor-element-52a8a4d e-con-full e-flex e-con e-child\" data-id=\"52a8a4d\" data-element_type=\"container\" data-e-type=\"container\">\n\t\t\t\t<div class=\"elementor-element elementor-element-5510cbb elementor-widget elementor-widget-image\" data-id=\"5510cbb\" data-element_type=\"widget\" data-e-type=\"widget\" data-widget_type=\"image.default\">\n\t\t\t\t<div class=\"elementor-widget-container\">\n\t\t\t\t\t\t\t\t\t\t\t\t\t\t\t<img decoding=\"async\" src=\"https:\/\/ict-toulouse.fr\/wp-content\/uploads\/2024\/07\/slide-img1.webp\" title=\"\" alt=\"\" loading=\"lazy\" \/>\t\t\t\t\t\t\t\t\t\t\t\t\t\t\t<\/div>\n\t\t\t\t<\/div>\n\t\t\t\t<\/div>\n\t\t<div class=\"elementor-element elementor-element-55cd3aa e-con-full slider-content-padding e-flex e-con e-child\" data-id=\"55cd3aa\" data-element_type=\"container\" data-e-type=\"container\">\n\t\t\t\t<div class=\"elementor-element elementor-element-7a2c30f elementor-widget elementor-widget-text-editor\" data-id=\"7a2c30f\" data-element_type=\"widget\" data-e-type=\"widget\" data-widget_type=\"text-editor.default\">\n\t\t\t\t<div class=\"elementor-widget-container\">\n\t\t\t\t\t\t\t\t\t<blockquote><p>Lorem ipsum dolor sit amet, consetetur sadipscing elitr, sed diam nonumy eirmod tempor invidunt ut labore et dolore magna aliquyam erat, sed diam voluptua. At vero eos et accusam et justo duo dolores et ea rebum. Stet clita kasd gubergren, no sea takimata sanctus est Lorem ipsum dolor sit amet. Lorem ipsum dolor sit amet, consetetur sadipscing elitr, sed<\/p><h4>DELIA-ELENA<\/h4><p>\u00c9tudiante en Lettres \u00e0 l&#8217;Universit\u00e9 Lasi en Roumanie<\/p><\/blockquote>\t\t\t\t\t\t\t\t<\/div>\n\t\t\t\t<\/div>\n\t\t\t\t<\/div>\n\t\t\t\t<\/div>\n\t\t<div class=\"elementor-element elementor-element-d50263f e-con-full slide-image-h100 e-flex e-con e-child\" data-id=\"d50263f\" data-element_type=\"container\" data-e-type=\"container\" data-settings=\"{&quot;background_background&quot;:&quot;classic&quot;}\">\n\t\t<div class=\"elementor-element elementor-element-614c5f9 e-con-full e-flex e-con e-child\" data-id=\"614c5f9\" data-element_type=\"container\" data-e-type=\"container\">\n\t\t\t\t<div class=\"elementor-element elementor-element-bf8ac2a elementor-widget elementor-widget-video\" data-id=\"bf8ac2a\" data-element_type=\"widget\" data-e-type=\"widget\" data-settings=\"{&quot;video_type&quot;:&quot;hosted&quot;,&quot;controls&quot;:&quot;yes&quot;}\" data-widget_type=\"video.default\">\n\t\t\t\t<div class=\"elementor-widget-container\">\n\t\t\t\t\t\t\t<div class=\"e-hosted-video elementor-wrapper elementor-open-inline\">\n\t\t\t\t\t<video class=\"elementor-video\" src=\"https:\/\/ict-toulouse.fr\/wp-content\/uploads\/2024\/07\/big_buck_bunny_720p_1mb.mp4\" controls=\"\" preload=\"metadata\" controlsList=\"nodownload\"><\/video>\n\t\t\t\t<\/div>\n\t\t\t\t\t\t<\/div>\n\t\t\t\t<\/div>\n\t\t\t\t<\/div>\n\t\t<div class=\"elementor-element elementor-element-d0f3754 e-con-full slider-content-padding e-flex e-con e-child\" data-id=\"d0f3754\" data-element_type=\"container\" data-e-type=\"container\">\n\t\t\t\t<div class=\"elementor-element elementor-element-fd5f9a7 elementor-widget elementor-widget-text-editor\" data-id=\"fd5f9a7\" data-element_type=\"widget\" data-e-type=\"widget\" data-widget_type=\"text-editor.default\">\n\t\t\t\t<div class=\"elementor-widget-container\">\n\t\t\t\t\t\t\t\t\t<blockquote><blockquote><p>Lorem ipsum dolor sit amet, consetetur sadipscing elitr, sed diam nonumy eirmod tempor invidunt ut labore et dolore magna aliquyam erat, sed diam voluptua. At vero eos et accusam et justo duo dolores et ea rebum. Stet clita kasd gubergren, no sea takimata sanctus est Lorem ipsum dolor sit amet. Lorem ipsum dolor sit amet, consetetur sadipscing elitr, sed<\/p><h4>DELIA-ELENA<\/h4><p>\u00c9tudiante en Lettres \u00e0 l&#8217;Universit\u00e9 Lasi en Roumanie<\/p><\/blockquote><\/blockquote>\t\t\t\t\t\t\t\t<\/div>\n\t\t\t\t<\/div>\n\t\t\t\t<\/div>\n\t\t\t\t<\/div>\n\t\t<div class=\"elementor-element elementor-element-c7dca3d e-con-full slide-image-h100 e-flex e-con e-child\" data-id=\"c7dca3d\" data-element_type=\"container\" data-e-type=\"container\" data-settings=\"{&quot;background_background&quot;:&quot;classic&quot;}\">\n\t\t<div class=\"elementor-element elementor-element-8fce4f6 e-con-full e-flex e-con e-child\" data-id=\"8fce4f6\" data-element_type=\"container\" data-e-type=\"container\">\n\t\t\t\t<div class=\"elementor-element elementor-element-b1e6d5f elementor-widget elementor-widget-image\" data-id=\"b1e6d5f\" data-element_type=\"widget\" data-e-type=\"widget\" data-widget_type=\"image.default\">\n\t\t\t\t<div class=\"elementor-widget-container\">\n\t\t\t\t\t\t\t\t\t\t\t\t\t\t\t<img decoding=\"async\" src=\"https:\/\/ict-toulouse.fr\/wp-content\/uploads\/2024\/07\/slide-img2.webp\" title=\"\" alt=\"\" loading=\"lazy\" \/>\t\t\t\t\t\t\t\t\t\t\t\t\t\t\t<\/div>\n\t\t\t\t<\/div>\n\t\t\t\t<\/div>\n\t\t<div class=\"elementor-element elementor-element-f16b419 e-con-full slider-content-padding e-flex e-con e-child\" data-id=\"f16b419\" data-element_type=\"container\" data-e-type=\"container\">\n\t\t\t\t<div class=\"elementor-element elementor-element-031a808 elementor-widget elementor-widget-text-editor\" data-id=\"031a808\" data-element_type=\"widget\" data-e-type=\"widget\" data-widget_type=\"text-editor.default\">\n\t\t\t\t<div class=\"elementor-widget-container\">\n\t\t\t\t\t\t\t\t\t<blockquote><p>Lorem ipsum dolor sit amet, consetetur sadipscing elitr, sed diam nonumy eirmod tempor invidunt ut labore et dolore magna aliquyam erat, sed diam voluptua. At vero eos et accusam et justo duo dolores et ea rebum. Stet clita kasd gubergren, no sea takimata sanctus est Lorem ipsum dolor sit amet. Lorem ipsum dolor sit amet, consetetur sadipscing elitr, sed<\/p><h4>DELIA-ELENA<\/h4><p>\u00c9tudiante en Lettres \u00e0 l&#8217;Universit\u00e9 Lasi en Roumanie<\/p><\/blockquote>\t\t\t\t\t\t\t\t<\/div>\n\t\t\t\t<\/div>\n\t\t\t\t<\/div>\n\t\t\t\t<\/div>\n\t\t<div class=\"elementor-element elementor-element-8b3750f e-con-full slide-image-h100 e-flex e-con e-child\" data-id=\"8b3750f\" data-element_type=\"container\" data-e-type=\"container\" data-settings=\"{&quot;background_background&quot;:&quot;classic&quot;}\">\n\t\t<div class=\"elementor-element elementor-element-b2a1327 e-con-full e-flex e-con e-child\" data-id=\"b2a1327\" data-element_type=\"container\" data-e-type=\"container\">\n\t\t\t\t<div class=\"elementor-element elementor-element-5d7bcec elementor-widget elementor-widget-image\" data-id=\"5d7bcec\" data-element_type=\"widget\" data-e-type=\"widget\" data-widget_type=\"image.default\">\n\t\t\t\t<div class=\"elementor-widget-container\">\n\t\t\t\t\t\t\t\t\t\t\t\t\t\t\t<img decoding=\"async\" src=\"https:\/\/ict-toulouse.fr\/wp-content\/uploads\/2024\/07\/slide-img1.webp\" title=\"\" alt=\"\" loading=\"lazy\" \/>\t\t\t\t\t\t\t\t\t\t\t\t\t\t\t<\/div>\n\t\t\t\t<\/div>\n\t\t\t\t<\/div>\n\t\t<div class=\"elementor-element elementor-element-35b6f5b e-con-full slider-content-padding e-flex e-con e-child\" data-id=\"35b6f5b\" data-element_type=\"container\" data-e-type=\"container\">\n\t\t\t\t<div class=\"elementor-element elementor-element-482d9a4 elementor-widget elementor-widget-text-editor\" data-id=\"482d9a4\" data-element_type=\"widget\" data-e-type=\"widget\" data-widget_type=\"text-editor.default\">\n\t\t\t\t<div class=\"elementor-widget-container\">\n\t\t\t\t\t\t\t\t\t<blockquote><p>Lorem ipsum dolor sit amet, consetetur sadipscing elitr, sed diam nonumy eirmod tempor invidunt ut labore et dolore magna aliquyam erat, sed diam voluptua. At vero eos et accusam et justo duo dolores et ea rebum. Stet clita kasd gubergren, no sea takimata sanctus est Lorem ipsum dolor sit amet. Lorem ipsum dolor sit amet, consetetur sadipscing elitr, sed<\/p><h4>DELIA-ELENA<\/h4><p>\u00c9tudiante en Lettres \u00e0 l&#8217;Universit\u00e9 Lasi en Roumanie<\/p><\/blockquote>\t\t\t\t\t\t\t\t<\/div>\n\t\t\t\t<\/div>\n\t\t\t\t<\/div>\n\t\t\t\t<\/div>\n\t\t\t\t<\/div>\n\t\t\t\t<\/div>\n\t\t\t\t\t<\/div>\n\t\t\t\t<\/div>\n\t\t<div class=\"elementor-element elementor-element-c90a436 e-flex e-con-boxed e-con e-child\" data-id=\"c90a436\" data-element_type=\"container\" data-e-type=\"container\">\n\t\t\t\t\t<div class=\"e-con-inner\">\n\t\t\t\t<div class=\"elementor-element elementor-element-d4f034a elementor-widget elementor-widget-spacer\" data-id=\"d4f034a\" data-element_type=\"widget\" data-e-type=\"widget\" data-widget_type=\"spacer.default\">\n\t\t\t\t<div class=\"elementor-widget-container\">\n\t\t\t\t\t\t\t<div class=\"elementor-spacer\">\n\t\t\t<div class=\"elementor-spacer-inner\"><\/div>\n\t\t<\/div>\n\t\t\t\t\t\t<\/div>\n\t\t\t\t<\/div>\n\t\t\t\t\t<\/div>\n\t\t\t\t<\/div>\n\t\t\t\t\t<\/div>\n\t\t\t\t<\/div>\n\t\t<div class=\"elementor-element elementor-element-7658075 elementor-hidden-widescreen elementor-hidden-desktop elementor-hidden-laptop elementor-hidden-tablet elementor-hidden-mobile e-flex e-con-boxed e-con e-parent\" data-id=\"7658075\" data-element_type=\"container\" data-e-type=\"container\">\n\t\t\t\t\t<div class=\"e-con-inner\">\n\t\t\t\t<div class=\"elementor-element elementor-element-609019e elementor-widget elementor-widget-heading\" data-id=\"609019e\" data-element_type=\"widget\" data-e-type=\"widget\" data-widget_type=\"heading.default\">\n\t\t\t\t<div class=\"elementor-widget-container\">\n\t\t\t\t\t<h2 class=\"elementor-heading-title elementor-size-default\">Contact<\/h2>\t\t\t\t<\/div>\n\t\t\t\t<\/div>\n\t\t\t\t<div class=\"elementor-element elementor-element-597c562 elementor-widget-divider--view-line elementor-widget elementor-widget-divider\" data-id=\"597c562\" data-element_type=\"widget\" data-e-type=\"widget\" data-widget_type=\"divider.default\">\n\t\t\t\t<div class=\"elementor-widget-container\">\n\t\t\t\t\t\t\t<div class=\"elementor-divider\">\n\t\t\t<span class=\"elementor-divider-separator\">\n\t\t\t\t\t\t<\/span>\n\t\t<\/div>\n\t\t\t\t\t\t<\/div>\n\t\t\t\t<\/div>\n\t\t\t\t<div class=\"elementor-element elementor-element-1f52801 elementor-widget elementor-widget-shortcode\" data-id=\"1f52801\" data-element_type=\"widget\" data-e-type=\"widget\" data-widget_type=\"shortcode.default\">\n\t\t\t\t<div class=\"elementor-widget-container\">\n\t\t\t\t\t\t\t<div class=\"elementor-shortcode\"><div class=\"employee-item-wrapper\"><div class=\"employee-items\"><div class=\"employee-item\"><div class=\"name\">\n\t\t\t\t\t\t\t\t<h4>Annie Despatureaux<\/h4>\n\t\t\t\t\t\t\t<\/div><div class=\"position\">\n\t\t\t\t\t\t\t\t<p>Responsable des programmes et des partenariats internationaux<\/p>\n\t\t\t\t\t\t\t<\/div><div class=\"email\">\n\t\t\t\t\t\t\t\t<i class=\"far fa-envelope\"><\/i>\n\t\t\t\t\t\t\t\t<a href=\"mailto:aurelie.huby@ict-toulouse.fr\">aurelie.huby@ict-toulouse.fr<\/a>\n\t\t\t\t\t\t\t<\/div><div class=\"telephone\">\n\t\t\t\t\t\t\t\t<i class=\"fa fa-phone\"><\/i>\n\t\t\t\t\t\t\t\t<a href=\"tel:+33 5 61 36 81 10\">+33 5 61 36 81 10<\/a>\t\n\t\t\t\t\t\t\t<\/div><\/div><div class=\"employee-item\"><div class=\"name\">\n\t\t\t\t\t\t\t\t<h4>Aur\u00e9lie Huby<\/h4>\n\t\t\t\t\t\t\t<\/div><div class=\"email\">\n\t\t\t\t\t\t\t\t<i class=\"far fa-envelope\"><\/i>\n\t\t\t\t\t\t\t\t<a href=\"mailto:aurelie.huby@ict-toulouse.fr\">aurelie.huby@ict-toulouse.fr<\/a>\n\t\t\t\t\t\t\t<\/div><div class=\"telephone\">\n\t\t\t\t\t\t\t\t<i class=\"fa fa-phone\"><\/i>\n\t\t\t\t\t\t\t\t<a href=\"tel:+33 5 61 36 81 10\">+33 5 61 36 81 10<\/a>\t\n\t\t\t\t\t\t\t<\/div><\/div><\/div><\/div><\/div>\n\t\t\t\t\t\t<\/div>\n\t\t\t\t<\/div>\n\t\t\t\t\t<\/div>\n\t\t\t\t<\/div>\n\t\t<div class=\"elementor-element elementor-element-c8dd890 e-flex e-con-boxed e-con e-parent\" data-id=\"c8dd890\" data-element_type=\"container\" data-e-type=\"container\">\n\t\t\t\t\t<div class=\"e-con-inner\">\n\t\t\t\t<div class=\"elementor-element elementor-element-5080035 section-spacer elementor-widget elementor-widget-spacer\" data-id=\"5080035\" data-element_type=\"widget\" data-e-type=\"widget\" data-widget_type=\"spacer.default\">\n\t\t\t\t<div class=\"elementor-widget-container\">\n\t\t\t\t\t\t\t<div class=\"elementor-spacer\">\n\t\t\t<div class=\"elementor-spacer-inner\"><\/div>\n\t\t<\/div>\n\t\t\t\t\t\t<\/div>\n\t\t\t\t<\/div>\n\t\t\t\t\t<\/div>\n\t\t\t\t<\/div>\n\t\t\t\t<\/div>\n\t\t","protected":false},"template":"","class_list":["post-2439","etudier_a_letranger","type-etudier_a_letranger","status-publish","hentry"],"acf":[],"yoast_head":"<!-- This site is optimized with the Yoast SEO plugin v27.1.1 - https:\/\/yoast.com\/product\/yoast-seo-wordpress\/ -->\n<title>Nos programmes d\u2019\u00e9change - Institut Catholique de Toulouse<\/title>\n<meta name=\"description\" content=\"Etudiants de l\u2019ICT, partez en mobilit\u00e9 dans un autre pays de l\u2019Union Europ\u00e9enne gr\u00e2ce au programme Erasmus+ et aux accords de coop\u00e9ration.\" \/>\n<meta name=\"robots\" content=\"index, follow, max-snippet:-1, max-image-preview:large, max-video-preview:-1\" \/>\n<link rel=\"canonical\" href=\"https:\/\/www.ict-toulouse.fr\/en\/etudier-a-linternational\/nos-programmes-dechange\/\" \/>\n<meta property=\"og:locale\" content=\"en_US\" \/>\n<meta property=\"og:type\" content=\"article\" \/>\n<meta property=\"og:title\" content=\"Nos programmes d\u2019\u00e9change - Institut Catholique de Toulouse\" \/>\n<meta property=\"og:description\" content=\"Etudiants de l\u2019ICT, partez en mobilit\u00e9 dans un autre pays de l\u2019Union Europ\u00e9enne gr\u00e2ce au programme Erasmus+ et aux accords de coop\u00e9ration.\" \/>\n<meta property=\"og:url\" content=\"https:\/\/www.ict-toulouse.fr\/en\/etudier-a-linternational\/nos-programmes-dechange\/\" \/>\n<meta property=\"og:site_name\" content=\"Institut Catholique de Toulouse\" \/>\n<meta property=\"article:modified_time\" content=\"2025-03-17T15:27:25+00:00\" \/>\n<meta name=\"twitter:card\" content=\"summary_large_image\" \/>\n<meta name=\"twitter:label1\" content=\"Est. reading time\" \/>\n\t<meta name=\"twitter:data1\" content=\"5 minutes\" \/>\n<script type=\"application\/ld+json\" class=\"yoast-schema-graph\">{\"@context\":\"https:\/\/schema.org\",\"@graph\":[{\"@type\":\"WebPage\",\"@id\":\"https:\/\/www.ict-toulouse.fr\/en\/etudier-a-linternational\/nos-programmes-dechange\/\",\"url\":\"https:\/\/www.ict-toulouse.fr\/en\/etudier-a-linternational\/nos-programmes-dechange\/\",\"name\":\"Nos programmes d\u2019\u00e9change - Institut Catholique de Toulouse\",\"isPartOf\":{\"@id\":\"https:\/\/www.ict-toulouse.fr\/en\/#website\"},\"primaryImageOfPage\":{\"@id\":\"https:\/\/www.ict-toulouse.fr\/en\/etudier-a-linternational\/nos-programmes-dechange\/#primaryimage\"},\"image\":{\"@id\":\"https:\/\/www.ict-toulouse.fr\/en\/etudier-a-linternational\/nos-programmes-dechange\/#primaryimage\"},\"thumbnailUrl\":\"https:\/\/www.ict-toulouse.fr\/wp-content\/uploads\/2024\/07\/ICT-202882-leonXIII-10.png\",\"datePublished\":\"2024-07-19T11:39:03+00:00\",\"dateModified\":\"2025-03-17T15:27:25+00:00\",\"description\":\"Etudiants de l\u2019ICT, partez en mobilit\u00e9 dans un autre pays de l\u2019Union Europ\u00e9enne gr\u00e2ce au programme Erasmus+ et aux accords de coop\u00e9ration.\",\"breadcrumb\":{\"@id\":\"https:\/\/www.ict-toulouse.fr\/en\/etudier-a-linternational\/nos-programmes-dechange\/#breadcrumb\"},\"inLanguage\":\"en-US\",\"potentialAction\":[{\"@type\":\"ReadAction\",\"target\":[\"https:\/\/www.ict-toulouse.fr\/en\/etudier-a-linternational\/nos-programmes-dechange\/\"]}]},{\"@type\":\"ImageObject\",\"inLanguage\":\"en-US\",\"@id\":\"https:\/\/www.ict-toulouse.fr\/en\/etudier-a-linternational\/nos-programmes-dechange\/#primaryimage\",\"url\":\"https:\/\/www.ict-toulouse.fr\/wp-content\/uploads\/2024\/07\/ICT-202882-leonXIII-10.png\",\"contentUrl\":\"https:\/\/www.ict-toulouse.fr\/wp-content\/uploads\/2024\/07\/ICT-202882-leonXIII-10.png\"},{\"@type\":\"BreadcrumbList\",\"@id\":\"https:\/\/www.ict-toulouse.fr\/en\/etudier-a-linternational\/nos-programmes-dechange\/#breadcrumb\",\"itemListElement\":[{\"@type\":\"ListItem\",\"position\":1,\"name\":\"Accueil\",\"item\":\"https:\/\/www.ict-toulouse.fr\/en\/\"},{\"@type\":\"ListItem\",\"position\":2,\"name\":\"Nos programmes d\u2019\u00e9change\"}]},{\"@type\":\"WebSite\",\"@id\":\"https:\/\/www.ict-toulouse.fr\/en\/#website\",\"url\":\"https:\/\/www.ict-toulouse.fr\/en\/\",\"name\":\"Institut Catholique de Toulouse\",\"description\":\"\",\"publisher\":{\"@id\":\"https:\/\/www.ict-toulouse.fr\/en\/#organization\"},\"alternateName\":\"ICT-Toulouse\",\"potentialAction\":[{\"@type\":\"SearchAction\",\"target\":{\"@type\":\"EntryPoint\",\"urlTemplate\":\"https:\/\/www.ict-toulouse.fr\/en\/?s={search_term_string}\"},\"query-input\":{\"@type\":\"PropertyValueSpecification\",\"valueRequired\":true,\"valueName\":\"search_term_string\"}}],\"inLanguage\":\"en-US\"},{\"@type\":\"Organization\",\"@id\":\"https:\/\/www.ict-toulouse.fr\/en\/#organization\",\"name\":\"ICT-Toulouse\",\"url\":\"https:\/\/www.ict-toulouse.fr\/en\/\",\"logo\":{\"@type\":\"ImageObject\",\"inLanguage\":\"en-US\",\"@id\":\"https:\/\/www.ict-toulouse.fr\/en\/#\/schema\/logo\/image\/\",\"url\":\"https:\/\/www.ict-toulouse.fr\/wp-content\/uploads\/2025\/05\/cropped-Logo-ICT-GENERIQUE-RESERVE-sans-fond.png\",\"contentUrl\":\"https:\/\/www.ict-toulouse.fr\/wp-content\/uploads\/2025\/05\/cropped-Logo-ICT-GENERIQUE-RESERVE-sans-fond.png\",\"width\":464,\"height\":250,\"caption\":\"ICT-Toulouse\"},\"image\":{\"@id\":\"https:\/\/www.ict-toulouse.fr\/en\/#\/schema\/logo\/image\/\"}}]}<\/script>\n<!-- \/ Yoast SEO plugin. -->","yoast_head_json":{"title":"Nos programmes d\u2019\u00e9change - Institut Catholique de Toulouse","description":"Etudiants de l\u2019ICT, partez en mobilit\u00e9 dans un autre pays de l\u2019Union Europ\u00e9enne gr\u00e2ce au programme Erasmus+ et aux accords de coop\u00e9ration.","robots":{"index":"index","follow":"follow","max-snippet":"max-snippet:-1","max-image-preview":"max-image-preview:large","max-video-preview":"max-video-preview:-1"},"canonical":"https:\/\/www.ict-toulouse.fr\/en\/etudier-a-linternational\/nos-programmes-dechange\/","og_locale":"en_US","og_type":"article","og_title":"Nos programmes d\u2019\u00e9change - Institut Catholique de Toulouse","og_description":"Etudiants de l\u2019ICT, partez en mobilit\u00e9 dans un autre pays de l\u2019Union Europ\u00e9enne gr\u00e2ce au programme Erasmus+ et aux accords de coop\u00e9ration.","og_url":"https:\/\/www.ict-toulouse.fr\/en\/etudier-a-linternational\/nos-programmes-dechange\/","og_site_name":"Institut Catholique de Toulouse","article_modified_time":"2025-03-17T15:27:25+00:00","twitter_card":"summary_large_image","twitter_misc":{"Est. reading time":"5 minutes"},"schema":{"@context":"https:\/\/schema.org","@graph":[{"@type":"WebPage","@id":"https:\/\/www.ict-toulouse.fr\/en\/etudier-a-linternational\/nos-programmes-dechange\/","url":"https:\/\/www.ict-toulouse.fr\/en\/etudier-a-linternational\/nos-programmes-dechange\/","name":"Nos programmes d\u2019\u00e9change - Institut Catholique de Toulouse","isPartOf":{"@id":"https:\/\/www.ict-toulouse.fr\/en\/#website"},"primaryImageOfPage":{"@id":"https:\/\/www.ict-toulouse.fr\/en\/etudier-a-linternational\/nos-programmes-dechange\/#primaryimage"},"image":{"@id":"https:\/\/www.ict-toulouse.fr\/en\/etudier-a-linternational\/nos-programmes-dechange\/#primaryimage"},"thumbnailUrl":"https:\/\/www.ict-toulouse.fr\/wp-content\/uploads\/2024\/07\/ICT-202882-leonXIII-10.png","datePublished":"2024-07-19T11:39:03+00:00","dateModified":"2025-03-17T15:27:25+00:00","description":"Etudiants de l\u2019ICT, partez en mobilit\u00e9 dans un autre pays de l\u2019Union Europ\u00e9enne gr\u00e2ce au programme Erasmus+ et aux accords de coop\u00e9ration.","breadcrumb":{"@id":"https:\/\/www.ict-toulouse.fr\/en\/etudier-a-linternational\/nos-programmes-dechange\/#breadcrumb"},"inLanguage":"en-US","potentialAction":[{"@type":"ReadAction","target":["https:\/\/www.ict-toulouse.fr\/en\/etudier-a-linternational\/nos-programmes-dechange\/"]}]},{"@type":"ImageObject","inLanguage":"en-US","@id":"https:\/\/www.ict-toulouse.fr\/en\/etudier-a-linternational\/nos-programmes-dechange\/#primaryimage","url":"https:\/\/www.ict-toulouse.fr\/wp-content\/uploads\/2024\/07\/ICT-202882-leonXIII-10.png","contentUrl":"https:\/\/www.ict-toulouse.fr\/wp-content\/uploads\/2024\/07\/ICT-202882-leonXIII-10.png"},{"@type":"BreadcrumbList","@id":"https:\/\/www.ict-toulouse.fr\/en\/etudier-a-linternational\/nos-programmes-dechange\/#breadcrumb","itemListElement":[{"@type":"ListItem","position":1,"name":"Accueil","item":"https:\/\/www.ict-toulouse.fr\/en\/"},{"@type":"ListItem","position":2,"name":"Nos programmes d\u2019\u00e9change"}]},{"@type":"WebSite","@id":"https:\/\/www.ict-toulouse.fr\/en\/#website","url":"https:\/\/www.ict-toulouse.fr\/en\/","name":"Institut Catholique de Toulouse","description":"","publisher":{"@id":"https:\/\/www.ict-toulouse.fr\/en\/#organization"},"alternateName":"ICT-Toulouse","potentialAction":[{"@type":"SearchAction","target":{"@type":"EntryPoint","urlTemplate":"https:\/\/www.ict-toulouse.fr\/en\/?s={search_term_string}"},"query-input":{"@type":"PropertyValueSpecification","valueRequired":true,"valueName":"search_term_string"}}],"inLanguage":"en-US"},{"@type":"Organization","@id":"https:\/\/www.ict-toulouse.fr\/en\/#organization","name":"ICT-Toulouse","url":"https:\/\/www.ict-toulouse.fr\/en\/","logo":{"@type":"ImageObject","inLanguage":"en-US","@id":"https:\/\/www.ict-toulouse.fr\/en\/#\/schema\/logo\/image\/","url":"https:\/\/www.ict-toulouse.fr\/wp-content\/uploads\/2025\/05\/cropped-Logo-ICT-GENERIQUE-RESERVE-sans-fond.png","contentUrl":"https:\/\/www.ict-toulouse.fr\/wp-content\/uploads\/2025\/05\/cropped-Logo-ICT-GENERIQUE-RESERVE-sans-fond.png","width":464,"height":250,"caption":"ICT-Toulouse"},"image":{"@id":"https:\/\/www.ict-toulouse.fr\/en\/#\/schema\/logo\/image\/"}}]}},"_links":{"self":[{"href":"https:\/\/www.ict-toulouse.fr\/en\/wp-json\/wp\/v2\/etudier_a_letranger\/2439","targetHints":{"allow":["GET"]}}],"collection":[{"href":"https:\/\/www.ict-toulouse.fr\/en\/wp-json\/wp\/v2\/etudier_a_letranger"}],"about":[{"href":"https:\/\/www.ict-toulouse.fr\/en\/wp-json\/wp\/v2\/types\/etudier_a_letranger"}],"version-history":[{"count":384,"href":"https:\/\/www.ict-toulouse.fr\/en\/wp-json\/wp\/v2\/etudier_a_letranger\/2439\/revisions"}],"predecessor-version":[{"id":28264,"href":"https:\/\/www.ict-toulouse.fr\/en\/wp-json\/wp\/v2\/etudier_a_letranger\/2439\/revisions\/28264"}],"wp:attachment":[{"href":"https:\/\/www.ict-toulouse.fr\/en\/wp-json\/wp\/v2\/media?parent=2439"}],"curies":[{"name":"wp","href":"https:\/\/api.w.org\/{rel}","templated":true}]}}